{"id":616,"date":"2021-02-17T14:16:32","date_gmt":"2021-02-17T14:16:32","guid":{"rendered":"https:\/\/landeskrone.eu\/?page_id=616"},"modified":"2023-10-30T22:47:22","modified_gmt":"2023-10-30T22:47:22","slug":"home","status":"publish","type":"page","link":"https:\/\/landeskrone.eu\/","title":{"rendered":"Home"},"content":{"rendered":"\t\t<div data-elementor-type=\"wp-page\" data-elementor-id=\"616\" class=\"elementor elementor-616\">\n\t\t\t\t\t\t\t\t\t<section class=\"elementor-section elementor-top-section elementor-element elementor-element-19619ad elementor-hidden-desktop elementor-hidden-mobile elementor-section-boxed elementor-section-height-default elementor-section-height-default\" data-id=\"19619ad\" data-element_type=\"section\" data-settings=\"{&quot;background_background&quot;:&quot;classic&quot;}\">\n\t\t\t\t\t\t\t<div class=\"elementor-background-overlay\"><\/div>\n\t\t\t\t\t\t\t<div class=\"elementor-container elementor-column-gap-no\">\n\t\t\t\t\t<div class=\"elementor-column elementor-col-50 elementor-top-column elementor-element elementor-element-3028c2f\" data-id=\"3028c2f\" data-element_type=\"column\">\n\t\t\t<div class=\"elementor-widget-wrap elementor-element-populated\">\n\t\t\t\t\t\t\t\t<div class=\"elementor-element elementor-element-85c0091 e-transform elementor-invisible elementor-widget elementor-widget-image\" data-id=\"85c0091\" data-element_type=\"widget\" data-settings=\"{&quot;_transform_scale_effect&quot;:{&quot;unit&quot;:&quot;px&quot;,&quot;size&quot;:1,&quot;sizes&quot;:[]},&quot;_animation&quot;:&quot;zoomIn&quot;,&quot;_transform_scale_effect_tablet&quot;:{&quot;unit&quot;:&quot;px&quot;,&quot;size&quot;:&quot;&quot;,&quot;sizes&quot;:[]},&quot;_transform_scale_effect_mobile&quot;:{&quot;unit&quot;:&quot;px&quot;,&quot;size&quot;:&quot;&quot;,&quot;sizes&quot;:[]}}\" data-widget_type=\"image.default\">\n\t\t\t\t<div class=\"elementor-widget-container\">\n\t\t\t<style>\/*! elementor - v3.12.1 - 02-04-2023 *\/\n.elementor-widget-image{text-align:center}.elementor-widget-image a{display:inline-block}.elementor-widget-image a img[src$=\".svg\"]{width:48px}.elementor-widget-image img{vertical-align:middle;display:inline-block}<\/style>\t\t\t\t\t\t\t\t\t\t\t\t<img decoding=\"async\" width=\"359\" height=\"177\" src=\"https:\/\/landeskrone.eu\/wp-content\/uploads\/2023\/04\/logofooter.png\" class=\"attachment-large size-large wp-image-1029\" alt=\"\" loading=\"lazy\" srcset=\"https:\/\/landeskrone.eu\/wp-content\/uploads\/2023\/04\/logofooter.png 359w, https:\/\/landeskrone.eu\/wp-content\/uploads\/2023\/04\/logofooter-300x148.png 300w\" sizes=\"(max-width: 359px) 100vw, 359px\" \/>\t\t\t\t\t\t\t\t\t\t\t\t\t\t\t<\/div>\n\t\t\t\t<\/div>\n\t\t\t\t<div class=\"elementor-element elementor-element-8331bdc elementor-invisible elementor-widget elementor-widget-heading\" data-id=\"8331bdc\" data-element_type=\"widget\" data-settings=\"{&quot;_animation&quot;:&quot;fadeIn&quot;}\" data-widget_type=\"heading.default\">\n\t\t\t\t<div class=\"elementor-widget-container\">\n\t\t\t<style>\/*! elementor - v3.12.1 - 02-04-2023 *\/\n.elementor-heading-title{padding:0;margin:0;line-height:1}.elementor-widget-heading .elementor-heading-title[class*=elementor-size-]>a{color:inherit;font-size:inherit;line-height:inherit}.elementor-widget-heading .elementor-heading-title.elementor-size-small{font-size:15px}.elementor-widget-heading .elementor-heading-title.elementor-size-medium{font-size:19px}.elementor-widget-heading .elementor-heading-title.elementor-size-large{font-size:29px}.elementor-widget-heading .elementor-heading-title.elementor-size-xl{font-size:39px}.elementor-widget-heading .elementor-heading-title.elementor-size-xxl{font-size:59px}<\/style><h6 class=\"elementor-heading-title elementor-size-default\">WIARYGODNY PARTNER W INWESTYCJACH<\/h6>\t\t<\/div>\n\t\t\t\t<\/div>\n\t\t\t\t<section class=\"elementor-section elementor-inner-section elementor-element elementor-element-9857d7c elementor-section-content-middle elementor-section-boxed elementor-section-height-default elementor-section-height-default\" data-id=\"9857d7c\" data-element_type=\"section\">\n\t\t\t\t\t\t<div class=\"elementor-container elementor-column-gap-no\">\n\t\t\t\t\t<div class=\"elementor-column elementor-col-50 elementor-inner-column elementor-element elementor-element-91aa72c\" data-id=\"91aa72c\" data-element_type=\"column\">\n\t\t\t<div class=\"elementor-widget-wrap elementor-element-populated\">\n\t\t\t\t\t\t\t\t<div class=\"elementor-element elementor-element-3a7c1ce elementor-widget elementor-widget-counter\" data-id=\"3a7c1ce\" data-element_type=\"widget\" data-widget_type=\"counter.default\">\n\t\t\t\t<div class=\"elementor-widget-container\">\n\t\t\t<style>\/*! elementor - v3.12.1 - 02-04-2023 *\/\n.elementor-counter .elementor-counter-number-wrapper{display:flex;font-size:69px;font-weight:600;line-height:1}.elementor-counter .elementor-counter-number-prefix,.elementor-counter .elementor-counter-number-suffix{flex-grow:1;white-space:pre-wrap}.elementor-counter .elementor-counter-number-prefix{text-align:right}.elementor-counter .elementor-counter-number-suffix{text-align:left}.elementor-counter .elementor-counter-title{text-align:center;font-size:19px;font-weight:400;line-height:2.5}<\/style>\t\t<div class=\"elementor-counter\">\n\t\t\t<div class=\"elementor-counter-number-wrapper\">\n\t\t\t\t<span class=\"elementor-counter-number-prefix\"><\/span>\n\t\t\t\t<span class=\"elementor-counter-number\" data-duration=\"2000\" data-to-value=\"20\" data-from-value=\"0\">0<\/span>\n\t\t\t\t<span class=\"elementor-counter-number-suffix\"><\/span>\n\t\t\t<\/div>\n\t\t\t\t\t<\/div>\n\t\t\t\t<\/div>\n\t\t\t\t<\/div>\n\t\t\t\t\t<\/div>\n\t\t<\/div>\n\t\t\t\t<div class=\"elementor-column elementor-col-50 elementor-inner-column elementor-element elementor-element-ad7b91d\" data-id=\"ad7b91d\" data-element_type=\"column\">\n\t\t\t<div class=\"elementor-widget-wrap elementor-element-populated\">\n\t\t\t\t\t\t\t\t<div class=\"elementor-element elementor-element-7bcdda9 elementor-widget__width-initial elementor-widget elementor-widget-heading\" data-id=\"7bcdda9\" data-element_type=\"widget\" data-widget_type=\"heading.default\">\n\t\t\t\t<div class=\"elementor-widget-container\">\n\t\t\t<div class=\"elementor-heading-title elementor-size-default\">lat do\u015bwiadczenia<\/div>\t\t<\/div>\n\t\t\t\t<\/div>\n\t\t\t\t\t<\/div>\n\t\t<\/div>\n\t\t\t\t\t\t\t<\/div>\n\t\t<\/section>\n\t\t\t\t<div class=\"elementor-element elementor-element-fffd983 elementor-widget elementor-widget-heading\" data-id=\"fffd983\" data-element_type=\"widget\" data-widget_type=\"heading.default\">\n\t\t\t\t<div class=\"elementor-widget-container\">\n\t\t\t<h4 class=\"elementor-heading-title elementor-size-default\">Ekskluzywne nieruchomo\u015bci<\/h4>\t\t<\/div>\n\t\t\t\t<\/div>\n\t\t\t\t<div class=\"elementor-element elementor-element-153b77b elementor-widget elementor-widget-text-editor\" data-id=\"153b77b\" data-element_type=\"widget\" data-widget_type=\"text-editor.default\">\n\t\t\t\t<div class=\"elementor-widget-container\">\n\t\t\t<style>\/*! elementor - v3.12.1 - 02-04-2023 *\/\n.elementor-widget-text-editor.elementor-drop-cap-view-stacked .elementor-drop-cap{background-color:#69727d;color:#fff}.elementor-widget-text-editor.elementor-drop-cap-view-framed .elementor-drop-cap{color:#69727d;border:3px solid;background-color:transparent}.elementor-widget-text-editor:not(.elementor-drop-cap-view-default) .elementor-drop-cap{margin-top:8px}.elementor-widget-text-editor:not(.elementor-drop-cap-view-default) .elementor-drop-cap-letter{width:1em;height:1em}.elementor-widget-text-editor .elementor-drop-cap{float:left;text-align:center;line-height:1;font-size:50px}.elementor-widget-text-editor .elementor-drop-cap-letter{display:inline-block}<\/style>\t\t\t\t<p>oferta premium powierzchni mieszkalnych oraz biurowych,\u00a0<br \/><span style=\"font-style: inherit; font-weight: inherit; color: var( --e-global-color-astglobalcolor6 );\">na wynajem oraz sprzeda\u017c<\/span><\/p>\t\t\t\t\t\t<\/div>\n\t\t\t\t<\/div>\n\t\t\t\t\t<\/div>\n\t\t<\/div>\n\t\t\t\t<div class=\"elementor-column elementor-col-50 elementor-top-column elementor-element elementor-element-60c9164\" data-id=\"60c9164\" data-element_type=\"column\">\n\t\t\t<div class=\"elementor-widget-wrap\">\n\t\t\t\t\t\t\t\t\t<\/div>\n\t\t<\/div>\n\t\t\t\t\t\t\t<\/div>\n\t\t<\/section>\n\t\t\t\t<section class=\"elementor-section elementor-top-section elementor-element elementor-element-a728fc2 elementor-hidden-tablet elementor-section-boxed elementor-section-height-default elementor-section-height-default\" data-id=\"a728fc2\" data-element_type=\"section\" data-settings=\"{&quot;background_background&quot;:&quot;classic&quot;}\">\n\t\t\t\t\t\t\t<div class=\"elementor-background-overlay\"><\/div>\n\t\t\t\t\t\t\t<div class=\"elementor-container elementor-column-gap-no\">\n\t\t\t\t\t<div class=\"elementor-column elementor-col-50 elementor-top-column elementor-element elementor-element-73263d8\" data-id=\"73263d8\" data-element_type=\"column\">\n\t\t\t<div class=\"elementor-widget-wrap elementor-element-populated\">\n\t\t\t\t\t\t\t\t<div class=\"elementor-element elementor-element-c20df22 e-transform elementor-invisible elementor-widget elementor-widget-image\" data-id=\"c20df22\" data-element_type=\"widget\" data-settings=\"{&quot;_transform_scale_effect&quot;:{&quot;unit&quot;:&quot;px&quot;,&quot;size&quot;:1,&quot;sizes&quot;:[]},&quot;_animation&quot;:&quot;zoomIn&quot;,&quot;_transform_scale_effect_tablet&quot;:{&quot;unit&quot;:&quot;px&quot;,&quot;size&quot;:&quot;&quot;,&quot;sizes&quot;:[]},&quot;_transform_scale_effect_mobile&quot;:{&quot;unit&quot;:&quot;px&quot;,&quot;size&quot;:&quot;&quot;,&quot;sizes&quot;:[]}}\" data-widget_type=\"image.default\">\n\t\t\t\t<div class=\"elementor-widget-container\">\n\t\t\t\t\t\t\t\t\t\t\t\t\t\t\t<img decoding=\"async\" width=\"359\" height=\"177\" src=\"https:\/\/landeskrone.eu\/wp-content\/uploads\/2023\/04\/logofooter.png\" class=\"attachment-large size-large wp-image-1029\" alt=\"\" loading=\"lazy\" srcset=\"https:\/\/landeskrone.eu\/wp-content\/uploads\/2023\/04\/logofooter.png 359w, https:\/\/landeskrone.eu\/wp-content\/uploads\/2023\/04\/logofooter-300x148.png 300w\" sizes=\"(max-width: 359px) 100vw, 359px\" \/>\t\t\t\t\t\t\t\t\t\t\t\t\t\t\t<\/div>\n\t\t\t\t<\/div>\n\t\t\t\t<div class=\"elementor-element elementor-element-61746fa elementor-invisible elementor-widget elementor-widget-heading\" data-id=\"61746fa\" data-element_type=\"widget\" data-settings=\"{&quot;_animation&quot;:&quot;fadeIn&quot;}\" data-widget_type=\"heading.default\">\n\t\t\t\t<div class=\"elementor-widget-container\">\n\t\t\t<h6 class=\"elementor-heading-title elementor-size-default\">WIARYGODNY PARTNER W INWESTYCJACH<\/h6>\t\t<\/div>\n\t\t\t\t<\/div>\n\t\t\t\t<section class=\"elementor-section elementor-inner-section elementor-element elementor-element-d385aae elementor-section-content-middle elementor-section-boxed elementor-section-height-default elementor-section-height-default\" data-id=\"d385aae\" data-element_type=\"section\">\n\t\t\t\t\t\t<div class=\"elementor-container elementor-column-gap-no\">\n\t\t\t\t\t<div class=\"elementor-column elementor-col-50 elementor-inner-column elementor-element elementor-element-8159746\" data-id=\"8159746\" data-element_type=\"column\">\n\t\t\t<div class=\"elementor-widget-wrap elementor-element-populated\">\n\t\t\t\t\t\t\t\t<div class=\"elementor-element elementor-element-b19ea5c elementor-widget elementor-widget-counter\" data-id=\"b19ea5c\" data-element_type=\"widget\" data-widget_type=\"counter.default\">\n\t\t\t\t<div class=\"elementor-widget-container\">\n\t\t\t\t\t<div class=\"elementor-counter\">\n\t\t\t<div class=\"elementor-counter-number-wrapper\">\n\t\t\t\t<span class=\"elementor-counter-number-prefix\"><\/span>\n\t\t\t\t<span class=\"elementor-counter-number\" data-duration=\"2000\" data-to-value=\"20\" data-from-value=\"0\">0<\/span>\n\t\t\t\t<span class=\"elementor-counter-number-suffix\"><\/span>\n\t\t\t<\/div>\n\t\t\t\t\t<\/div>\n\t\t\t\t<\/div>\n\t\t\t\t<\/div>\n\t\t\t\t\t<\/div>\n\t\t<\/div>\n\t\t\t\t<div class=\"elementor-column elementor-col-50 elementor-inner-column elementor-element elementor-element-635d1ca\" data-id=\"635d1ca\" data-element_type=\"column\">\n\t\t\t<div class=\"elementor-widget-wrap elementor-element-populated\">\n\t\t\t\t\t\t\t\t<div class=\"elementor-element elementor-element-a68ef2e elementor-widget__width-initial elementor-widget elementor-widget-heading\" data-id=\"a68ef2e\" data-element_type=\"widget\" data-widget_type=\"heading.default\">\n\t\t\t\t<div class=\"elementor-widget-container\">\n\t\t\t<div class=\"elementor-heading-title elementor-size-default\">lat do\u015bwiadczenia<\/div>\t\t<\/div>\n\t\t\t\t<\/div>\n\t\t\t\t\t<\/div>\n\t\t<\/div>\n\t\t\t\t\t\t\t<\/div>\n\t\t<\/section>\n\t\t\t\t<div class=\"elementor-element elementor-element-8946469 elementor-widget elementor-widget-heading\" data-id=\"8946469\" data-element_type=\"widget\" data-widget_type=\"heading.default\">\n\t\t\t\t<div class=\"elementor-widget-container\">\n\t\t\t<h4 class=\"elementor-heading-title elementor-size-default\">Ekskluzywne nieruchomo\u015bci<\/h4>\t\t<\/div>\n\t\t\t\t<\/div>\n\t\t\t\t<div class=\"elementor-element elementor-element-18cb6e6 elementor-widget elementor-widget-text-editor\" data-id=\"18cb6e6\" data-element_type=\"widget\" data-widget_type=\"text-editor.default\">\n\t\t\t\t<div class=\"elementor-widget-container\">\n\t\t\t\t\t\t\t<p>oferta premium powierzchni mieszkalnych oraz biurowych,\u00a0<br \/><span style=\"font-style: inherit; font-weight: inherit; color: var( --e-global-color-astglobalcolor6 );\">na wynajem oraz sprzeda\u017c<\/span><\/p>\t\t\t\t\t\t<\/div>\n\t\t\t\t<\/div>\n\t\t\t\t\t<\/div>\n\t\t<\/div>\n\t\t\t\t<div class=\"elementor-column elementor-col-50 elementor-top-column elementor-element elementor-element-7ec847d\" data-id=\"7ec847d\" data-element_type=\"column\">\n\t\t\t<div class=\"elementor-widget-wrap\">\n\t\t\t\t\t\t\t\t\t<\/div>\n\t\t<\/div>\n\t\t\t\t\t\t\t<\/div>\n\t\t<\/section>\n\t\t\t\t<section class=\"elementor-section elementor-top-section elementor-element elementor-element-9d31316 elementor-section-boxed elementor-section-height-default elementor-section-height-default\" data-id=\"9d31316\" data-element_type=\"section\" data-settings=\"{&quot;background_background&quot;:&quot;classic&quot;}\">\n\t\t\t\t\t\t\t<div class=\"elementor-background-overlay\"><\/div>\n\t\t\t\t\t\t\t<div class=\"elementor-container elementor-column-gap-no\">\n\t\t\t\t\t<div class=\"elementor-column elementor-col-100 elementor-top-column elementor-element elementor-element-c73bebc\" data-id=\"c73bebc\" data-element_type=\"column\">\n\t\t\t<div class=\"elementor-widget-wrap elementor-element-populated\">\n\t\t\t\t\t\t\t\t<div class=\"elementor-element elementor-element-0845db5 e-transform elementor-widget elementor-widget-menu-anchor\" data-id=\"0845db5\" data-element_type=\"widget\" data-settings=\"{&quot;_transform_translateX_effect&quot;:{&quot;unit&quot;:&quot;px&quot;,&quot;size&quot;:&quot;&quot;,&quot;sizes&quot;:[]},&quot;_transform_translateX_effect_tablet&quot;:{&quot;unit&quot;:&quot;px&quot;,&quot;size&quot;:&quot;&quot;,&quot;sizes&quot;:[]},&quot;_transform_translateX_effect_mobile&quot;:{&quot;unit&quot;:&quot;px&quot;,&quot;size&quot;:&quot;&quot;,&quot;sizes&quot;:[]},&quot;_transform_translateY_effect&quot;:{&quot;unit&quot;:&quot;px&quot;,&quot;size&quot;:&quot;&quot;,&quot;sizes&quot;:[]},&quot;_transform_translateY_effect_tablet&quot;:{&quot;unit&quot;:&quot;px&quot;,&quot;size&quot;:&quot;&quot;,&quot;sizes&quot;:[]},&quot;_transform_translateY_effect_mobile&quot;:{&quot;unit&quot;:&quot;px&quot;,&quot;size&quot;:&quot;&quot;,&quot;sizes&quot;:[]}}\" data-widget_type=\"menu-anchor.default\">\n\t\t\t\t<div class=\"elementor-widget-container\">\n\t\t\t<style>\/*! elementor - v3.12.1 - 02-04-2023 *\/\nbody.elementor-page .elementor-widget-menu-anchor{margin-bottom:0}<\/style>\t\t<div id=\"poznaj\" class=\"elementor-menu-anchor\"><\/div>\n\t\t\t\t<\/div>\n\t\t\t\t<\/div>\n\t\t\t\t<div class=\"elementor-element elementor-element-3e534ea elementor-widget elementor-widget-heading\" data-id=\"3e534ea\" data-element_type=\"widget\" data-widget_type=\"heading.default\">\n\t\t\t\t<div class=\"elementor-widget-container\">\n\t\t\t<h2 class=\"elementor-heading-title elementor-size-default\">Grupa LANDESKRONE<\/h2>\t\t<\/div>\n\t\t\t\t<\/div>\n\t\t\t\t<div class=\"elementor-element elementor-element-c083ca4 elementor-widget elementor-widget-text-editor\" data-id=\"c083ca4\" data-element_type=\"widget\" data-widget_type=\"text-editor.default\">\n\t\t\t\t<div class=\"elementor-widget-container\">\n\t\t\t\t\t\t\t<p>Landeskrone stanowi grup\u0119 sp\u00f3\u0142ek odnosz\u0105cych sukcesy w bran\u017cy nieruchomo\u015bci, posiadaj\u0105cych bogate, wieloletnie do\u015bwiadczenie na rynku developerskim, czego dowodem s\u0105 zrealizowane projekty, najwy\u017csza jako\u015b\u0107 \u015bwiadczonych us\u0142ug oraz satysfakcja klient\u00f3w. G\u0142\u00f3wnym celem Landeskrone jest budowa nowych oraz przebudowa istniej\u0105cych obiekt\u00f3w mieszkalnych i us\u0142ugowych przeznaczonych dla najbardziej wymagaj\u0105cych klient\u00f3w polskich i zagranicznych. Landeskrone wykonuje kompleksowe prace developerskie w posiadanych obiektach, obejmuj\u0105c ca\u0142o\u015b\u0107 procesu inwestycyjnego tj. od zakupu nieruchomo\u015bci, przez jej zabudow\u0119 b\u0105d\u017a przebudow\u0119 a\u017c po sprzeda\u017c w pe\u0142ni wyposa\u017conych apartament\u00f3w lub wynajem powierzchni biurowych i us\u0142ugowych.<\/p>\t\t\t\t\t\t<\/div>\n\t\t\t\t<\/div>\n\t\t\t\t<section class=\"elementor-section elementor-inner-section elementor-element elementor-element-87a9e17 elementor-section-full_width elementor-section-height-default elementor-section-height-default\" data-id=\"87a9e17\" data-element_type=\"section\">\n\t\t\t\t\t\t<div class=\"elementor-container elementor-column-gap-no\">\n\t\t\t\t\t<div class=\"elementor-column elementor-col-50 elementor-inner-column elementor-element elementor-element-e5c84e1\" data-id=\"e5c84e1\" data-element_type=\"column\">\n\t\t\t<div class=\"elementor-widget-wrap elementor-element-populated\">\n\t\t\t\t\t\t\t\t<div class=\"elementor-element elementor-element-fafa822 elementor-widget elementor-widget-image\" data-id=\"fafa822\" data-element_type=\"widget\" data-widget_type=\"image.default\">\n\t\t\t\t<div class=\"elementor-widget-container\">\n\t\t\t\t\t\t\t\t\t\t\t\t\t\t\t<img decoding=\"async\" width=\"179\" height=\"86\" src=\"https:\/\/landeskrone.eu\/wp-content\/uploads\/2023\/04\/logofundmini.jpg\" class=\"attachment-full size-full wp-image-967\" alt=\"\" loading=\"lazy\" \/>\t\t\t\t\t\t\t\t\t\t\t\t\t\t\t<\/div>\n\t\t\t\t<\/div>\n\t\t\t\t<div class=\"elementor-element elementor-element-4d403da elementor-widget elementor-widget-menu-anchor\" data-id=\"4d403da\" data-element_type=\"widget\" data-widget_type=\"menu-anchor.default\">\n\t\t\t\t<div class=\"elementor-widget-container\">\n\t\t\t\t\t<div id=\"inwestycje\" class=\"elementor-menu-anchor\"><\/div>\n\t\t\t\t<\/div>\n\t\t\t\t<\/div>\n\t\t\t\t\t<\/div>\n\t\t<\/div>\n\t\t\t\t<div class=\"elementor-column elementor-col-50 elementor-inner-column elementor-element elementor-element-a209be1\" data-id=\"a209be1\" data-element_type=\"column\">\n\t\t\t<div class=\"elementor-widget-wrap elementor-element-populated\">\n\t\t\t\t\t\t\t\t<div class=\"elementor-element elementor-element-9489a85 elementor-widget elementor-widget-image\" data-id=\"9489a85\" data-element_type=\"widget\" data-widget_type=\"image.default\">\n\t\t\t\t<div class=\"elementor-widget-container\">\n\t\t\t\t\t\t\t\t\t\t\t\t\t\t\t<img decoding=\"async\" width=\"179\" height=\"86\" src=\"https:\/\/landeskrone.eu\/wp-content\/uploads\/2023\/04\/landegrey.png\" class=\"attachment-full size-full wp-image-1197\" alt=\"\" loading=\"lazy\" \/>\t\t\t\t\t\t\t\t\t\t\t\t\t\t\t<\/div>\n\t\t\t\t<\/div>\n\t\t\t\t\t<\/div>\n\t\t<\/div>\n\t\t\t\t\t\t\t<\/div>\n\t\t<\/section>\n\t\t\t\t\t<\/div>\n\t\t<\/div>\n\t\t\t\t\t\t\t<\/div>\n\t\t<\/section>\n\t\t\t\t<section class=\"elementor-section elementor-top-section elementor-element elementor-element-d61c04f elementor-section-boxed elementor-section-height-default elementor-section-height-default\" data-id=\"d61c04f\" data-element_type=\"section\" data-settings=\"{&quot;background_background&quot;:&quot;classic&quot;}\">\n\t\t\t\t\t\t<div class=\"elementor-container elementor-column-gap-default\">\n\t\t\t\t\t<div class=\"elementor-column elementor-col-100 elementor-top-column elementor-element elementor-element-93a3080\" data-id=\"93a3080\" data-element_type=\"column\">\n\t\t\t<div class=\"elementor-widget-wrap elementor-element-populated\">\n\t\t\t\t\t\t\t\t<div class=\"elementor-element elementor-element-8e07acc elementor-widget elementor-widget-heading\" data-id=\"8e07acc\" data-element_type=\"widget\" data-widget_type=\"heading.default\">\n\t\t\t\t<div class=\"elementor-widget-container\">\n\t\t\t<h2 class=\"elementor-heading-title elementor-size-default\">NASZE INWESTYCJE<\/h2>\t\t<\/div>\n\t\t\t\t<\/div>\n\t\t\t\t\t<\/div>\n\t\t<\/div>\n\t\t\t\t\t\t\t<\/div>\n\t\t<\/section>\n\t\t\t\t<section class=\"elementor-section elementor-top-section elementor-element elementor-element-68c00fb elementor-section-content-middle elementor-reverse-tablet elementor-hidden-desktop elementor-section-boxed elementor-section-height-default elementor-section-height-default\" data-id=\"68c00fb\" data-element_type=\"section\" data-settings=\"{&quot;background_background&quot;:&quot;classic&quot;}\">\n\t\t\t\t\t\t<div class=\"elementor-container elementor-column-gap-no\">\n\t\t\t\t\t<div class=\"elementor-column elementor-col-50 elementor-top-column elementor-element elementor-element-75a5332\" data-id=\"75a5332\" data-element_type=\"column\">\n\t\t\t<div class=\"elementor-widget-wrap elementor-element-populated\">\n\t\t\t\t\t\t\t\t<div class=\"elementor-element elementor-element-8f41512 elementor-widget__width-initial elementor-widget elementor-widget-image\" data-id=\"8f41512\" data-element_type=\"widget\" data-widget_type=\"image.default\">\n\t\t\t\t<div class=\"elementor-widget-container\">\n\t\t\t\t\t\t\t\t\t\t\t\t\t\t\t<img decoding=\"async\" width=\"805\" height=\"600\" src=\"https:\/\/landeskrone.eu\/wp-content\/uploads\/2023\/05\/villabotanica.jpg\" class=\"attachment-full size-full wp-image-1325\" alt=\"\" loading=\"lazy\" srcset=\"https:\/\/landeskrone.eu\/wp-content\/uploads\/2023\/05\/villabotanica.jpg 805w, https:\/\/landeskrone.eu\/wp-content\/uploads\/2023\/05\/villabotanica-300x224.jpg 300w, https:\/\/landeskrone.eu\/wp-content\/uploads\/2023\/05\/villabotanica-768x572.jpg 768w\" sizes=\"(max-width: 805px) 100vw, 805px\" \/>\t\t\t\t\t\t\t\t\t\t\t\t\t\t\t<\/div>\n\t\t\t\t<\/div>\n\t\t\t\t<div class=\"elementor-element elementor-element-0d444f5 elementor-widget elementor-widget-image\" data-id=\"0d444f5\" data-element_type=\"widget\" data-widget_type=\"image.default\">\n\t\t\t\t<div class=\"elementor-widget-container\">\n\t\t\t\t\t\t\t\t\t\t\t\t\t\t\t<img decoding=\"async\" width=\"928\" height=\"600\" src=\"https:\/\/landeskrone.eu\/wp-content\/uploads\/2023\/06\/s.jpg\" class=\"attachment-large size-large wp-image-1363\" alt=\"\" loading=\"lazy\" srcset=\"https:\/\/landeskrone.eu\/wp-content\/uploads\/2023\/06\/s.jpg 928w, https:\/\/landeskrone.eu\/wp-content\/uploads\/2023\/06\/s-300x194.jpg 300w, https:\/\/landeskrone.eu\/wp-content\/uploads\/2023\/06\/s-768x497.jpg 768w\" sizes=\"(max-width: 928px) 100vw, 928px\" \/>\t\t\t\t\t\t\t\t\t\t\t\t\t\t\t<\/div>\n\t\t\t\t<\/div>\n\t\t\t\t\t<\/div>\n\t\t<\/div>\n\t\t\t\t<div class=\"elementor-column elementor-col-50 elementor-top-column elementor-element elementor-element-d72ae25\" data-id=\"d72ae25\" data-element_type=\"column\">\n\t\t\t<div class=\"elementor-widget-wrap elementor-element-populated\">\n\t\t\t\t\t\t\t\t<div class=\"elementor-element elementor-element-304e02d elementor-widget__width-inherit elementor-widget elementor-widget-heading\" data-id=\"304e02d\" data-element_type=\"widget\" data-widget_type=\"heading.default\">\n\t\t\t\t<div class=\"elementor-widget-container\">\n\t\t\t<h6 class=\"elementor-heading-title elementor-size-default\">W trakcie realizacji<\/h6>\t\t<\/div>\n\t\t\t\t<\/div>\n\t\t\t\t<div class=\"elementor-element elementor-element-b34c3ea elementor-widget__width-initial elementor-widget elementor-widget-heading\" data-id=\"b34c3ea\" data-element_type=\"widget\" data-widget_type=\"heading.default\">\n\t\t\t\t<div class=\"elementor-widget-container\">\n\t\t\t<h2 class=\"elementor-heading-title elementor-size-default\">Villa Botanica<\/h2>\t\t<\/div>\n\t\t\t\t<\/div>\n\t\t\t\t<div class=\"elementor-element elementor-element-24af7f4 elementor-widget elementor-widget-text-editor\" data-id=\"24af7f4\" data-element_type=\"widget\" data-widget_type=\"text-editor.default\">\n\t\t\t\t<div class=\"elementor-widget-container\">\n\t\t\t\t\t\t\t<p>Nowoczesne oblicze luksusowej nieruchomo\u015bci. Ekskluzywne apartamenty oraz wyj\u0105tkowy design budynku \u0142\u0105cz\u0105 w sobie natur\u0119 z architektur\u0105. Po\u0142o\u017cenie Villi Botanici w s\u0105siedztwie ogrodu botanicznego stanowi\u0142o inspiracj\u0119 do zaprojektowania nowoczesnej bry\u0142y, kt\u00f3ra \u0142\u0105czy w sobie futurystyczny charakter z elementami <span style=\"font-style: inherit; font-weight: inherit; background-color: var( --e-global-color-astglobalcolor5 );\">przyrody. Design budynku zosta\u0142 stworzony przez znan\u0105 \u015bwiatow\u0105 firm\u0119 \u2013 L\u2019Escargot <\/span>Ros<\/p>\t\t\t\t\t\t<\/div>\n\t\t\t\t<\/div>\n\t\t\t\t<section class=\"elementor-section elementor-inner-section elementor-element elementor-element-1bcd8d1 elementor-section-boxed elementor-section-height-default elementor-section-height-default\" data-id=\"1bcd8d1\" data-element_type=\"section\">\n\t\t\t\t\t\t<div class=\"elementor-container elementor-column-gap-no\">\n\t\t\t\t\t<div class=\"elementor-column elementor-col-50 elementor-inner-column elementor-element elementor-element-c05fe1f\" data-id=\"c05fe1f\" data-element_type=\"column\">\n\t\t\t<div class=\"elementor-widget-wrap elementor-element-populated\">\n\t\t\t\t\t\t\t\t<div class=\"elementor-element elementor-element-2161b1f elementor-widget elementor-widget-image\" data-id=\"2161b1f\" data-element_type=\"widget\" data-widget_type=\"image.default\">\n\t\t\t\t<div class=\"elementor-widget-container\">\n\t\t\t\t\t\t\t\t\t\t\t\t\t\t\t<img decoding=\"async\" width=\"487\" height=\"179\" src=\"https:\/\/landeskrone.eu\/wp-content\/uploads\/2023\/04\/villa_botanica.jpg\" class=\"attachment-medium_large size-medium_large wp-image-978\" alt=\"\" loading=\"lazy\" srcset=\"https:\/\/landeskrone.eu\/wp-content\/uploads\/2023\/04\/villa_botanica.jpg 487w, https:\/\/landeskrone.eu\/wp-content\/uploads\/2023\/04\/villa_botanica-300x110.jpg 300w\" sizes=\"(max-width: 487px) 100vw, 487px\" \/>\t\t\t\t\t\t\t\t\t\t\t\t\t\t\t<\/div>\n\t\t\t\t<\/div>\n\t\t\t\t\t<\/div>\n\t\t<\/div>\n\t\t\t\t<div class=\"elementor-column elementor-col-50 elementor-inner-column elementor-element elementor-element-2da52c4\" data-id=\"2da52c4\" data-element_type=\"column\">\n\t\t\t<div class=\"elementor-widget-wrap elementor-element-populated\">\n\t\t\t\t\t\t\t\t<div class=\"elementor-element elementor-element-50b64d6 elementor-position-left elementor-widget__width-initial elementor-view-default elementor-mobile-position-top elementor-vertical-align-top elementor-widget elementor-widget-icon-box\" data-id=\"50b64d6\" data-element_type=\"widget\" data-widget_type=\"icon-box.default\">\n\t\t\t\t<div class=\"elementor-widget-container\">\n\t\t\t<link rel=\"stylesheet\" href=\"https:\/\/landeskrone.eu\/wp-content\/plugins\/elementor\/assets\/css\/widget-icon-box.min.css\">\t\t<div class=\"elementor-icon-box-wrapper\">\n\t\t\t\t\t\t<div class=\"elementor-icon-box-icon\">\n\t\t\t\t<span class=\"elementor-icon elementor-animation-\" >\n\t\t\t\t<i aria-hidden=\"true\" class=\"fas fa-map-marker-alt\"><\/i>\t\t\t\t<\/span>\n\t\t\t<\/div>\n\t\t\t\t\t\t<div class=\"elementor-icon-box-content\">\n\t\t\t\t<h6 class=\"elementor-icon-box-title\">\n\t\t\t\t\t<span  >\n\t\t\t\t\t\tLokalizacja\t\t\t\t\t<\/span>\n\t\t\t\t<\/h6>\n\t\t\t\t\t\t\t\t\t<p class=\"elementor-icon-box-description\">\n\t\t\t\t\t\tul . \u017b\u00f3\u0142kiewskiego 36,  Krak\u00f3w\t\t\t\t\t<\/p>\n\t\t\t\t\t\t\t<\/div>\n\t\t<\/div>\n\t\t\t\t<\/div>\n\t\t\t\t<\/div>\n\t\t\t\t\t<\/div>\n\t\t<\/div>\n\t\t\t\t\t\t\t<\/div>\n\t\t<\/section>\n\t\t\t\t<div class=\"elementor-element elementor-element-3ef00a9 elementor-align-right elementor-tablet-align-center elementor-widget elementor-widget-button\" data-id=\"3ef00a9\" data-element_type=\"widget\" data-widget_type=\"button.default\">\n\t\t\t\t<div class=\"elementor-widget-container\">\n\t\t\t\t\t<div class=\"elementor-button-wrapper\">\n\t\t\t<a href=\"https:\/\/villabotanicakrakow.pl\/\" class=\"elementor-button-link elementor-button elementor-size-sm\" role=\"button\">\n\t\t\t\t\t\t<span class=\"elementor-button-content-wrapper\">\n\t\t\t\t\t\t\t<span class=\"elementor-button-icon elementor-align-icon-right\">\n\t\t\t\t<svg xmlns=\"http:\/\/www.w3.org\/2000\/svg\" viewBox=\"0 0 2048 2048\"><path d=\"M6.125 1088h1797.89l-402.976 403 89.994 90L2048 1024l-556.966-557-89.994 90 402.976 403H6.125v128z\"><\/path><\/svg>\t\t\t<\/span>\n\t\t\t\t\t\t<span class=\"elementor-button-text\">Przejd\u017a do strony inwestycji<\/span>\n\t\t<\/span>\n\t\t\t\t\t<\/a>\n\t\t<\/div>\n\t\t\t\t<\/div>\n\t\t\t\t<\/div>\n\t\t\t\t\t<\/div>\n\t\t<\/div>\n\t\t\t\t\t\t\t<\/div>\n\t\t<\/section>\n\t\t\t\t<section class=\"elementor-section elementor-top-section elementor-element elementor-element-31f22bb elementor-section-content-middle elementor-reverse-tablet elementor-reverse-mobile elementor-hidden-mobile elementor-hidden-tablet elementor-section-boxed elementor-section-height-default elementor-section-height-default\" data-id=\"31f22bb\" data-element_type=\"section\" data-settings=\"{&quot;background_background&quot;:&quot;classic&quot;}\">\n\t\t\t\t\t\t<div class=\"elementor-container elementor-column-gap-no\">\n\t\t\t\t\t<div class=\"elementor-column elementor-col-50 elementor-top-column elementor-element elementor-element-1eeec1e\" data-id=\"1eeec1e\" data-element_type=\"column\">\n\t\t\t<div class=\"elementor-widget-wrap elementor-element-populated\">\n\t\t\t\t\t\t\t\t<div class=\"elementor-element elementor-element-1e6f2e6 elementor-widget__width-initial elementor-widget elementor-widget-image\" data-id=\"1e6f2e6\" data-element_type=\"widget\" data-widget_type=\"image.default\">\n\t\t\t\t<div class=\"elementor-widget-container\">\n\t\t\t\t\t\t\t\t\t\t\t\t\t\t\t<img decoding=\"async\" width=\"805\" height=\"600\" src=\"https:\/\/landeskrone.eu\/wp-content\/uploads\/2023\/05\/villabotanica.jpg\" class=\"attachment-full size-full wp-image-1325\" alt=\"\" loading=\"lazy\" srcset=\"https:\/\/landeskrone.eu\/wp-content\/uploads\/2023\/05\/villabotanica.jpg 805w, https:\/\/landeskrone.eu\/wp-content\/uploads\/2023\/05\/villabotanica-300x224.jpg 300w, https:\/\/landeskrone.eu\/wp-content\/uploads\/2023\/05\/villabotanica-768x572.jpg 768w\" sizes=\"(max-width: 805px) 100vw, 805px\" \/>\t\t\t\t\t\t\t\t\t\t\t\t\t\t\t<\/div>\n\t\t\t\t<\/div>\n\t\t\t\t<div class=\"elementor-element elementor-element-0781800 elementor-widget elementor-widget-image\" data-id=\"0781800\" data-element_type=\"widget\" data-widget_type=\"image.default\">\n\t\t\t\t<div class=\"elementor-widget-container\">\n\t\t\t\t\t\t\t\t\t\t\t\t\t\t\t<img decoding=\"async\" width=\"928\" height=\"600\" src=\"https:\/\/landeskrone.eu\/wp-content\/uploads\/2023\/06\/s.jpg\" class=\"attachment-large size-large wp-image-1363\" alt=\"\" loading=\"lazy\" srcset=\"https:\/\/landeskrone.eu\/wp-content\/uploads\/2023\/06\/s.jpg 928w, https:\/\/landeskrone.eu\/wp-content\/uploads\/2023\/06\/s-300x194.jpg 300w, https:\/\/landeskrone.eu\/wp-content\/uploads\/2023\/06\/s-768x497.jpg 768w\" sizes=\"(max-width: 928px) 100vw, 928px\" \/>\t\t\t\t\t\t\t\t\t\t\t\t\t\t\t<\/div>\n\t\t\t\t<\/div>\n\t\t\t\t\t<\/div>\n\t\t<\/div>\n\t\t\t\t<div class=\"elementor-column elementor-col-50 elementor-top-column elementor-element elementor-element-225f487 elementor-hidden-mobile\" data-id=\"225f487\" data-element_type=\"column\">\n\t\t\t<div class=\"elementor-widget-wrap elementor-element-populated\">\n\t\t\t\t\t\t\t\t<div class=\"elementor-element elementor-element-aca5111 elementor-widget__width-inherit elementor-widget elementor-widget-heading\" data-id=\"aca5111\" data-element_type=\"widget\" data-widget_type=\"heading.default\">\n\t\t\t\t<div class=\"elementor-widget-container\">\n\t\t\t<h6 class=\"elementor-heading-title elementor-size-default\">W trakcie realizacji<\/h6>\t\t<\/div>\n\t\t\t\t<\/div>\n\t\t\t\t<div class=\"elementor-element elementor-element-40e2519 elementor-widget__width-initial elementor-widget elementor-widget-heading\" data-id=\"40e2519\" data-element_type=\"widget\" data-widget_type=\"heading.default\">\n\t\t\t\t<div class=\"elementor-widget-container\">\n\t\t\t<h2 class=\"elementor-heading-title elementor-size-default\">Villa Botanica<\/h2>\t\t<\/div>\n\t\t\t\t<\/div>\n\t\t\t\t<div class=\"elementor-element elementor-element-165857f elementor-widget elementor-widget-text-editor\" data-id=\"165857f\" data-element_type=\"widget\" data-widget_type=\"text-editor.default\">\n\t\t\t\t<div class=\"elementor-widget-container\">\n\t\t\t\t\t\t\t<p>Nowoczesne oblicze luksusowej nieruchomo\u015bci. Ekskluzywne apartamenty oraz wyj\u0105tkowy design budynku \u0142\u0105cz\u0105 w sobie natur\u0119 z architektur\u0105. Po\u0142o\u017cenie Villi Botanici w s\u0105siedztwie ogrodu botanicznego stanowi\u0142o inspiracj\u0119 do zaprojektowania nowoczesnej bry\u0142y, kt\u00f3ra \u0142\u0105czy w sobie futurystyczny charakter z elementami <span style=\"font-style: inherit; font-weight: inherit; background-color: var( --e-global-color-astglobalcolor5 );\">przyrody. Design budynku zosta\u0142 stworzony przez znan\u0105 \u015bwiatow\u0105 firm\u0119 \u2013 L\u2019Escargot <\/span>Ros\u00e9.<\/p>\t\t\t\t\t\t<\/div>\n\t\t\t\t<\/div>\n\t\t\t\t<section class=\"elementor-section elementor-inner-section elementor-element elementor-element-d308c50 elementor-section-boxed elementor-section-height-default elementor-section-height-default\" data-id=\"d308c50\" data-element_type=\"section\">\n\t\t\t\t\t\t<div class=\"elementor-container elementor-column-gap-no\">\n\t\t\t\t\t<div class=\"elementor-column elementor-col-100 elementor-inner-column elementor-element elementor-element-616cf94\" data-id=\"616cf94\" data-element_type=\"column\">\n\t\t\t<div class=\"elementor-widget-wrap elementor-element-populated\">\n\t\t\t\t\t\t\t\t<div class=\"elementor-element elementor-element-34e9c10 elementor-widget elementor-widget-image\" data-id=\"34e9c10\" data-element_type=\"widget\" data-widget_type=\"image.default\">\n\t\t\t\t<div class=\"elementor-widget-container\">\n\t\t\t\t\t\t\t\t\t\t\t\t\t\t\t<img decoding=\"async\" width=\"487\" height=\"179\" src=\"https:\/\/landeskrone.eu\/wp-content\/uploads\/2023\/04\/villa_botanica.jpg\" class=\"attachment-large size-large wp-image-978\" alt=\"\" loading=\"lazy\" srcset=\"https:\/\/landeskrone.eu\/wp-content\/uploads\/2023\/04\/villa_botanica.jpg 487w, https:\/\/landeskrone.eu\/wp-content\/uploads\/2023\/04\/villa_botanica-300x110.jpg 300w\" sizes=\"(max-width: 487px) 100vw, 487px\" \/>\t\t\t\t\t\t\t\t\t\t\t\t\t\t\t<\/div>\n\t\t\t\t<\/div>\n\t\t\t\t<div class=\"elementor-element elementor-element-fdca655 elementor-position-left elementor-widget__width-initial elementor-view-default elementor-mobile-position-top elementor-vertical-align-top elementor-widget elementor-widget-icon-box\" data-id=\"fdca655\" data-element_type=\"widget\" data-widget_type=\"icon-box.default\">\n\t\t\t\t<div class=\"elementor-widget-container\">\n\t\t\t\t\t<div class=\"elementor-icon-box-wrapper\">\n\t\t\t\t\t\t<div class=\"elementor-icon-box-icon\">\n\t\t\t\t<span class=\"elementor-icon elementor-animation-\" >\n\t\t\t\t<i aria-hidden=\"true\" class=\"fas fa-map-marker-alt\"><\/i>\t\t\t\t<\/span>\n\t\t\t<\/div>\n\t\t\t\t\t\t<div class=\"elementor-icon-box-content\">\n\t\t\t\t<h6 class=\"elementor-icon-box-title\">\n\t\t\t\t\t<span  >\n\t\t\t\t\t\tLokalizacja\t\t\t\t\t<\/span>\n\t\t\t\t<\/h6>\n\t\t\t\t\t\t\t\t\t<p class=\"elementor-icon-box-description\">\n\t\t\t\t\t\tul . \u017b\u00f3\u0142kiewskiego 36,  Krak\u00f3w\t\t\t\t\t<\/p>\n\t\t\t\t\t\t\t<\/div>\n\t\t<\/div>\n\t\t\t\t<\/div>\n\t\t\t\t<\/div>\n\t\t\t\t\t<\/div>\n\t\t<\/div>\n\t\t\t\t\t\t\t<\/div>\n\t\t<\/section>\n\t\t\t\t<div class=\"elementor-element elementor-element-5859a32 elementor-align-right elementor-widget elementor-widget-button\" data-id=\"5859a32\" data-element_type=\"widget\" data-widget_type=\"button.default\">\n\t\t\t\t<div class=\"elementor-widget-container\">\n\t\t\t\t\t<div class=\"elementor-button-wrapper\">\n\t\t\t<a href=\"https:\/\/villabotanicakrakow.pl\/\" class=\"elementor-button-link elementor-button elementor-size-sm\" role=\"button\">\n\t\t\t\t\t\t<span class=\"elementor-button-content-wrapper\">\n\t\t\t\t\t\t\t<span class=\"elementor-button-icon elementor-align-icon-right\">\n\t\t\t\t<svg xmlns=\"http:\/\/www.w3.org\/2000\/svg\" viewBox=\"0 0 2048 2048\"><path d=\"M6.125 1088h1797.89l-402.976 403 89.994 90L2048 1024l-556.966-557-89.994 90 402.976 403H6.125v128z\"><\/path><\/svg>\t\t\t<\/span>\n\t\t\t\t\t\t<span class=\"elementor-button-text\">Przejd\u017a do strony inwestycji<\/span>\n\t\t<\/span>\n\t\t\t\t\t<\/a>\n\t\t<\/div>\n\t\t\t\t<\/div>\n\t\t\t\t<\/div>\n\t\t\t\t\t<\/div>\n\t\t<\/div>\n\t\t\t\t\t\t\t<\/div>\n\t\t<\/section>\n\t\t\t\t<section class=\"elementor-section elementor-top-section elementor-element elementor-element-7b6d050 elementor-section-content-middle elementor-reverse-tablet elementor-reverse-mobile elementor-hidden-desktop elementor-section-boxed elementor-section-height-default elementor-section-height-default\" data-id=\"7b6d050\" data-element_type=\"section\" data-settings=\"{&quot;background_background&quot;:&quot;classic&quot;}\">\n\t\t\t\t\t\t<div class=\"elementor-container elementor-column-gap-no\">\n\t\t\t\t\t<div class=\"elementor-column elementor-col-50 elementor-top-column elementor-element elementor-element-8edf14e\" data-id=\"8edf14e\" data-element_type=\"column\">\n\t\t\t<div class=\"elementor-widget-wrap elementor-element-populated\">\n\t\t\t\t\t\t\t\t<div class=\"elementor-element elementor-element-eab010d elementor-widget__width-inherit elementor-widget elementor-widget-heading\" data-id=\"eab010d\" data-element_type=\"widget\" data-widget_type=\"heading.default\">\n\t\t\t\t<div class=\"elementor-widget-container\">\n\t\t\t<h6 class=\"elementor-heading-title elementor-size-default\">Zrealizowana inwestycja<\/h6>\t\t<\/div>\n\t\t\t\t<\/div>\n\t\t\t\t<div class=\"elementor-element elementor-element-9e38aab elementor-widget__width-initial elementor-widget elementor-widget-heading\" data-id=\"9e38aab\" data-element_type=\"widget\" data-widget_type=\"heading.default\">\n\t\t\t\t<div class=\"elementor-widget-container\">\n\t\t\t<h2 class=\"elementor-heading-title elementor-size-default\">Palazzo Murano<\/h2>\t\t<\/div>\n\t\t\t\t<\/div>\n\t\t\t\t<div class=\"elementor-element elementor-element-35f8db7 elementor-widget elementor-widget-text-editor\" data-id=\"35f8db7\" data-element_type=\"widget\" data-widget_type=\"text-editor.default\">\n\t\t\t\t<div class=\"elementor-widget-container\">\n\t\t\t\t\t\t\t<p>Kameralny budynek biurowy, kt\u00f3ry oferuje do wynaj\u0119cia nowoczesne powierzchnie biurowe w pe\u0142ni wyposa\u017cone i przygotowane do wynajmu wed\u0142ug indywidualnych potrzeb klienta. Zapewnia nowoczesne rozwi\u0105zania technologiczne oraz prywatny parking naziemny. Na parterze budynku znajduje si\u0119 reprezentacyjny hol recepcyjny oraz przeszklona winda. Nasz budynek mie\u015bci si\u0119 w doskona\u0142ej pod k\u0105tem biznesowym lokalizacji, w \u015bcis\u0142ym \u015ar\u00f3dmie\u015bciu Warszawy, kilka minut od stacji Metra Ratusz Arsena\u0142 przy Placu Bankowym.<\/p>\t\t\t\t\t\t<\/div>\n\t\t\t\t<\/div>\n\t\t\t\t<section class=\"elementor-section elementor-inner-section elementor-element elementor-element-dd44176 elementor-section-boxed elementor-section-height-default elementor-section-height-default\" data-id=\"dd44176\" data-element_type=\"section\">\n\t\t\t\t\t\t<div class=\"elementor-container elementor-column-gap-no\">\n\t\t\t\t\t<div class=\"elementor-column elementor-col-50 elementor-inner-column elementor-element elementor-element-30f88b5\" data-id=\"30f88b5\" data-element_type=\"column\">\n\t\t\t<div class=\"elementor-widget-wrap elementor-element-populated\">\n\t\t\t\t\t\t\t\t<div class=\"elementor-element elementor-element-1969250 elementor-widget-tablet__width-initial elementor-widget elementor-widget-image\" data-id=\"1969250\" data-element_type=\"widget\" data-widget_type=\"image.default\">\n\t\t\t\t<div class=\"elementor-widget-container\">\n\t\t\t\t\t\t\t\t\t\t\t\t\t\t\t<img decoding=\"async\" width=\"216\" height=\"179\" src=\"https:\/\/landeskrone.eu\/wp-content\/uploads\/2023\/04\/palazzo_murano.jpg\" class=\"attachment-large size-large wp-image-937\" alt=\"\" loading=\"lazy\" \/>\t\t\t\t\t\t\t\t\t\t\t\t\t\t\t<\/div>\n\t\t\t\t<\/div>\n\t\t\t\t\t<\/div>\n\t\t<\/div>\n\t\t\t\t<div class=\"elementor-column elementor-col-50 elementor-inner-column elementor-element elementor-element-1266aa9\" data-id=\"1266aa9\" data-element_type=\"column\">\n\t\t\t<div class=\"elementor-widget-wrap elementor-element-populated\">\n\t\t\t\t\t\t\t\t<div class=\"elementor-element elementor-element-f351033 elementor-position-left elementor-widget__width-initial elementor-view-default elementor-mobile-position-top elementor-vertical-align-top elementor-widget elementor-widget-icon-box\" data-id=\"f351033\" data-element_type=\"widget\" data-widget_type=\"icon-box.default\">\n\t\t\t\t<div class=\"elementor-widget-container\">\n\t\t\t\t\t<div class=\"elementor-icon-box-wrapper\">\n\t\t\t\t\t\t<div class=\"elementor-icon-box-icon\">\n\t\t\t\t<span class=\"elementor-icon elementor-animation-\" >\n\t\t\t\t<i aria-hidden=\"true\" class=\"fas fa-map-marker-alt\"><\/i>\t\t\t\t<\/span>\n\t\t\t<\/div>\n\t\t\t\t\t\t<div class=\"elementor-icon-box-content\">\n\t\t\t\t<h6 class=\"elementor-icon-box-title\">\n\t\t\t\t\t<span  >\n\t\t\t\t\t\tLokalizacja\t\t\t\t\t<\/span>\n\t\t\t\t<\/h6>\n\t\t\t\t\t\t\t\t\t<p class=\"elementor-icon-box-description\">\n\t\t\t\t\t\tul. Zamenhofa 5, Muran\u00f3w, Warszawa\t\t\t\t\t<\/p>\n\t\t\t\t\t\t\t<\/div>\n\t\t<\/div>\n\t\t\t\t<\/div>\n\t\t\t\t<\/div>\n\t\t\t\t\t<\/div>\n\t\t<\/div>\n\t\t\t\t\t\t\t<\/div>\n\t\t<\/section>\n\t\t\t\t<div class=\"elementor-element elementor-element-ef8f1a9 elementor-tablet-align-center elementor-widget elementor-widget-button\" data-id=\"ef8f1a9\" data-element_type=\"widget\" data-widget_type=\"button.default\">\n\t\t\t\t<div class=\"elementor-widget-container\">\n\t\t\t\t\t<div class=\"elementor-button-wrapper\">\n\t\t\t<a href=\"#\" class=\"elementor-button-link elementor-button elementor-size-sm\" role=\"button\">\n\t\t\t\t\t\t<span class=\"elementor-button-content-wrapper\">\n\t\t\t\t\t\t\t<span class=\"elementor-button-icon elementor-align-icon-right\">\n\t\t\t\t<svg xmlns=\"http:\/\/www.w3.org\/2000\/svg\" viewBox=\"0 0 2048 2048\"><path d=\"M6.125 1088h1797.89l-402.976 403 89.994 90L2048 1024l-556.966-557-89.994 90 402.976 403H6.125v128z\"><\/path><\/svg>\t\t\t<\/span>\n\t\t\t\t\t\t<span class=\"elementor-button-text\">Przejd\u017a do strony inwestycji<\/span>\n\t\t<\/span>\n\t\t\t\t\t<\/a>\n\t\t<\/div>\n\t\t\t\t<\/div>\n\t\t\t\t<\/div>\n\t\t\t\t\t<\/div>\n\t\t<\/div>\n\t\t\t\t<div class=\"elementor-column elementor-col-50 elementor-top-column elementor-element elementor-element-563f1f3\" data-id=\"563f1f3\" data-element_type=\"column\">\n\t\t\t<div class=\"elementor-widget-wrap elementor-element-populated\">\n\t\t\t\t\t\t\t\t<div class=\"elementor-element elementor-element-b24e464 elementor-widget elementor-widget-image\" data-id=\"b24e464\" data-element_type=\"widget\" data-widget_type=\"image.default\">\n\t\t\t\t<div class=\"elementor-widget-container\">\n\t\t\t\t\t\t\t\t\t\t\t\t\t\t\t<img decoding=\"async\" width=\"805\" height=\"600\" src=\"https:\/\/landeskrone.eu\/wp-content\/uploads\/2023\/05\/do-strony.jpg\" class=\"attachment-large size-large wp-image-1297\" alt=\"\" loading=\"lazy\" srcset=\"https:\/\/landeskrone.eu\/wp-content\/uploads\/2023\/05\/do-strony.jpg 805w, https:\/\/landeskrone.eu\/wp-content\/uploads\/2023\/05\/do-strony-300x224.jpg 300w, https:\/\/landeskrone.eu\/wp-content\/uploads\/2023\/05\/do-strony-768x572.jpg 768w\" sizes=\"(max-width: 805px) 100vw, 805px\" \/>\t\t\t\t\t\t\t\t\t\t\t\t\t\t\t<\/div>\n\t\t\t\t<\/div>\n\t\t\t\t<div class=\"elementor-element elementor-element-49ae41a elementor-widget elementor-widget-image\" data-id=\"49ae41a\" data-element_type=\"widget\" data-widget_type=\"image.default\">\n\t\t\t\t<div class=\"elementor-widget-container\">\n\t\t\t\t\t\t\t\t\t\t\t\t\t\t\t<img decoding=\"async\" width=\"774\" height=\"500\" src=\"https:\/\/landeskrone.eu\/wp-content\/uploads\/2023\/05\/asdsa.jpg\" class=\"attachment-large size-large wp-image-1299\" alt=\"\" loading=\"lazy\" srcset=\"https:\/\/landeskrone.eu\/wp-content\/uploads\/2023\/05\/asdsa.jpg 774w, https:\/\/landeskrone.eu\/wp-content\/uploads\/2023\/05\/asdsa-300x194.jpg 300w, https:\/\/landeskrone.eu\/wp-content\/uploads\/2023\/05\/asdsa-768x496.jpg 768w\" sizes=\"(max-width: 774px) 100vw, 774px\" \/>\t\t\t\t\t\t\t\t\t\t\t\t\t\t\t<\/div>\n\t\t\t\t<\/div>\n\t\t\t\t\t<\/div>\n\t\t<\/div>\n\t\t\t\t\t\t\t<\/div>\n\t\t<\/section>\n\t\t\t\t<section class=\"elementor-section elementor-top-section elementor-element elementor-element-424b51f elementor-section-content-middle elementor-reverse-tablet elementor-reverse-mobile elementor-hidden-mobile elementor-hidden-tablet elementor-section-boxed elementor-section-height-default elementor-section-height-default\" data-id=\"424b51f\" data-element_type=\"section\" data-settings=\"{&quot;background_background&quot;:&quot;classic&quot;}\">\n\t\t\t\t\t\t<div class=\"elementor-container elementor-column-gap-no\">\n\t\t\t\t\t<div class=\"elementor-column elementor-col-50 elementor-top-column elementor-element elementor-element-3e2d553\" data-id=\"3e2d553\" data-element_type=\"column\">\n\t\t\t<div class=\"elementor-widget-wrap elementor-element-populated\">\n\t\t\t\t\t\t\t\t<div class=\"elementor-element elementor-element-d154f75 elementor-widget__width-inherit elementor-widget elementor-widget-heading\" data-id=\"d154f75\" data-element_type=\"widget\" data-widget_type=\"heading.default\">\n\t\t\t\t<div class=\"elementor-widget-container\">\n\t\t\t<h6 class=\"elementor-heading-title elementor-size-default\">Zrealizowana inwestycja<\/h6>\t\t<\/div>\n\t\t\t\t<\/div>\n\t\t\t\t<div class=\"elementor-element elementor-element-917ee6f elementor-widget__width-initial elementor-widget elementor-widget-heading\" data-id=\"917ee6f\" data-element_type=\"widget\" data-widget_type=\"heading.default\">\n\t\t\t\t<div class=\"elementor-widget-container\">\n\t\t\t<h2 class=\"elementor-heading-title elementor-size-default\">Palazzo Murano<\/h2>\t\t<\/div>\n\t\t\t\t<\/div>\n\t\t\t\t<div class=\"elementor-element elementor-element-5de4363 elementor-widget elementor-widget-text-editor\" data-id=\"5de4363\" data-element_type=\"widget\" data-widget_type=\"text-editor.default\">\n\t\t\t\t<div class=\"elementor-widget-container\">\n\t\t\t\t\t\t\t<p>Kameralny budynek biurowy, kt\u00f3ry oferuje do wynaj\u0119cia nowoczesne powierzchnie biurowe w pe\u0142ni wyposa\u017cone i przygotowane do wynajmu wed\u0142ug indywidualnych potrzeb klienta. Zapewnia nowoczesne rozwi\u0105zania technologiczne oraz prywatny parking naziemny. Na parterze budynku znajduje si\u0119 reprezentacyjny hol recepcyjny oraz przeszklona winda. Nasz budynek mie\u015bci si\u0119 w doskona\u0142ej pod k\u0105tem biznesowym lokalizacji, w \u015bcis\u0142ym \u015ar\u00f3dmie\u015bciu Warszawy, kilka minut od stacji Metra Ratusz Arsena\u0142 przy Placu Bankowym.<\/p>\t\t\t\t\t\t<\/div>\n\t\t\t\t<\/div>\n\t\t\t\t<section class=\"elementor-section elementor-inner-section elementor-element elementor-element-081b238 elementor-section-boxed elementor-section-height-default elementor-section-height-default\" data-id=\"081b238\" data-element_type=\"section\">\n\t\t\t\t\t\t<div class=\"elementor-container elementor-column-gap-no\">\n\t\t\t\t\t<div class=\"elementor-column elementor-col-100 elementor-inner-column elementor-element elementor-element-76249a4\" data-id=\"76249a4\" data-element_type=\"column\">\n\t\t\t<div class=\"elementor-widget-wrap elementor-element-populated\">\n\t\t\t\t\t\t\t\t<div class=\"elementor-element elementor-element-2dfed6a elementor-widget elementor-widget-image\" data-id=\"2dfed6a\" data-element_type=\"widget\" data-widget_type=\"image.default\">\n\t\t\t\t<div class=\"elementor-widget-container\">\n\t\t\t\t\t\t\t\t\t\t\t\t\t\t\t<img decoding=\"async\" width=\"216\" height=\"179\" src=\"https:\/\/landeskrone.eu\/wp-content\/uploads\/2023\/04\/palazzo_murano.jpg\" class=\"attachment-large size-large wp-image-937\" alt=\"\" loading=\"lazy\" \/>\t\t\t\t\t\t\t\t\t\t\t\t\t\t\t<\/div>\n\t\t\t\t<\/div>\n\t\t\t\t<div class=\"elementor-element elementor-element-cc224f2 elementor-position-left elementor-widget__width-initial elementor-view-default elementor-mobile-position-top elementor-vertical-align-top elementor-widget elementor-widget-icon-box\" data-id=\"cc224f2\" data-element_type=\"widget\" data-widget_type=\"icon-box.default\">\n\t\t\t\t<div class=\"elementor-widget-container\">\n\t\t\t\t\t<div class=\"elementor-icon-box-wrapper\">\n\t\t\t\t\t\t<div class=\"elementor-icon-box-icon\">\n\t\t\t\t<span class=\"elementor-icon elementor-animation-\" >\n\t\t\t\t<i aria-hidden=\"true\" class=\"fas fa-map-marker-alt\"><\/i>\t\t\t\t<\/span>\n\t\t\t<\/div>\n\t\t\t\t\t\t<div class=\"elementor-icon-box-content\">\n\t\t\t\t<h6 class=\"elementor-icon-box-title\">\n\t\t\t\t\t<span  >\n\t\t\t\t\t\tLokalizacja\t\t\t\t\t<\/span>\n\t\t\t\t<\/h6>\n\t\t\t\t\t\t\t\t\t<p class=\"elementor-icon-box-description\">\n\t\t\t\t\t\tul. Zamenhofa 5, Muran\u00f3w, Warszawa\t\t\t\t\t<\/p>\n\t\t\t\t\t\t\t<\/div>\n\t\t<\/div>\n\t\t\t\t<\/div>\n\t\t\t\t<\/div>\n\t\t\t\t\t<\/div>\n\t\t<\/div>\n\t\t\t\t\t\t\t<\/div>\n\t\t<\/section>\n\t\t\t\t<div class=\"elementor-element elementor-element-39070bb elementor-widget elementor-widget-button\" data-id=\"39070bb\" data-element_type=\"widget\" data-widget_type=\"button.default\">\n\t\t\t\t<div class=\"elementor-widget-container\">\n\t\t\t\t\t<div class=\"elementor-button-wrapper\">\n\t\t\t<a href=\"#\" class=\"elementor-button-link elementor-button elementor-size-sm\" role=\"button\">\n\t\t\t\t\t\t<span class=\"elementor-button-content-wrapper\">\n\t\t\t\t\t\t\t<span class=\"elementor-button-icon elementor-align-icon-right\">\n\t\t\t\t<svg xmlns=\"http:\/\/www.w3.org\/2000\/svg\" viewBox=\"0 0 2048 2048\"><path d=\"M6.125 1088h1797.89l-402.976 403 89.994 90L2048 1024l-556.966-557-89.994 90 402.976 403H6.125v128z\"><\/path><\/svg>\t\t\t<\/span>\n\t\t\t\t\t\t<span class=\"elementor-button-text\">Przejd\u017a do strony inwestycji<\/span>\n\t\t<\/span>\n\t\t\t\t\t<\/a>\n\t\t<\/div>\n\t\t\t\t<\/div>\n\t\t\t\t<\/div>\n\t\t\t\t\t<\/div>\n\t\t<\/div>\n\t\t\t\t<div class=\"elementor-column elementor-col-50 elementor-top-column elementor-element elementor-element-7ac0531\" data-id=\"7ac0531\" data-element_type=\"column\">\n\t\t\t<div class=\"elementor-widget-wrap elementor-element-populated\">\n\t\t\t\t\t\t\t\t<div class=\"elementor-element elementor-element-4942281 elementor-widget elementor-widget-image\" data-id=\"4942281\" data-element_type=\"widget\" data-widget_type=\"image.default\">\n\t\t\t\t<div class=\"elementor-widget-container\">\n\t\t\t\t\t\t\t\t\t\t\t\t\t\t\t<img decoding=\"async\" width=\"805\" height=\"600\" src=\"https:\/\/landeskrone.eu\/wp-content\/uploads\/2023\/05\/do-strony.jpg\" class=\"attachment-large size-large wp-image-1297\" alt=\"\" loading=\"lazy\" srcset=\"https:\/\/landeskrone.eu\/wp-content\/uploads\/2023\/05\/do-strony.jpg 805w, https:\/\/landeskrone.eu\/wp-content\/uploads\/2023\/05\/do-strony-300x224.jpg 300w, https:\/\/landeskrone.eu\/wp-content\/uploads\/2023\/05\/do-strony-768x572.jpg 768w\" sizes=\"(max-width: 805px) 100vw, 805px\" \/>\t\t\t\t\t\t\t\t\t\t\t\t\t\t\t<\/div>\n\t\t\t\t<\/div>\n\t\t\t\t<div class=\"elementor-element elementor-element-2b2ae26 elementor-widget elementor-widget-image\" data-id=\"2b2ae26\" data-element_type=\"widget\" data-widget_type=\"image.default\">\n\t\t\t\t<div class=\"elementor-widget-container\">\n\t\t\t\t\t\t\t\t\t\t\t\t\t\t\t<img decoding=\"async\" width=\"774\" height=\"500\" src=\"https:\/\/landeskrone.eu\/wp-content\/uploads\/2023\/05\/asdsa.jpg\" class=\"attachment-large size-large wp-image-1299\" alt=\"\" loading=\"lazy\" srcset=\"https:\/\/landeskrone.eu\/wp-content\/uploads\/2023\/05\/asdsa.jpg 774w, https:\/\/landeskrone.eu\/wp-content\/uploads\/2023\/05\/asdsa-300x194.jpg 300w, https:\/\/landeskrone.eu\/wp-content\/uploads\/2023\/05\/asdsa-768x496.jpg 768w\" sizes=\"(max-width: 774px) 100vw, 774px\" \/>\t\t\t\t\t\t\t\t\t\t\t\t\t\t\t<\/div>\n\t\t\t\t<\/div>\n\t\t\t\t\t<\/div>\n\t\t<\/div>\n\t\t\t\t\t\t\t<\/div>\n\t\t<\/section>\n\t\t\t\t<section class=\"elementor-section elementor-top-section elementor-element elementor-element-974da0f elementor-section-content-middle elementor-reverse-tablet elementor-hidden-desktop elementor-section-boxed elementor-section-height-default elementor-section-height-default\" data-id=\"974da0f\" data-element_type=\"section\" data-settings=\"{&quot;background_background&quot;:&quot;classic&quot;}\">\n\t\t\t\t\t\t<div class=\"elementor-container elementor-column-gap-no\">\n\t\t\t\t\t<div class=\"elementor-column elementor-col-50 elementor-top-column elementor-element elementor-element-a9270e4\" data-id=\"a9270e4\" data-element_type=\"column\">\n\t\t\t<div class=\"elementor-widget-wrap elementor-element-populated\">\n\t\t\t\t\t\t\t\t<div class=\"elementor-element elementor-element-1151e85 elementor-widget__width-initial elementor-widget elementor-widget-image\" data-id=\"1151e85\" data-element_type=\"widget\" data-widget_type=\"image.default\">\n\t\t\t\t<div class=\"elementor-widget-container\">\n\t\t\t\t\t\t\t\t\t\t\t\t\t\t\t<img decoding=\"async\" width=\"805\" height=\"600\" src=\"https:\/\/landeskrone.eu\/wp-content\/uploads\/2023\/05\/maisondeluxe.jpg\" class=\"attachment-full size-full wp-image-1310\" alt=\"\" loading=\"lazy\" srcset=\"https:\/\/landeskrone.eu\/wp-content\/uploads\/2023\/05\/maisondeluxe.jpg 805w, https:\/\/landeskrone.eu\/wp-content\/uploads\/2023\/05\/maisondeluxe-300x224.jpg 300w, https:\/\/landeskrone.eu\/wp-content\/uploads\/2023\/05\/maisondeluxe-768x572.jpg 768w\" sizes=\"(max-width: 805px) 100vw, 805px\" \/>\t\t\t\t\t\t\t\t\t\t\t\t\t\t\t<\/div>\n\t\t\t\t<\/div>\n\t\t\t\t<div class=\"elementor-element elementor-element-f42f1e9 elementor-widget elementor-widget-image\" data-id=\"f42f1e9\" data-element_type=\"widget\" data-widget_type=\"image.default\">\n\t\t\t\t<div class=\"elementor-widget-container\">\n\t\t\t\t\t\t\t\t\t\t\t\t\t\t\t<img decoding=\"async\" width=\"928\" height=\"600\" src=\"https:\/\/landeskrone.eu\/wp-content\/uploads\/2023\/05\/maisondeluxea.jpg\" class=\"attachment-large size-large wp-image-1311\" alt=\"\" loading=\"lazy\" srcset=\"https:\/\/landeskrone.eu\/wp-content\/uploads\/2023\/05\/maisondeluxea.jpg 928w, https:\/\/landeskrone.eu\/wp-content\/uploads\/2023\/05\/maisondeluxea-300x194.jpg 300w, https:\/\/landeskrone.eu\/wp-content\/uploads\/2023\/05\/maisondeluxea-768x497.jpg 768w\" sizes=\"(max-width: 928px) 100vw, 928px\" \/>\t\t\t\t\t\t\t\t\t\t\t\t\t\t\t<\/div>\n\t\t\t\t<\/div>\n\t\t\t\t\t<\/div>\n\t\t<\/div>\n\t\t\t\t<div class=\"elementor-column elementor-col-50 elementor-top-column elementor-element elementor-element-1e4e0bf\" data-id=\"1e4e0bf\" data-element_type=\"column\">\n\t\t\t<div class=\"elementor-widget-wrap elementor-element-populated\">\n\t\t\t\t\t\t\t\t<div class=\"elementor-element elementor-element-c01c9c5 elementor-widget__width-inherit elementor-widget elementor-widget-heading\" data-id=\"c01c9c5\" data-element_type=\"widget\" data-widget_type=\"heading.default\">\n\t\t\t\t<div class=\"elementor-widget-container\">\n\t\t\t<h6 class=\"elementor-heading-title elementor-size-default\">Zrealizowana inwestycja<\/h6>\t\t<\/div>\n\t\t\t\t<\/div>\n\t\t\t\t<div class=\"elementor-element elementor-element-e52db67 elementor-widget__width-initial elementor-widget elementor-widget-heading\" data-id=\"e52db67\" data-element_type=\"widget\" data-widget_type=\"heading.default\">\n\t\t\t\t<div class=\"elementor-widget-container\">\n\t\t\t<h2 class=\"elementor-heading-title elementor-size-default\">Maison De Luxe<\/h2>\t\t<\/div>\n\t\t\t\t<\/div>\n\t\t\t\t<div class=\"elementor-element elementor-element-19f45c7 elementor-widget elementor-widget-text-editor\" data-id=\"19f45c7\" data-element_type=\"widget\" data-widget_type=\"text-editor.default\">\n\t\t\t\t<div class=\"elementor-widget-container\">\n\t\t\t\t\t\t\t<p>Unikatowy obiekt biurowy ,,Maison De Luxe\u201d to odrestaurowany 7-pi\u0119trowy budynek biurowy o powierzchni u\u017cytkowej 1200 m \u00b2, znajduj\u0105cy si\u0119 w centrum miasta. Pi\u0119kne miejsce w bezpo\u015brednim s\u0105siedztwie Traktu Kr\u00f3lewskiego. W pobli\u017cu znajduje si\u0119 du\u017co zieleni, restauracji, sklep\u00f3w, bank\u00f3w. Atutem jest blisko\u015b\u0107 komunikacji miejskiej (stacja II linii metra, przystanki autobusowe, tramwaje). Budynek jest klimatyzowany, wyposa\u017cony w wind\u0119, chroniony i monitorowany. Du\u017cym udogodnieniem dla naszych klient\u00f3w jest znajduj\u0105ca si\u0119 w budynku recepcja z us\u0142ug\u0105 concierge.<\/p>\t\t\t\t\t\t<\/div>\n\t\t\t\t<\/div>\n\t\t\t\t<section class=\"elementor-section elementor-inner-section elementor-element elementor-element-aa6d6ca elementor-section-full_width elementor-section-height-default elementor-section-height-default\" data-id=\"aa6d6ca\" data-element_type=\"section\">\n\t\t\t\t\t\t<div class=\"elementor-container elementor-column-gap-no\">\n\t\t\t\t\t<div class=\"elementor-column elementor-col-50 elementor-inner-column elementor-element elementor-element-a0cfd42\" data-id=\"a0cfd42\" data-element_type=\"column\">\n\t\t\t<div class=\"elementor-widget-wrap elementor-element-populated\">\n\t\t\t\t\t\t\t\t<div class=\"elementor-element elementor-element-0ac9fe0 elementor-widget elementor-widget-image\" data-id=\"0ac9fe0\" data-element_type=\"widget\" data-widget_type=\"image.default\">\n\t\t\t\t<div class=\"elementor-widget-container\">\n\t\t\t\t\t\t\t\t\t\t\t\t\t\t\t<img decoding=\"async\" width=\"487\" height=\"179\" src=\"https:\/\/landeskrone.eu\/wp-content\/uploads\/2023\/04\/maison.jpg\" class=\"attachment-full size-full wp-image-952\" alt=\"\" loading=\"lazy\" srcset=\"https:\/\/landeskrone.eu\/wp-content\/uploads\/2023\/04\/maison.jpg 487w, https:\/\/landeskrone.eu\/wp-content\/uploads\/2023\/04\/maison-300x110.jpg 300w\" sizes=\"(max-width: 487px) 100vw, 487px\" \/>\t\t\t\t\t\t\t\t\t\t\t\t\t\t\t<\/div>\n\t\t\t\t<\/div>\n\t\t\t\t\t<\/div>\n\t\t<\/div>\n\t\t\t\t<div class=\"elementor-column elementor-col-50 elementor-inner-column elementor-element elementor-element-543d77f\" data-id=\"543d77f\" data-element_type=\"column\">\n\t\t\t<div class=\"elementor-widget-wrap elementor-element-populated\">\n\t\t\t\t\t\t\t\t<div class=\"elementor-element elementor-element-83a267b elementor-position-left elementor-widget__width-initial elementor-widget-tablet__width-initial elementor-view-default elementor-mobile-position-top elementor-vertical-align-top elementor-widget elementor-widget-icon-box\" data-id=\"83a267b\" data-element_type=\"widget\" data-widget_type=\"icon-box.default\">\n\t\t\t\t<div class=\"elementor-widget-container\">\n\t\t\t\t\t<div class=\"elementor-icon-box-wrapper\">\n\t\t\t\t\t\t<div class=\"elementor-icon-box-icon\">\n\t\t\t\t<span class=\"elementor-icon elementor-animation-\" >\n\t\t\t\t<i aria-hidden=\"true\" class=\"fas fa-map-marker-alt\"><\/i>\t\t\t\t<\/span>\n\t\t\t<\/div>\n\t\t\t\t\t\t<div class=\"elementor-icon-box-content\">\n\t\t\t\t<h6 class=\"elementor-icon-box-title\">\n\t\t\t\t\t<span  >\n\t\t\t\t\t\tLokalizacja\t\t\t\t\t<\/span>\n\t\t\t\t<\/h6>\n\t\t\t\t\t\t\t\t\t<p class=\"elementor-icon-box-description\">\n\t\t\t\t\t\tul. Bartoszewicza 3, \u015ar\u00f3dmie\u015bcie, Warszawa\t\t\t\t\t<\/p>\n\t\t\t\t\t\t\t<\/div>\n\t\t<\/div>\n\t\t\t\t<\/div>\n\t\t\t\t<\/div>\n\t\t\t\t\t<\/div>\n\t\t<\/div>\n\t\t\t\t\t\t\t<\/div>\n\t\t<\/section>\n\t\t\t\t\t<\/div>\n\t\t<\/div>\n\t\t\t\t\t\t\t<\/div>\n\t\t<\/section>\n\t\t\t\t<section class=\"elementor-section elementor-top-section elementor-element elementor-element-425d4c4 elementor-section-content-middle elementor-reverse-tablet elementor-reverse-mobile elementor-hidden-mobile elementor-hidden-tablet elementor-section-boxed elementor-section-height-default elementor-section-height-default\" data-id=\"425d4c4\" data-element_type=\"section\" data-settings=\"{&quot;background_background&quot;:&quot;classic&quot;}\">\n\t\t\t\t\t\t<div class=\"elementor-container elementor-column-gap-no\">\n\t\t\t\t\t<div class=\"elementor-column elementor-col-50 elementor-top-column elementor-element elementor-element-98a72f2\" data-id=\"98a72f2\" data-element_type=\"column\">\n\t\t\t<div class=\"elementor-widget-wrap elementor-element-populated\">\n\t\t\t\t\t\t\t\t<div class=\"elementor-element elementor-element-273bfdf elementor-widget__width-initial elementor-widget elementor-widget-image\" data-id=\"273bfdf\" data-element_type=\"widget\" data-widget_type=\"image.default\">\n\t\t\t\t<div class=\"elementor-widget-container\">\n\t\t\t\t\t\t\t\t\t\t\t\t\t\t\t<img decoding=\"async\" width=\"805\" height=\"600\" src=\"https:\/\/landeskrone.eu\/wp-content\/uploads\/2023\/05\/maisondeluxe.jpg\" class=\"attachment-full size-full wp-image-1310\" alt=\"\" loading=\"lazy\" srcset=\"https:\/\/landeskrone.eu\/wp-content\/uploads\/2023\/05\/maisondeluxe.jpg 805w, https:\/\/landeskrone.eu\/wp-content\/uploads\/2023\/05\/maisondeluxe-300x224.jpg 300w, https:\/\/landeskrone.eu\/wp-content\/uploads\/2023\/05\/maisondeluxe-768x572.jpg 768w\" sizes=\"(max-width: 805px) 100vw, 805px\" \/>\t\t\t\t\t\t\t\t\t\t\t\t\t\t\t<\/div>\n\t\t\t\t<\/div>\n\t\t\t\t<div class=\"elementor-element elementor-element-84d3da7 elementor-widget elementor-widget-image\" data-id=\"84d3da7\" data-element_type=\"widget\" data-widget_type=\"image.default\">\n\t\t\t\t<div class=\"elementor-widget-container\">\n\t\t\t\t\t\t\t\t\t\t\t\t\t\t\t<img decoding=\"async\" width=\"928\" height=\"600\" src=\"https:\/\/landeskrone.eu\/wp-content\/uploads\/2023\/05\/maisondeluxea.jpg\" class=\"attachment-large size-large wp-image-1311\" alt=\"\" loading=\"lazy\" srcset=\"https:\/\/landeskrone.eu\/wp-content\/uploads\/2023\/05\/maisondeluxea.jpg 928w, https:\/\/landeskrone.eu\/wp-content\/uploads\/2023\/05\/maisondeluxea-300x194.jpg 300w, https:\/\/landeskrone.eu\/wp-content\/uploads\/2023\/05\/maisondeluxea-768x497.jpg 768w\" sizes=\"(max-width: 928px) 100vw, 928px\" \/>\t\t\t\t\t\t\t\t\t\t\t\t\t\t\t<\/div>\n\t\t\t\t<\/div>\n\t\t\t\t\t<\/div>\n\t\t<\/div>\n\t\t\t\t<div class=\"elementor-column elementor-col-50 elementor-top-column elementor-element elementor-element-7e0e3fb\" data-id=\"7e0e3fb\" data-element_type=\"column\">\n\t\t\t<div class=\"elementor-widget-wrap elementor-element-populated\">\n\t\t\t\t\t\t\t\t<div class=\"elementor-element elementor-element-9e26eec elementor-widget__width-inherit elementor-widget elementor-widget-heading\" data-id=\"9e26eec\" data-element_type=\"widget\" data-widget_type=\"heading.default\">\n\t\t\t\t<div class=\"elementor-widget-container\">\n\t\t\t<h6 class=\"elementor-heading-title elementor-size-default\">Zrealizowana inwestycja<\/h6>\t\t<\/div>\n\t\t\t\t<\/div>\n\t\t\t\t<div class=\"elementor-element elementor-element-5b30537 elementor-widget__width-initial elementor-widget elementor-widget-heading\" data-id=\"5b30537\" data-element_type=\"widget\" data-widget_type=\"heading.default\">\n\t\t\t\t<div class=\"elementor-widget-container\">\n\t\t\t<h2 class=\"elementor-heading-title elementor-size-default\">Maison De Luxe<\/h2>\t\t<\/div>\n\t\t\t\t<\/div>\n\t\t\t\t<div class=\"elementor-element elementor-element-0ecad99 elementor-widget elementor-widget-text-editor\" data-id=\"0ecad99\" data-element_type=\"widget\" data-widget_type=\"text-editor.default\">\n\t\t\t\t<div class=\"elementor-widget-container\">\n\t\t\t\t\t\t\t<p>Unikatowy obiekt biurowy ,,Maison De Luxe\u201d to odrestaurowany 7-pi\u0119trowy budynek biurowy o powierzchni u\u017cytkowej 1200 m \u00b2, znajduj\u0105cy si\u0119 w centrum miasta. Pi\u0119kne miejsce w bezpo\u015brednim s\u0105siedztwie Traktu Kr\u00f3lewskiego. W pobli\u017cu znajduje si\u0119 du\u017co zieleni, restauracji, sklep\u00f3w, bank\u00f3w. Atutem jest blisko\u015b\u0107 komunikacji miejskiej (stacja II linii metra, przystanki autobusowe, tramwaje). Budynek jest klimatyzowany, wyposa\u017cony w wind\u0119, chroniony i monitorowany. Du\u017cym udogodnieniem dla naszych klient\u00f3w jest znajduj\u0105ca si\u0119 w budynku recepcja z us\u0142ug\u0105 concierge.<\/p>\t\t\t\t\t\t<\/div>\n\t\t\t\t<\/div>\n\t\t\t\t<section class=\"elementor-section elementor-inner-section elementor-element elementor-element-6f59887 elementor-section-full_width elementor-section-height-default elementor-section-height-default\" data-id=\"6f59887\" data-element_type=\"section\">\n\t\t\t\t\t\t<div class=\"elementor-container elementor-column-gap-no\">\n\t\t\t\t\t<div class=\"elementor-column elementor-col-100 elementor-inner-column elementor-element elementor-element-026772c\" data-id=\"026772c\" data-element_type=\"column\">\n\t\t\t<div class=\"elementor-widget-wrap elementor-element-populated\">\n\t\t\t\t\t\t\t\t<div class=\"elementor-element elementor-element-3371d2b elementor-widget elementor-widget-image\" data-id=\"3371d2b\" data-element_type=\"widget\" data-widget_type=\"image.default\">\n\t\t\t\t<div class=\"elementor-widget-container\">\n\t\t\t\t\t\t\t\t\t\t\t\t\t\t\t<img decoding=\"async\" width=\"487\" height=\"179\" src=\"https:\/\/landeskrone.eu\/wp-content\/uploads\/2023\/04\/maison.jpg\" class=\"attachment-full size-full wp-image-952\" alt=\"\" loading=\"lazy\" srcset=\"https:\/\/landeskrone.eu\/wp-content\/uploads\/2023\/04\/maison.jpg 487w, https:\/\/landeskrone.eu\/wp-content\/uploads\/2023\/04\/maison-300x110.jpg 300w\" sizes=\"(max-width: 487px) 100vw, 487px\" \/>\t\t\t\t\t\t\t\t\t\t\t\t\t\t\t<\/div>\n\t\t\t\t<\/div>\n\t\t\t\t<div class=\"elementor-element elementor-element-4939f0f elementor-position-left elementor-widget__width-initial elementor-view-default elementor-mobile-position-top elementor-vertical-align-top elementor-widget elementor-widget-icon-box\" data-id=\"4939f0f\" data-element_type=\"widget\" data-widget_type=\"icon-box.default\">\n\t\t\t\t<div class=\"elementor-widget-container\">\n\t\t\t\t\t<div class=\"elementor-icon-box-wrapper\">\n\t\t\t\t\t\t<div class=\"elementor-icon-box-icon\">\n\t\t\t\t<span class=\"elementor-icon elementor-animation-\" >\n\t\t\t\t<i aria-hidden=\"true\" class=\"fas fa-map-marker-alt\"><\/i>\t\t\t\t<\/span>\n\t\t\t<\/div>\n\t\t\t\t\t\t<div class=\"elementor-icon-box-content\">\n\t\t\t\t<h6 class=\"elementor-icon-box-title\">\n\t\t\t\t\t<span  >\n\t\t\t\t\t\tLokalizacja\t\t\t\t\t<\/span>\n\t\t\t\t<\/h6>\n\t\t\t\t\t\t\t\t\t<p class=\"elementor-icon-box-description\">\n\t\t\t\t\t\tul. Bartoszewicza 3, \u015ar\u00f3dmie\u015bcie, Warszawa\t\t\t\t\t<\/p>\n\t\t\t\t\t\t\t<\/div>\n\t\t<\/div>\n\t\t\t\t<\/div>\n\t\t\t\t<\/div>\n\t\t\t\t\t<\/div>\n\t\t<\/div>\n\t\t\t\t\t\t\t<\/div>\n\t\t<\/section>\n\t\t\t\t\t<\/div>\n\t\t<\/div>\n\t\t\t\t\t\t\t<\/div>\n\t\t<\/section>\n\t\t\t\t<section class=\"elementor-section elementor-top-section elementor-element elementor-element-6273736 elementor-section-content-middle elementor-reverse-tablet elementor-reverse-mobile elementor-hidden-desktop elementor-section-boxed elementor-section-height-default elementor-section-height-default\" data-id=\"6273736\" data-element_type=\"section\" data-settings=\"{&quot;background_background&quot;:&quot;classic&quot;}\">\n\t\t\t\t\t\t<div class=\"elementor-container elementor-column-gap-no\">\n\t\t\t\t\t<div class=\"elementor-column elementor-col-50 elementor-top-column elementor-element elementor-element-9782729\" data-id=\"9782729\" data-element_type=\"column\">\n\t\t\t<div class=\"elementor-widget-wrap elementor-element-populated\">\n\t\t\t\t\t\t\t\t<div class=\"elementor-element elementor-element-55ca174 elementor-widget__width-inherit elementor-widget elementor-widget-heading\" data-id=\"55ca174\" data-element_type=\"widget\" data-widget_type=\"heading.default\">\n\t\t\t\t<div class=\"elementor-widget-container\">\n\t\t\t<h6 class=\"elementor-heading-title elementor-size-default\">Zrealizowana inwestycja<\/h6>\t\t<\/div>\n\t\t\t\t<\/div>\n\t\t\t\t<div class=\"elementor-element elementor-element-e148f64 elementor-widget__width-initial elementor-widget elementor-widget-heading\" data-id=\"e148f64\" data-element_type=\"widget\" data-widget_type=\"heading.default\">\n\t\t\t\t<div class=\"elementor-widget-container\">\n\t\t\t<h2 class=\"elementor-heading-title elementor-size-default\">Pu\u0142awska-Merliniego<\/h2>\t\t<\/div>\n\t\t\t\t<\/div>\n\t\t\t\t<div class=\"elementor-element elementor-element-e2e164a elementor-widget elementor-widget-text-editor\" data-id=\"e2e164a\" data-element_type=\"widget\" data-widget_type=\"text-editor.default\">\n\t\t\t\t<div class=\"elementor-widget-container\">\n\t\t\t\t\t\t\t<p>Dla os\u00f3b ceni\u0105cych elegancj\u0119, oryginalno\u015b\u0107 oraz luksus. Atutem inwestycji jest presti\u017cowa lokalizacja oraz wysoka jako\u015b\u0107 wyko\u0144czenia budynku. Projekt sk\u0142ada si\u0119 z kilkudziesi\u0119ciu luksusowych apartament\u00f3w. W pobli\u017cu znajduj\u0105 si\u0119 korty tenisowe\u00a0<span style=\"font-style: inherit; font-weight: inherit;\">Warszawianka, basen z odnow\u0105 biologiczn\u0105, centrum SPA oraz Kr\u00f3likarnia. Tu swoje miejsce maj\u0105 tak\u017ce najlepsze restauracje. Wymarzone miejsce do mieszkania.<\/span><\/p>\t\t\t\t\t\t<\/div>\n\t\t\t\t<\/div>\n\t\t\t\t<section class=\"elementor-section elementor-inner-section elementor-element elementor-element-a60a134 elementor-section-boxed elementor-section-height-default elementor-section-height-default\" data-id=\"a60a134\" data-element_type=\"section\">\n\t\t\t\t\t\t<div class=\"elementor-container elementor-column-gap-no\">\n\t\t\t\t\t<div class=\"elementor-column elementor-col-50 elementor-inner-column elementor-element elementor-element-17b066a\" data-id=\"17b066a\" data-element_type=\"column\">\n\t\t\t<div class=\"elementor-widget-wrap elementor-element-populated\">\n\t\t\t\t\t\t\t\t<div class=\"elementor-element elementor-element-485f1ff elementor-widget-tablet__width-initial elementor-widget elementor-widget-image\" data-id=\"485f1ff\" data-element_type=\"widget\" data-widget_type=\"image.default\">\n\t\t\t\t<div class=\"elementor-widget-container\">\n\t\t\t\t\t\t\t\t\t\t\t\t\t\t\t<img decoding=\"async\" width=\"278\" height=\"230\" src=\"https:\/\/landeskrone.eu\/wp-content\/uploads\/2023\/05\/pulawska.jpg\" class=\"attachment-large size-large wp-image-1343\" alt=\"\" loading=\"lazy\" \/>\t\t\t\t\t\t\t\t\t\t\t\t\t\t\t<\/div>\n\t\t\t\t<\/div>\n\t\t\t\t\t<\/div>\n\t\t<\/div>\n\t\t\t\t<div class=\"elementor-column elementor-col-50 elementor-inner-column elementor-element elementor-element-0d4f98a\" data-id=\"0d4f98a\" data-element_type=\"column\">\n\t\t\t<div class=\"elementor-widget-wrap elementor-element-populated\">\n\t\t\t\t\t\t\t\t<div class=\"elementor-element elementor-element-f97f9d7 elementor-position-left elementor-widget__width-initial elementor-view-default elementor-mobile-position-top elementor-vertical-align-top elementor-widget elementor-widget-icon-box\" data-id=\"f97f9d7\" data-element_type=\"widget\" data-widget_type=\"icon-box.default\">\n\t\t\t\t<div class=\"elementor-widget-container\">\n\t\t\t\t\t<div class=\"elementor-icon-box-wrapper\">\n\t\t\t\t\t\t<div class=\"elementor-icon-box-icon\">\n\t\t\t\t<span class=\"elementor-icon elementor-animation-\" >\n\t\t\t\t<i aria-hidden=\"true\" class=\"fas fa-map-marker-alt\"><\/i>\t\t\t\t<\/span>\n\t\t\t<\/div>\n\t\t\t\t\t\t<div class=\"elementor-icon-box-content\">\n\t\t\t\t<h6 class=\"elementor-icon-box-title\">\n\t\t\t\t\t<span  >\n\t\t\t\t\t\tLokalizacja\t\t\t\t\t<\/span>\n\t\t\t\t<\/h6>\n\t\t\t\t\t\t\t\t\t<p class=\"elementor-icon-box-description\">\n\t\t\t\t\t\tul Pu\u0142awska 107, Stary Mokot\u00f3w,\nWarszawa\t\t\t\t\t<\/p>\n\t\t\t\t\t\t\t<\/div>\n\t\t<\/div>\n\t\t\t\t<\/div>\n\t\t\t\t<\/div>\n\t\t\t\t\t<\/div>\n\t\t<\/div>\n\t\t\t\t\t\t\t<\/div>\n\t\t<\/section>\n\t\t\t\t<div class=\"elementor-element elementor-element-f9d6441 elementor-align-right elementor-tablet-align-center elementor-widget elementor-widget-button\" data-id=\"f9d6441\" data-element_type=\"widget\" data-widget_type=\"button.default\">\n\t\t\t\t<div class=\"elementor-widget-container\">\n\t\t\t\t\t<div class=\"elementor-button-wrapper\">\n\t\t\t<a href=\"http:\/\/pulawska-merliniego.pl\/\" class=\"elementor-button-link elementor-button elementor-size-sm\" role=\"button\">\n\t\t\t\t\t\t<span class=\"elementor-button-content-wrapper\">\n\t\t\t\t\t\t\t<span class=\"elementor-button-icon elementor-align-icon-right\">\n\t\t\t\t<svg xmlns=\"http:\/\/www.w3.org\/2000\/svg\" viewBox=\"0 0 2048 2048\"><path d=\"M6.125 1088h1797.89l-402.976 403 89.994 90L2048 1024l-556.966-557-89.994 90 402.976 403H6.125v128z\"><\/path><\/svg>\t\t\t<\/span>\n\t\t\t\t\t\t<span class=\"elementor-button-text\">Przejd\u017a do strony inwestycji<\/span>\n\t\t<\/span>\n\t\t\t\t\t<\/a>\n\t\t<\/div>\n\t\t\t\t<\/div>\n\t\t\t\t<\/div>\n\t\t\t\t\t<\/div>\n\t\t<\/div>\n\t\t\t\t<div class=\"elementor-column elementor-col-50 elementor-top-column elementor-element elementor-element-560150a\" data-id=\"560150a\" data-element_type=\"column\">\n\t\t\t<div class=\"elementor-widget-wrap elementor-element-populated\">\n\t\t\t\t\t\t\t\t<div class=\"elementor-element elementor-element-34ba493 elementor-widget__width-initial elementor-widget elementor-widget-image\" data-id=\"34ba493\" data-element_type=\"widget\" data-widget_type=\"image.default\">\n\t\t\t\t<div class=\"elementor-widget-container\">\n\t\t\t\t\t\t\t\t\t\t\t\t\t\t\t<img decoding=\"async\" width=\"805\" height=\"600\" src=\"https:\/\/landeskrone.eu\/wp-content\/uploads\/2023\/06\/pulawska-merliniego.jpg\" class=\"attachment-full size-full wp-image-1351\" alt=\"\" loading=\"lazy\" srcset=\"https:\/\/landeskrone.eu\/wp-content\/uploads\/2023\/06\/pulawska-merliniego.jpg 805w, https:\/\/landeskrone.eu\/wp-content\/uploads\/2023\/06\/pulawska-merliniego-300x224.jpg 300w, https:\/\/landeskrone.eu\/wp-content\/uploads\/2023\/06\/pulawska-merliniego-768x572.jpg 768w\" sizes=\"(max-width: 805px) 100vw, 805px\" \/>\t\t\t\t\t\t\t\t\t\t\t\t\t\t\t<\/div>\n\t\t\t\t<\/div>\n\t\t\t\t<div class=\"elementor-element elementor-element-1f2e10f elementor-widget elementor-widget-image\" data-id=\"1f2e10f\" data-element_type=\"widget\" data-widget_type=\"image.default\">\n\t\t\t\t<div class=\"elementor-widget-container\">\n\t\t\t\t\t\t\t\t\t\t\t\t\t\t\t<img decoding=\"async\" width=\"928\" height=\"600\" src=\"https:\/\/landeskrone.eu\/wp-content\/uploads\/2023\/06\/pulawska-merliniego2.jpg\" class=\"attachment-large size-large wp-image-1352\" alt=\"\" loading=\"lazy\" srcset=\"https:\/\/landeskrone.eu\/wp-content\/uploads\/2023\/06\/pulawska-merliniego2.jpg 928w, https:\/\/landeskrone.eu\/wp-content\/uploads\/2023\/06\/pulawska-merliniego2-300x194.jpg 300w, https:\/\/landeskrone.eu\/wp-content\/uploads\/2023\/06\/pulawska-merliniego2-768x497.jpg 768w\" sizes=\"(max-width: 928px) 100vw, 928px\" \/>\t\t\t\t\t\t\t\t\t\t\t\t\t\t\t<\/div>\n\t\t\t\t<\/div>\n\t\t\t\t\t<\/div>\n\t\t<\/div>\n\t\t\t\t\t\t\t<\/div>\n\t\t<\/section>\n\t\t\t\t<section class=\"elementor-section elementor-top-section elementor-element elementor-element-820469e elementor-section-content-middle elementor-reverse-tablet elementor-reverse-mobile elementor-hidden-tablet elementor-hidden-mobile elementor-section-boxed elementor-section-height-default elementor-section-height-default\" data-id=\"820469e\" data-element_type=\"section\" data-settings=\"{&quot;background_background&quot;:&quot;classic&quot;}\">\n\t\t\t\t\t\t<div class=\"elementor-container elementor-column-gap-no\">\n\t\t\t\t\t<div class=\"elementor-column elementor-col-50 elementor-top-column elementor-element elementor-element-ef6cefb\" data-id=\"ef6cefb\" data-element_type=\"column\">\n\t\t\t<div class=\"elementor-widget-wrap elementor-element-populated\">\n\t\t\t\t\t\t\t\t<div class=\"elementor-element elementor-element-55af167 elementor-widget__width-inherit elementor-widget elementor-widget-heading\" data-id=\"55af167\" data-element_type=\"widget\" data-widget_type=\"heading.default\">\n\t\t\t\t<div class=\"elementor-widget-container\">\n\t\t\t<h6 class=\"elementor-heading-title elementor-size-default\">Zrealizowana inwestycja<\/h6>\t\t<\/div>\n\t\t\t\t<\/div>\n\t\t\t\t<div class=\"elementor-element elementor-element-9982c64 elementor-widget__width-initial elementor-widget elementor-widget-heading\" data-id=\"9982c64\" data-element_type=\"widget\" data-widget_type=\"heading.default\">\n\t\t\t\t<div class=\"elementor-widget-container\">\n\t\t\t<h2 class=\"elementor-heading-title elementor-size-default\">Pu\u0142awska-Merliniego<\/h2>\t\t<\/div>\n\t\t\t\t<\/div>\n\t\t\t\t<div class=\"elementor-element elementor-element-76932b7 elementor-widget elementor-widget-text-editor\" data-id=\"76932b7\" data-element_type=\"widget\" data-widget_type=\"text-editor.default\">\n\t\t\t\t<div class=\"elementor-widget-container\">\n\t\t\t\t\t\t\t<p>Dla os\u00f3b ceni\u0105cych elegancj\u0119, oryginalno\u015b\u0107 oraz luksus. Atutem inwestycji jest presti\u017cowa lokalizacja oraz wysoka jako\u015b\u0107 wyko\u0144czenia budynku. Projekt sk\u0142ada si\u0119 z kilkudziesi\u0119ciu luksusowych apartament\u00f3w. W pobli\u017cu znajduj\u0105 si\u0119 korty tenisowe\u00a0<span style=\"font-style: inherit; font-weight: inherit;\">Warszawianka, basen z odnow\u0105 biologiczn\u0105, centrum SPA oraz Kr\u00f3likarnia. Tu swoje miejsce maj\u0105 tak\u017ce najlepsze restauracje. Wymarzone miejsce do mieszkania.<\/span><\/p>\t\t\t\t\t\t<\/div>\n\t\t\t\t<\/div>\n\t\t\t\t<section class=\"elementor-section elementor-inner-section elementor-element elementor-element-1f8869e elementor-section-boxed elementor-section-height-default elementor-section-height-default\" data-id=\"1f8869e\" data-element_type=\"section\">\n\t\t\t\t\t\t<div class=\"elementor-container elementor-column-gap-no\">\n\t\t\t\t\t<div class=\"elementor-column elementor-col-100 elementor-inner-column elementor-element elementor-element-204dd29\" data-id=\"204dd29\" data-element_type=\"column\">\n\t\t\t<div class=\"elementor-widget-wrap elementor-element-populated\">\n\t\t\t\t\t\t\t\t<div class=\"elementor-element elementor-element-943def5 elementor-widget elementor-widget-image\" data-id=\"943def5\" data-element_type=\"widget\" data-widget_type=\"image.default\">\n\t\t\t\t<div class=\"elementor-widget-container\">\n\t\t\t\t\t\t\t\t\t\t\t\t\t\t\t<img decoding=\"async\" width=\"278\" height=\"230\" src=\"https:\/\/landeskrone.eu\/wp-content\/uploads\/2023\/05\/pulawska.jpg\" class=\"attachment-large size-large wp-image-1343\" alt=\"\" loading=\"lazy\" \/>\t\t\t\t\t\t\t\t\t\t\t\t\t\t\t<\/div>\n\t\t\t\t<\/div>\n\t\t\t\t<div class=\"elementor-element elementor-element-001c036 elementor-position-left elementor-widget__width-initial elementor-view-default elementor-mobile-position-top elementor-vertical-align-top elementor-widget elementor-widget-icon-box\" data-id=\"001c036\" data-element_type=\"widget\" data-widget_type=\"icon-box.default\">\n\t\t\t\t<div class=\"elementor-widget-container\">\n\t\t\t\t\t<div class=\"elementor-icon-box-wrapper\">\n\t\t\t\t\t\t<div class=\"elementor-icon-box-icon\">\n\t\t\t\t<span class=\"elementor-icon elementor-animation-\" >\n\t\t\t\t<i aria-hidden=\"true\" class=\"fas fa-map-marker-alt\"><\/i>\t\t\t\t<\/span>\n\t\t\t<\/div>\n\t\t\t\t\t\t<div class=\"elementor-icon-box-content\">\n\t\t\t\t<h6 class=\"elementor-icon-box-title\">\n\t\t\t\t\t<span  >\n\t\t\t\t\t\tLokalizacja\t\t\t\t\t<\/span>\n\t\t\t\t<\/h6>\n\t\t\t\t\t\t\t\t\t<p class=\"elementor-icon-box-description\">\n\t\t\t\t\t\tul Pu\u0142awska 107, Stary Mokot\u00f3w,\nWarszawa\t\t\t\t\t<\/p>\n\t\t\t\t\t\t\t<\/div>\n\t\t<\/div>\n\t\t\t\t<\/div>\n\t\t\t\t<\/div>\n\t\t\t\t\t<\/div>\n\t\t<\/div>\n\t\t\t\t\t\t\t<\/div>\n\t\t<\/section>\n\t\t\t\t<div class=\"elementor-element elementor-element-f5d042c elementor-align-right elementor-widget elementor-widget-button\" data-id=\"f5d042c\" data-element_type=\"widget\" data-widget_type=\"button.default\">\n\t\t\t\t<div class=\"elementor-widget-container\">\n\t\t\t\t\t<div class=\"elementor-button-wrapper\">\n\t\t\t<a href=\"http:\/\/pulawska-merliniego.pl\/\" class=\"elementor-button-link elementor-button elementor-size-sm\" role=\"button\">\n\t\t\t\t\t\t<span class=\"elementor-button-content-wrapper\">\n\t\t\t\t\t\t\t<span class=\"elementor-button-icon elementor-align-icon-right\">\n\t\t\t\t<svg xmlns=\"http:\/\/www.w3.org\/2000\/svg\" viewBox=\"0 0 2048 2048\"><path d=\"M6.125 1088h1797.89l-402.976 403 89.994 90L2048 1024l-556.966-557-89.994 90 402.976 403H6.125v128z\"><\/path><\/svg>\t\t\t<\/span>\n\t\t\t\t\t\t<span class=\"elementor-button-text\">Przejd\u017a do strony inwestycji<\/span>\n\t\t<\/span>\n\t\t\t\t\t<\/a>\n\t\t<\/div>\n\t\t\t\t<\/div>\n\t\t\t\t<\/div>\n\t\t\t\t\t<\/div>\n\t\t<\/div>\n\t\t\t\t<div class=\"elementor-column elementor-col-50 elementor-top-column elementor-element elementor-element-45dd6f6\" data-id=\"45dd6f6\" data-element_type=\"column\">\n\t\t\t<div class=\"elementor-widget-wrap elementor-element-populated\">\n\t\t\t\t\t\t\t\t<div class=\"elementor-element elementor-element-63a2c5a elementor-widget__width-initial elementor-widget elementor-widget-image\" data-id=\"63a2c5a\" data-element_type=\"widget\" data-widget_type=\"image.default\">\n\t\t\t\t<div class=\"elementor-widget-container\">\n\t\t\t\t\t\t\t\t\t\t\t\t\t\t\t<img decoding=\"async\" width=\"805\" height=\"600\" src=\"https:\/\/landeskrone.eu\/wp-content\/uploads\/2023\/06\/pulawska-merliniego.jpg\" class=\"attachment-full size-full wp-image-1351\" alt=\"\" loading=\"lazy\" srcset=\"https:\/\/landeskrone.eu\/wp-content\/uploads\/2023\/06\/pulawska-merliniego.jpg 805w, https:\/\/landeskrone.eu\/wp-content\/uploads\/2023\/06\/pulawska-merliniego-300x224.jpg 300w, https:\/\/landeskrone.eu\/wp-content\/uploads\/2023\/06\/pulawska-merliniego-768x572.jpg 768w\" sizes=\"(max-width: 805px) 100vw, 805px\" \/>\t\t\t\t\t\t\t\t\t\t\t\t\t\t\t<\/div>\n\t\t\t\t<\/div>\n\t\t\t\t<div class=\"elementor-element elementor-element-848e7d4 elementor-widget elementor-widget-image\" data-id=\"848e7d4\" data-element_type=\"widget\" data-widget_type=\"image.default\">\n\t\t\t\t<div class=\"elementor-widget-container\">\n\t\t\t\t\t\t\t\t\t\t\t\t\t\t\t<img decoding=\"async\" width=\"928\" height=\"600\" src=\"https:\/\/landeskrone.eu\/wp-content\/uploads\/2023\/06\/pulawska-merliniego2.jpg\" class=\"attachment-large size-large wp-image-1352\" alt=\"\" loading=\"lazy\" srcset=\"https:\/\/landeskrone.eu\/wp-content\/uploads\/2023\/06\/pulawska-merliniego2.jpg 928w, https:\/\/landeskrone.eu\/wp-content\/uploads\/2023\/06\/pulawska-merliniego2-300x194.jpg 300w, https:\/\/landeskrone.eu\/wp-content\/uploads\/2023\/06\/pulawska-merliniego2-768x497.jpg 768w\" sizes=\"(max-width: 928px) 100vw, 928px\" \/>\t\t\t\t\t\t\t\t\t\t\t\t\t\t\t<\/div>\n\t\t\t\t<\/div>\n\t\t\t\t\t<\/div>\n\t\t<\/div>\n\t\t\t\t\t\t\t<\/div>\n\t\t<\/section>\n\t\t\t\t<section class=\"elementor-section elementor-top-section elementor-element elementor-element-f75e0ab elementor-section-content-middle elementor-reverse-tablet elementor-hidden-desktop elementor-section-boxed elementor-section-height-default elementor-section-height-default\" data-id=\"f75e0ab\" data-element_type=\"section\" data-settings=\"{&quot;background_background&quot;:&quot;classic&quot;}\">\n\t\t\t\t\t\t<div class=\"elementor-container elementor-column-gap-no\">\n\t\t\t\t\t<div class=\"elementor-column elementor-col-50 elementor-top-column elementor-element elementor-element-d12e54c\" data-id=\"d12e54c\" data-element_type=\"column\">\n\t\t\t<div class=\"elementor-widget-wrap elementor-element-populated\">\n\t\t\t\t\t\t\t\t<div class=\"elementor-element elementor-element-e762af8 elementor-widget__width-initial elementor-widget elementor-widget-image\" data-id=\"e762af8\" data-element_type=\"widget\" data-widget_type=\"image.default\">\n\t\t\t\t<div class=\"elementor-widget-container\">\n\t\t\t\t\t\t\t\t\t\t\t\t\t\t\t<img decoding=\"async\" width=\"805\" height=\"600\" src=\"https:\/\/landeskrone.eu\/wp-content\/uploads\/2023\/05\/artdecohousea.jpg\" class=\"attachment-full size-full wp-image-1315\" alt=\"\" loading=\"lazy\" srcset=\"https:\/\/landeskrone.eu\/wp-content\/uploads\/2023\/05\/artdecohousea.jpg 805w, https:\/\/landeskrone.eu\/wp-content\/uploads\/2023\/05\/artdecohousea-300x224.jpg 300w, https:\/\/landeskrone.eu\/wp-content\/uploads\/2023\/05\/artdecohousea-768x572.jpg 768w\" sizes=\"(max-width: 805px) 100vw, 805px\" \/>\t\t\t\t\t\t\t\t\t\t\t\t\t\t\t<\/div>\n\t\t\t\t<\/div>\n\t\t\t\t<div class=\"elementor-element elementor-element-5781f7e elementor-widget elementor-widget-image\" data-id=\"5781f7e\" data-element_type=\"widget\" data-widget_type=\"image.default\">\n\t\t\t\t<div class=\"elementor-widget-container\">\n\t\t\t\t\t\t\t\t\t\t\t\t\t\t\t<img decoding=\"async\" width=\"928\" height=\"600\" src=\"https:\/\/landeskrone.eu\/wp-content\/uploads\/2023\/05\/artdecohouse.jpg\" class=\"attachment-large size-large wp-image-1316\" alt=\"\" loading=\"lazy\" srcset=\"https:\/\/landeskrone.eu\/wp-content\/uploads\/2023\/05\/artdecohouse.jpg 928w, https:\/\/landeskrone.eu\/wp-content\/uploads\/2023\/05\/artdecohouse-300x194.jpg 300w, https:\/\/landeskrone.eu\/wp-content\/uploads\/2023\/05\/artdecohouse-768x497.jpg 768w\" sizes=\"(max-width: 928px) 100vw, 928px\" \/>\t\t\t\t\t\t\t\t\t\t\t\t\t\t\t<\/div>\n\t\t\t\t<\/div>\n\t\t\t\t\t<\/div>\n\t\t<\/div>\n\t\t\t\t<div class=\"elementor-column elementor-col-50 elementor-top-column elementor-element elementor-element-dc4bc7d elementor-hidden-desktop\" data-id=\"dc4bc7d\" data-element_type=\"column\">\n\t\t\t<div class=\"elementor-widget-wrap elementor-element-populated\">\n\t\t\t\t\t\t\t\t<div class=\"elementor-element elementor-element-b0f7f51 elementor-widget__width-inherit elementor-widget elementor-widget-heading\" data-id=\"b0f7f51\" data-element_type=\"widget\" data-widget_type=\"heading.default\">\n\t\t\t\t<div class=\"elementor-widget-container\">\n\t\t\t<h6 class=\"elementor-heading-title elementor-size-default\">Zrealizowana inwestycja<\/h6>\t\t<\/div>\n\t\t\t\t<\/div>\n\t\t\t\t<div class=\"elementor-element elementor-element-e598f11 elementor-widget__width-initial elementor-widget elementor-widget-heading\" data-id=\"e598f11\" data-element_type=\"widget\" data-widget_type=\"heading.default\">\n\t\t\t\t<div class=\"elementor-widget-container\">\n\t\t\t<h2 class=\"elementor-heading-title elementor-size-default\">Art Deco House<\/h2>\t\t<\/div>\n\t\t\t\t<\/div>\n\t\t\t\t<div class=\"elementor-element elementor-element-c186e72 elementor-widget elementor-widget-text-editor\" data-id=\"c186e72\" data-element_type=\"widget\" data-widget_type=\"text-editor.default\">\n\t\t\t\t<div class=\"elementor-widget-container\">\n\t\t\t\t\t\t\t<p>Jest to luksusowa kamienica nawi\u0105zuj\u0105ca stylem architektonicznym do londy\u0144skich budowli lat dwudziestych ubieg\u0142ego wieku. Autorem pomys\u0142u i g\u0142\u00f3wnym wizjonerem jest Jan Lubomirski-Lanckoro\u0144ski. Jego marzeniem by\u0142o stworzy\u0107 budynek jedyny w swoim rodzaju, wykraczaj\u0105cy poza schematy ale i jednocze\u015bnie funkcjonuj\u0105cy w ju\u017c istniej\u0105cej infrastrukturze.<\/p>\t\t\t\t\t\t<\/div>\n\t\t\t\t<\/div>\n\t\t\t\t<section class=\"elementor-section elementor-inner-section elementor-element elementor-element-cb4e25d elementor-section-boxed elementor-section-height-default elementor-section-height-default\" data-id=\"cb4e25d\" data-element_type=\"section\">\n\t\t\t\t\t\t<div class=\"elementor-container elementor-column-gap-no\">\n\t\t\t\t\t<div class=\"elementor-column elementor-col-50 elementor-inner-column elementor-element elementor-element-83f5c31\" data-id=\"83f5c31\" data-element_type=\"column\">\n\t\t\t<div class=\"elementor-widget-wrap elementor-element-populated\">\n\t\t\t\t\t\t\t\t<div class=\"elementor-element elementor-element-ad4333c elementor-widget-tablet__width-initial elementor-widget elementor-widget-image\" data-id=\"ad4333c\" data-element_type=\"widget\" data-widget_type=\"image.default\">\n\t\t\t\t<div class=\"elementor-widget-container\">\n\t\t\t\t\t\t\t\t\t\t\t\t\t\t\t<img decoding=\"async\" width=\"216\" height=\"179\" src=\"https:\/\/landeskrone.eu\/wp-content\/uploads\/2023\/04\/artdecohouse.jpg\" class=\"attachment-large size-large wp-image-960\" alt=\"\" loading=\"lazy\" \/>\t\t\t\t\t\t\t\t\t\t\t\t\t\t\t<\/div>\n\t\t\t\t<\/div>\n\t\t\t\t\t<\/div>\n\t\t<\/div>\n\t\t\t\t<div class=\"elementor-column elementor-col-50 elementor-inner-column elementor-element elementor-element-13eda02\" data-id=\"13eda02\" data-element_type=\"column\">\n\t\t\t<div class=\"elementor-widget-wrap elementor-element-populated\">\n\t\t\t\t\t\t\t\t<div class=\"elementor-element elementor-element-4d6cb14 elementor-position-left elementor-widget__width-initial elementor-view-default elementor-mobile-position-top elementor-vertical-align-top elementor-widget elementor-widget-icon-box\" data-id=\"4d6cb14\" data-element_type=\"widget\" data-widget_type=\"icon-box.default\">\n\t\t\t\t<div class=\"elementor-widget-container\">\n\t\t\t\t\t<div class=\"elementor-icon-box-wrapper\">\n\t\t\t\t\t\t<div class=\"elementor-icon-box-icon\">\n\t\t\t\t<span class=\"elementor-icon elementor-animation-\" >\n\t\t\t\t<i aria-hidden=\"true\" class=\"fas fa-map-marker-alt\"><\/i>\t\t\t\t<\/span>\n\t\t\t<\/div>\n\t\t\t\t\t\t<div class=\"elementor-icon-box-content\">\n\t\t\t\t<h6 class=\"elementor-icon-box-title\">\n\t\t\t\t\t<span  >\n\t\t\t\t\t\tLokalizacja\t\t\t\t\t<\/span>\n\t\t\t\t<\/h6>\n\t\t\t\t\t\t\t\t\t<p class=\"elementor-icon-box-description\">\n\t\t\t\t\t\tul . Kazimierzowska 81,  Mokot\u00f3w, \nWarszawa\t\t\t\t\t<\/p>\n\t\t\t\t\t\t\t<\/div>\n\t\t<\/div>\n\t\t\t\t<\/div>\n\t\t\t\t<\/div>\n\t\t\t\t\t<\/div>\n\t\t<\/div>\n\t\t\t\t\t\t\t<\/div>\n\t\t<\/section>\n\t\t\t\t\t<\/div>\n\t\t<\/div>\n\t\t\t\t\t\t\t<\/div>\n\t\t<\/section>\n\t\t\t\t<section class=\"elementor-section elementor-top-section elementor-element elementor-element-4a82534 elementor-section-content-middle elementor-reverse-tablet elementor-reverse-mobile elementor-hidden-mobile elementor-hidden-tablet elementor-section-boxed elementor-section-height-default elementor-section-height-default\" data-id=\"4a82534\" data-element_type=\"section\" data-settings=\"{&quot;background_background&quot;:&quot;classic&quot;}\">\n\t\t\t\t\t\t<div class=\"elementor-container elementor-column-gap-no\">\n\t\t\t\t\t<div class=\"elementor-column elementor-col-50 elementor-top-column elementor-element elementor-element-f49d201\" data-id=\"f49d201\" data-element_type=\"column\">\n\t\t\t<div class=\"elementor-widget-wrap elementor-element-populated\">\n\t\t\t\t\t\t\t\t<div class=\"elementor-element elementor-element-64e6fbb elementor-widget__width-initial elementor-widget elementor-widget-image\" data-id=\"64e6fbb\" data-element_type=\"widget\" data-widget_type=\"image.default\">\n\t\t\t\t<div class=\"elementor-widget-container\">\n\t\t\t\t\t\t\t\t\t\t\t\t\t\t\t<img decoding=\"async\" width=\"805\" height=\"600\" src=\"https:\/\/landeskrone.eu\/wp-content\/uploads\/2023\/05\/artdecohousea.jpg\" class=\"attachment-full size-full wp-image-1315\" alt=\"\" loading=\"lazy\" srcset=\"https:\/\/landeskrone.eu\/wp-content\/uploads\/2023\/05\/artdecohousea.jpg 805w, https:\/\/landeskrone.eu\/wp-content\/uploads\/2023\/05\/artdecohousea-300x224.jpg 300w, https:\/\/landeskrone.eu\/wp-content\/uploads\/2023\/05\/artdecohousea-768x572.jpg 768w\" sizes=\"(max-width: 805px) 100vw, 805px\" \/>\t\t\t\t\t\t\t\t\t\t\t\t\t\t\t<\/div>\n\t\t\t\t<\/div>\n\t\t\t\t<div class=\"elementor-element elementor-element-1667ff0 elementor-widget elementor-widget-image\" data-id=\"1667ff0\" data-element_type=\"widget\" data-widget_type=\"image.default\">\n\t\t\t\t<div class=\"elementor-widget-container\">\n\t\t\t\t\t\t\t\t\t\t\t\t\t\t\t<img decoding=\"async\" width=\"928\" height=\"600\" src=\"https:\/\/landeskrone.eu\/wp-content\/uploads\/2023\/05\/artdecohouse.jpg\" class=\"attachment-large size-large wp-image-1316\" alt=\"\" loading=\"lazy\" srcset=\"https:\/\/landeskrone.eu\/wp-content\/uploads\/2023\/05\/artdecohouse.jpg 928w, https:\/\/landeskrone.eu\/wp-content\/uploads\/2023\/05\/artdecohouse-300x194.jpg 300w, https:\/\/landeskrone.eu\/wp-content\/uploads\/2023\/05\/artdecohouse-768x497.jpg 768w\" sizes=\"(max-width: 928px) 100vw, 928px\" \/>\t\t\t\t\t\t\t\t\t\t\t\t\t\t\t<\/div>\n\t\t\t\t<\/div>\n\t\t\t\t\t<\/div>\n\t\t<\/div>\n\t\t\t\t<div class=\"elementor-column elementor-col-50 elementor-top-column elementor-element elementor-element-4a68c67\" data-id=\"4a68c67\" data-element_type=\"column\">\n\t\t\t<div class=\"elementor-widget-wrap elementor-element-populated\">\n\t\t\t\t\t\t\t\t<div class=\"elementor-element elementor-element-12fb429 elementor-widget__width-inherit elementor-widget elementor-widget-heading\" data-id=\"12fb429\" data-element_type=\"widget\" data-widget_type=\"heading.default\">\n\t\t\t\t<div class=\"elementor-widget-container\">\n\t\t\t<h6 class=\"elementor-heading-title elementor-size-default\">Zrealizowana inwestycja<\/h6>\t\t<\/div>\n\t\t\t\t<\/div>\n\t\t\t\t<div class=\"elementor-element elementor-element-37d886d elementor-widget__width-initial elementor-widget elementor-widget-heading\" data-id=\"37d886d\" data-element_type=\"widget\" data-widget_type=\"heading.default\">\n\t\t\t\t<div class=\"elementor-widget-container\">\n\t\t\t<h2 class=\"elementor-heading-title elementor-size-default\">Art Deco House<\/h2>\t\t<\/div>\n\t\t\t\t<\/div>\n\t\t\t\t<div class=\"elementor-element elementor-element-0e668a5 elementor-widget elementor-widget-text-editor\" data-id=\"0e668a5\" data-element_type=\"widget\" data-widget_type=\"text-editor.default\">\n\t\t\t\t<div class=\"elementor-widget-container\">\n\t\t\t\t\t\t\t<p>Jest to luksusowa kamienica nawi\u0105zuj\u0105ca stylem architektonicznym do londy\u0144skich budowli lat dwudziestych ubieg\u0142ego wieku. Autorem pomys\u0142u i g\u0142\u00f3wnym wizjonerem jest Jan Lubomirski-Lanckoro\u0144ski. Jego marzeniem by\u0142o stworzy\u0107 budynek jedyny w swoim rodzaju, wykraczaj\u0105cy poza schematy ale i jednocze\u015bnie funkcjonuj\u0105cy w ju\u017c istniej\u0105cej infrastrukturze.<\/p>\t\t\t\t\t\t<\/div>\n\t\t\t\t<\/div>\n\t\t\t\t<section class=\"elementor-section elementor-inner-section elementor-element elementor-element-5c2ae6c elementor-section-boxed elementor-section-height-default elementor-section-height-default\" data-id=\"5c2ae6c\" data-element_type=\"section\">\n\t\t\t\t\t\t<div class=\"elementor-container elementor-column-gap-no\">\n\t\t\t\t\t<div class=\"elementor-column elementor-col-100 elementor-inner-column elementor-element elementor-element-72fad84\" data-id=\"72fad84\" data-element_type=\"column\">\n\t\t\t<div class=\"elementor-widget-wrap elementor-element-populated\">\n\t\t\t\t\t\t\t\t<div class=\"elementor-element elementor-element-3143263 elementor-widget elementor-widget-image\" data-id=\"3143263\" data-element_type=\"widget\" data-widget_type=\"image.default\">\n\t\t\t\t<div class=\"elementor-widget-container\">\n\t\t\t\t\t\t\t\t\t\t\t\t\t\t\t<img decoding=\"async\" width=\"216\" height=\"179\" src=\"https:\/\/landeskrone.eu\/wp-content\/uploads\/2023\/04\/artdecohouse.jpg\" class=\"attachment-large size-large wp-image-960\" alt=\"\" loading=\"lazy\" \/>\t\t\t\t\t\t\t\t\t\t\t\t\t\t\t<\/div>\n\t\t\t\t<\/div>\n\t\t\t\t<div class=\"elementor-element elementor-element-3fa182f elementor-position-left elementor-widget__width-initial elementor-view-default elementor-mobile-position-top elementor-vertical-align-top elementor-widget elementor-widget-icon-box\" data-id=\"3fa182f\" data-element_type=\"widget\" data-widget_type=\"icon-box.default\">\n\t\t\t\t<div class=\"elementor-widget-container\">\n\t\t\t\t\t<div class=\"elementor-icon-box-wrapper\">\n\t\t\t\t\t\t<div class=\"elementor-icon-box-icon\">\n\t\t\t\t<span class=\"elementor-icon elementor-animation-\" >\n\t\t\t\t<i aria-hidden=\"true\" class=\"fas fa-map-marker-alt\"><\/i>\t\t\t\t<\/span>\n\t\t\t<\/div>\n\t\t\t\t\t\t<div class=\"elementor-icon-box-content\">\n\t\t\t\t<h6 class=\"elementor-icon-box-title\">\n\t\t\t\t\t<span  >\n\t\t\t\t\t\tLokalizacja\t\t\t\t\t<\/span>\n\t\t\t\t<\/h6>\n\t\t\t\t\t\t\t\t\t<p class=\"elementor-icon-box-description\">\n\t\t\t\t\t\tul . Kazimierzowska 81,  Mokot\u00f3w, \nWarszawa\t\t\t\t\t<\/p>\n\t\t\t\t\t\t\t<\/div>\n\t\t<\/div>\n\t\t\t\t<\/div>\n\t\t\t\t<\/div>\n\t\t\t\t\t<\/div>\n\t\t<\/div>\n\t\t\t\t\t\t\t<\/div>\n\t\t<\/section>\n\t\t\t\t\t<\/div>\n\t\t<\/div>\n\t\t\t\t\t\t\t<\/div>\n\t\t<\/section>\n\t\t\t\t<section class=\"elementor-section elementor-top-section elementor-element elementor-element-e42a6e3 elementor-section-content-middle elementor-reverse-tablet elementor-reverse-mobile elementor-hidden-desktop elementor-section-boxed elementor-section-height-default elementor-section-height-default\" data-id=\"e42a6e3\" data-element_type=\"section\" data-settings=\"{&quot;background_background&quot;:&quot;classic&quot;}\">\n\t\t\t\t\t\t<div class=\"elementor-container elementor-column-gap-no\">\n\t\t\t\t\t<div class=\"elementor-column elementor-col-50 elementor-top-column elementor-element elementor-element-fe41e9a\" data-id=\"fe41e9a\" data-element_type=\"column\">\n\t\t\t<div class=\"elementor-widget-wrap elementor-element-populated\">\n\t\t\t\t\t\t\t\t<div class=\"elementor-element elementor-element-430228b elementor-widget__width-inherit elementor-widget elementor-widget-heading\" data-id=\"430228b\" data-element_type=\"widget\" data-widget_type=\"heading.default\">\n\t\t\t\t<div class=\"elementor-widget-container\">\n\t\t\t<h6 class=\"elementor-heading-title elementor-size-default\">Zrealizowana inwestycja<\/h6>\t\t<\/div>\n\t\t\t\t<\/div>\n\t\t\t\t<div class=\"elementor-element elementor-element-b46af21 elementor-widget__width-initial elementor-widget elementor-widget-heading\" data-id=\"b46af21\" data-element_type=\"widget\" data-widget_type=\"heading.default\">\n\t\t\t\t<div class=\"elementor-widget-container\">\n\t\t\t<h2 class=\"elementor-heading-title elementor-size-default\">Rezydencja Powi\u015ble<\/h2>\t\t<\/div>\n\t\t\t\t<\/div>\n\t\t\t\t<div class=\"elementor-element elementor-element-b988be9 elementor-widget elementor-widget-text-editor\" data-id=\"b988be9\" data-element_type=\"widget\" data-widget_type=\"text-editor.default\">\n\t\t\t\t<div class=\"elementor-widget-container\">\n\t\t\t\t\t\t\t<p>Nowa ods\u0142ona odrestaurowanej kamienicy, Rezydencja Powi\u015ble. Przestronne wn\u0119trza, pi\u0119kna klatka schodowa ze sztukateri\u0105, obrazami, du\u017c\u0105 liczb\u0105 luster oraz kamienn\u0105 posadzk\u0105 \u2013 to tylko nieliczne elementy charakteryzuj\u0105ce t\u0119 wytworn\u0105 inwestycj\u0119. Oferta skierowana jest do os\u00f3b ceni\u0105cych wyj\u0105tkow\u0105 atmosfer\u0119 dawnych czas\u00f3w oraz doskonale zachowane detale.<\/p>\t\t\t\t\t\t<\/div>\n\t\t\t\t<\/div>\n\t\t\t\t<section class=\"elementor-section elementor-inner-section elementor-element elementor-element-ddd5fba elementor-section-full_width elementor-section-height-default elementor-section-height-default\" data-id=\"ddd5fba\" data-element_type=\"section\">\n\t\t\t\t\t\t<div class=\"elementor-container elementor-column-gap-no\">\n\t\t\t\t\t<div class=\"elementor-column elementor-col-50 elementor-inner-column elementor-element elementor-element-ea05ef1\" data-id=\"ea05ef1\" data-element_type=\"column\">\n\t\t\t<div class=\"elementor-widget-wrap elementor-element-populated\">\n\t\t\t\t\t\t\t\t<div class=\"elementor-element elementor-element-5e1180d elementor-widget-tablet__width-initial elementor-widget elementor-widget-image\" data-id=\"5e1180d\" data-element_type=\"widget\" data-widget_type=\"image.default\">\n\t\t\t\t<div class=\"elementor-widget-container\">\n\t\t\t\t\t\t\t\t\t\t\t\t\t\t\t<img decoding=\"async\" width=\"278\" height=\"230\" src=\"https:\/\/landeskrone.eu\/wp-content\/uploads\/2023\/05\/powisle.jpg\" class=\"attachment-full size-full wp-image-1344\" alt=\"\" loading=\"lazy\" \/>\t\t\t\t\t\t\t\t\t\t\t\t\t\t\t<\/div>\n\t\t\t\t<\/div>\n\t\t\t\t\t<\/div>\n\t\t<\/div>\n\t\t\t\t<div class=\"elementor-column elementor-col-50 elementor-inner-column elementor-element elementor-element-78a43a7\" data-id=\"78a43a7\" data-element_type=\"column\">\n\t\t\t<div class=\"elementor-widget-wrap elementor-element-populated\">\n\t\t\t\t\t\t\t\t<div class=\"elementor-element elementor-element-c76b26e elementor-position-left elementor-widget__width-initial elementor-view-default elementor-mobile-position-top elementor-vertical-align-top elementor-widget elementor-widget-icon-box\" data-id=\"c76b26e\" data-element_type=\"widget\" data-widget_type=\"icon-box.default\">\n\t\t\t\t<div class=\"elementor-widget-container\">\n\t\t\t\t\t<div class=\"elementor-icon-box-wrapper\">\n\t\t\t\t\t\t<div class=\"elementor-icon-box-icon\">\n\t\t\t\t<span class=\"elementor-icon elementor-animation-\" >\n\t\t\t\t<i aria-hidden=\"true\" class=\"fas fa-map-marker-alt\"><\/i>\t\t\t\t<\/span>\n\t\t\t<\/div>\n\t\t\t\t\t\t<div class=\"elementor-icon-box-content\">\n\t\t\t\t<h6 class=\"elementor-icon-box-title\">\n\t\t\t\t\t<span  >\n\t\t\t\t\t\tLokalizacja\t\t\t\t\t<\/span>\n\t\t\t\t<\/h6>\n\t\t\t\t\t\t\t\t\t<p class=\"elementor-icon-box-description\">\n\t\t\t\t\t\tul. C. \u015aniegockiej 7, Powi\u015ble, Warszawa\t\t\t\t\t<\/p>\n\t\t\t\t\t\t\t<\/div>\n\t\t<\/div>\n\t\t\t\t<\/div>\n\t\t\t\t<\/div>\n\t\t\t\t\t<\/div>\n\t\t<\/div>\n\t\t\t\t\t\t\t<\/div>\n\t\t<\/section>\n\t\t\t\t\t<\/div>\n\t\t<\/div>\n\t\t\t\t<div class=\"elementor-column elementor-col-50 elementor-top-column elementor-element elementor-element-d56d7c9\" data-id=\"d56d7c9\" data-element_type=\"column\">\n\t\t\t<div class=\"elementor-widget-wrap elementor-element-populated\">\n\t\t\t\t\t\t\t\t<div class=\"elementor-element elementor-element-e17cebe elementor-widget__width-initial elementor-widget elementor-widget-image\" data-id=\"e17cebe\" data-element_type=\"widget\" data-widget_type=\"image.default\">\n\t\t\t\t<div class=\"elementor-widget-container\">\n\t\t\t\t\t\t\t\t\t\t\t\t\t\t\t<img decoding=\"async\" width=\"800\" height=\"700\" src=\"https:\/\/landeskrone.eu\/wp-content\/uploads\/2023\/04\/powisle.jpg\" class=\"attachment-full size-full wp-image-969\" alt=\"\" loading=\"lazy\" srcset=\"https:\/\/landeskrone.eu\/wp-content\/uploads\/2023\/04\/powisle.jpg 800w, https:\/\/landeskrone.eu\/wp-content\/uploads\/2023\/04\/powisle-300x263.jpg 300w, https:\/\/landeskrone.eu\/wp-content\/uploads\/2023\/04\/powisle-768x672.jpg 768w\" sizes=\"(max-width: 800px) 100vw, 800px\" \/>\t\t\t\t\t\t\t\t\t\t\t\t\t\t\t<\/div>\n\t\t\t\t<\/div>\n\t\t\t\t\t<\/div>\n\t\t<\/div>\n\t\t\t\t\t\t\t<\/div>\n\t\t<\/section>\n\t\t\t\t<section class=\"elementor-section elementor-top-section elementor-element elementor-element-861621c elementor-section-content-middle elementor-reverse-tablet elementor-reverse-mobile elementor-hidden-tablet elementor-hidden-mobile elementor-section-boxed elementor-section-height-default elementor-section-height-default\" data-id=\"861621c\" data-element_type=\"section\" data-settings=\"{&quot;background_background&quot;:&quot;classic&quot;}\">\n\t\t\t\t\t\t<div class=\"elementor-container elementor-column-gap-no\">\n\t\t\t\t\t<div class=\"elementor-column elementor-col-50 elementor-top-column elementor-element elementor-element-8e9d2f2\" data-id=\"8e9d2f2\" data-element_type=\"column\">\n\t\t\t<div class=\"elementor-widget-wrap elementor-element-populated\">\n\t\t\t\t\t\t\t\t<div class=\"elementor-element elementor-element-1900f62 elementor-widget__width-inherit elementor-widget elementor-widget-heading\" data-id=\"1900f62\" data-element_type=\"widget\" data-widget_type=\"heading.default\">\n\t\t\t\t<div class=\"elementor-widget-container\">\n\t\t\t<h6 class=\"elementor-heading-title elementor-size-default\">Zrealizowana inwestycja<\/h6>\t\t<\/div>\n\t\t\t\t<\/div>\n\t\t\t\t<div class=\"elementor-element elementor-element-aa77007 elementor-widget__width-initial elementor-widget elementor-widget-heading\" data-id=\"aa77007\" data-element_type=\"widget\" data-widget_type=\"heading.default\">\n\t\t\t\t<div class=\"elementor-widget-container\">\n\t\t\t<h2 class=\"elementor-heading-title elementor-size-default\">Rezydencja Powi\u015ble<\/h2>\t\t<\/div>\n\t\t\t\t<\/div>\n\t\t\t\t<div class=\"elementor-element elementor-element-6bb393b elementor-widget elementor-widget-text-editor\" data-id=\"6bb393b\" data-element_type=\"widget\" data-widget_type=\"text-editor.default\">\n\t\t\t\t<div class=\"elementor-widget-container\">\n\t\t\t\t\t\t\t<p>Nowa ods\u0142ona odrestaurowanej kamienicy, Rezydencja Powi\u015ble. Przestronne wn\u0119trza, pi\u0119kna klatka schodowa ze sztukateri\u0105, obrazami, du\u017c\u0105 liczb\u0105 luster oraz kamienn\u0105 posadzk\u0105 \u2013 to tylko nieliczne elementy charakteryzuj\u0105ce t\u0119 wytworn\u0105 inwestycj\u0119. Oferta skierowana jest do os\u00f3b ceni\u0105cych wyj\u0105tkow\u0105 atmosfer\u0119 dawnych czas\u00f3w oraz doskonale zachowane detale.<\/p>\t\t\t\t\t\t<\/div>\n\t\t\t\t<\/div>\n\t\t\t\t<section class=\"elementor-section elementor-inner-section elementor-element elementor-element-5cdb633 elementor-section-full_width elementor-section-height-default elementor-section-height-default\" data-id=\"5cdb633\" data-element_type=\"section\">\n\t\t\t\t\t\t<div class=\"elementor-container elementor-column-gap-no\">\n\t\t\t\t\t<div class=\"elementor-column elementor-col-100 elementor-inner-column elementor-element elementor-element-b648610\" data-id=\"b648610\" data-element_type=\"column\">\n\t\t\t<div class=\"elementor-widget-wrap elementor-element-populated\">\n\t\t\t\t\t\t\t\t<div class=\"elementor-element elementor-element-cf4df64 elementor-widget elementor-widget-image\" data-id=\"cf4df64\" data-element_type=\"widget\" data-widget_type=\"image.default\">\n\t\t\t\t<div class=\"elementor-widget-container\">\n\t\t\t\t\t\t\t\t\t\t\t\t\t\t\t<img decoding=\"async\" width=\"278\" height=\"230\" src=\"https:\/\/landeskrone.eu\/wp-content\/uploads\/2023\/05\/powisle.jpg\" class=\"attachment-full size-full wp-image-1344\" alt=\"\" loading=\"lazy\" \/>\t\t\t\t\t\t\t\t\t\t\t\t\t\t\t<\/div>\n\t\t\t\t<\/div>\n\t\t\t\t<div class=\"elementor-element elementor-element-603e203 elementor-position-left elementor-widget__width-initial elementor-view-default elementor-mobile-position-top elementor-vertical-align-top elementor-widget elementor-widget-icon-box\" data-id=\"603e203\" data-element_type=\"widget\" data-widget_type=\"icon-box.default\">\n\t\t\t\t<div class=\"elementor-widget-container\">\n\t\t\t\t\t<div class=\"elementor-icon-box-wrapper\">\n\t\t\t\t\t\t<div class=\"elementor-icon-box-icon\">\n\t\t\t\t<span class=\"elementor-icon elementor-animation-\" >\n\t\t\t\t<i aria-hidden=\"true\" class=\"fas fa-map-marker-alt\"><\/i>\t\t\t\t<\/span>\n\t\t\t<\/div>\n\t\t\t\t\t\t<div class=\"elementor-icon-box-content\">\n\t\t\t\t<h6 class=\"elementor-icon-box-title\">\n\t\t\t\t\t<span  >\n\t\t\t\t\t\tLokalizacja\t\t\t\t\t<\/span>\n\t\t\t\t<\/h6>\n\t\t\t\t\t\t\t\t\t<p class=\"elementor-icon-box-description\">\n\t\t\t\t\t\tul. C. \u015aniegockiej 7, Powi\u015ble, Warszawa\t\t\t\t\t<\/p>\n\t\t\t\t\t\t\t<\/div>\n\t\t<\/div>\n\t\t\t\t<\/div>\n\t\t\t\t<\/div>\n\t\t\t\t\t<\/div>\n\t\t<\/div>\n\t\t\t\t\t\t\t<\/div>\n\t\t<\/section>\n\t\t\t\t\t<\/div>\n\t\t<\/div>\n\t\t\t\t<div class=\"elementor-column elementor-col-50 elementor-top-column elementor-element elementor-element-2e4bf90\" data-id=\"2e4bf90\" data-element_type=\"column\">\n\t\t\t<div class=\"elementor-widget-wrap elementor-element-populated\">\n\t\t\t\t\t\t\t\t<div class=\"elementor-element elementor-element-7bd8f26 elementor-widget__width-initial elementor-widget elementor-widget-image\" data-id=\"7bd8f26\" data-element_type=\"widget\" data-widget_type=\"image.default\">\n\t\t\t\t<div class=\"elementor-widget-container\">\n\t\t\t\t\t\t\t\t\t\t\t\t\t\t\t<img decoding=\"async\" width=\"800\" height=\"700\" src=\"https:\/\/landeskrone.eu\/wp-content\/uploads\/2023\/04\/powisle.jpg\" class=\"attachment-full size-full wp-image-969\" alt=\"\" loading=\"lazy\" srcset=\"https:\/\/landeskrone.eu\/wp-content\/uploads\/2023\/04\/powisle.jpg 800w, https:\/\/landeskrone.eu\/wp-content\/uploads\/2023\/04\/powisle-300x263.jpg 300w, https:\/\/landeskrone.eu\/wp-content\/uploads\/2023\/04\/powisle-768x672.jpg 768w\" sizes=\"(max-width: 800px) 100vw, 800px\" \/>\t\t\t\t\t\t\t\t\t\t\t\t\t\t\t<\/div>\n\t\t\t\t<\/div>\n\t\t\t\t\t<\/div>\n\t\t<\/div>\n\t\t\t\t\t\t\t<\/div>\n\t\t<\/section>\n\t\t\t\t<section class=\"elementor-section elementor-top-section elementor-element elementor-element-056959b elementor-section-content-middle elementor-reverse-tablet elementor-hidden-desktop elementor-section-boxed elementor-section-height-default elementor-section-height-default\" data-id=\"056959b\" data-element_type=\"section\" data-settings=\"{&quot;background_background&quot;:&quot;classic&quot;}\">\n\t\t\t\t\t\t<div class=\"elementor-container elementor-column-gap-no\">\n\t\t\t\t\t<div class=\"elementor-column elementor-col-50 elementor-top-column elementor-element elementor-element-3a9c510\" data-id=\"3a9c510\" data-element_type=\"column\">\n\t\t\t<div class=\"elementor-widget-wrap elementor-element-populated\">\n\t\t\t\t\t\t\t\t<div class=\"elementor-element elementor-element-cb0596c elementor-widget__width-initial elementor-widget elementor-widget-image\" data-id=\"cb0596c\" data-element_type=\"widget\" data-widget_type=\"image.default\">\n\t\t\t\t<div class=\"elementor-widget-container\">\n\t\t\t\t\t\t\t\t\t\t\t\t\t\t\t<img decoding=\"async\" width=\"805\" height=\"600\" src=\"https:\/\/landeskrone.eu\/wp-content\/uploads\/2023\/05\/do-strony-2.jpg\" class=\"attachment-full size-full wp-image-1327\" alt=\"\" loading=\"lazy\" srcset=\"https:\/\/landeskrone.eu\/wp-content\/uploads\/2023\/05\/do-strony-2.jpg 805w, https:\/\/landeskrone.eu\/wp-content\/uploads\/2023\/05\/do-strony-2-300x224.jpg 300w, https:\/\/landeskrone.eu\/wp-content\/uploads\/2023\/05\/do-strony-2-768x572.jpg 768w\" sizes=\"(max-width: 805px) 100vw, 805px\" \/>\t\t\t\t\t\t\t\t\t\t\t\t\t\t\t<\/div>\n\t\t\t\t<\/div>\n\t\t\t\t<div class=\"elementor-element elementor-element-bcdf8ab elementor-widget elementor-widget-image\" data-id=\"bcdf8ab\" data-element_type=\"widget\" data-widget_type=\"image.default\">\n\t\t\t\t<div class=\"elementor-widget-container\">\n\t\t\t\t\t\t\t\t\t\t\t\t\t\t\t<img decoding=\"async\" width=\"928\" height=\"600\" src=\"https:\/\/landeskrone.eu\/wp-content\/uploads\/2023\/05\/mazurska.jpg\" class=\"attachment-large size-large wp-image-1328\" alt=\"\" loading=\"lazy\" srcset=\"https:\/\/landeskrone.eu\/wp-content\/uploads\/2023\/05\/mazurska.jpg 928w, https:\/\/landeskrone.eu\/wp-content\/uploads\/2023\/05\/mazurska-300x194.jpg 300w, https:\/\/landeskrone.eu\/wp-content\/uploads\/2023\/05\/mazurska-768x497.jpg 768w\" sizes=\"(max-width: 928px) 100vw, 928px\" \/>\t\t\t\t\t\t\t\t\t\t\t\t\t\t\t<\/div>\n\t\t\t\t<\/div>\n\t\t\t\t\t<\/div>\n\t\t<\/div>\n\t\t\t\t<div class=\"elementor-column elementor-col-50 elementor-top-column elementor-element elementor-element-92cdd65 elementor-hidden-desktop\" data-id=\"92cdd65\" data-element_type=\"column\">\n\t\t\t<div class=\"elementor-widget-wrap elementor-element-populated\">\n\t\t\t\t\t\t\t\t<div class=\"elementor-element elementor-element-2d9c1b7 elementor-widget__width-inherit elementor-widget elementor-widget-heading\" data-id=\"2d9c1b7\" data-element_type=\"widget\" data-widget_type=\"heading.default\">\n\t\t\t\t<div class=\"elementor-widget-container\">\n\t\t\t<h6 class=\"elementor-heading-title elementor-size-default\">Inwestycja w przygotowaniu<\/h6>\t\t<\/div>\n\t\t\t\t<\/div>\n\t\t\t\t<div class=\"elementor-element elementor-element-fb81a08 elementor-widget__width-initial elementor-widget elementor-widget-heading\" data-id=\"fb81a08\" data-element_type=\"widget\" data-widget_type=\"heading.default\">\n\t\t\t\t<div class=\"elementor-widget-container\">\n\t\t\t<h2 class=\"elementor-heading-title elementor-size-default\">Mazurska Oaza<\/h2>\t\t<\/div>\n\t\t\t\t<\/div>\n\t\t\t\t<div class=\"elementor-element elementor-element-b699fac elementor-widget elementor-widget-text-editor\" data-id=\"b699fac\" data-element_type=\"widget\" data-widget_type=\"text-editor.default\">\n\t\t\t\t<div class=\"elementor-widget-container\">\n\t\t\t\t\t\t\t<p>Mazurska Oaza to kompleks dzia\u0142ek po\u0142o\u017cony przy Jeziorze Gaudy w okolicy I\u0142awy na terenie Mazur Zachodnich. Miejsce to, znajduj\u0105ce si\u0119 w sercu Mazur, idealnie nadaje si\u0119 na wypoczynek na \u0142onie natury. S\u0105siaduj\u0105ce jezioro Gaudy wchodzi w sk\u0142ad za\u0142o\u017conego w 1957 roku rezerwatu przyrody o powierzchni 520,56 ha.<\/p>\t\t\t\t\t\t<\/div>\n\t\t\t\t<\/div>\n\t\t\t\t<section class=\"elementor-section elementor-inner-section elementor-element elementor-element-b76721f elementor-section-full_width elementor-section-height-default elementor-section-height-default\" data-id=\"b76721f\" data-element_type=\"section\">\n\t\t\t\t\t\t<div class=\"elementor-container elementor-column-gap-no\">\n\t\t\t\t\t<div class=\"elementor-column elementor-col-50 elementor-inner-column elementor-element elementor-element-8dc5711\" data-id=\"8dc5711\" data-element_type=\"column\">\n\t\t\t<div class=\"elementor-widget-wrap elementor-element-populated\">\n\t\t\t\t\t\t\t\t<div class=\"elementor-element elementor-element-cef833e elementor-widget-tablet__width-initial elementor-widget elementor-widget-image\" data-id=\"cef833e\" data-element_type=\"widget\" data-widget_type=\"image.default\">\n\t\t\t\t<div class=\"elementor-widget-container\">\n\t\t\t\t\t\t\t\t\t\t\t\t\t\t\t<img decoding=\"async\" width=\"216\" height=\"179\" src=\"https:\/\/landeskrone.eu\/wp-content\/uploads\/2023\/04\/mazurska_oaza1.jpg\" class=\"attachment-full size-full wp-image-981\" alt=\"\" loading=\"lazy\" \/>\t\t\t\t\t\t\t\t\t\t\t\t\t\t\t<\/div>\n\t\t\t\t<\/div>\n\t\t\t\t\t<\/div>\n\t\t<\/div>\n\t\t\t\t<div class=\"elementor-column elementor-col-50 elementor-inner-column elementor-element elementor-element-6828815\" data-id=\"6828815\" data-element_type=\"column\">\n\t\t\t<div class=\"elementor-widget-wrap elementor-element-populated\">\n\t\t\t\t\t\t\t\t<div class=\"elementor-element elementor-element-2e7ee6d elementor-position-left elementor-widget__width-initial elementor-view-default elementor-mobile-position-top elementor-vertical-align-top elementor-widget elementor-widget-icon-box\" data-id=\"2e7ee6d\" data-element_type=\"widget\" data-widget_type=\"icon-box.default\">\n\t\t\t\t<div class=\"elementor-widget-container\">\n\t\t\t\t\t<div class=\"elementor-icon-box-wrapper\">\n\t\t\t\t\t\t<div class=\"elementor-icon-box-icon\">\n\t\t\t\t<span class=\"elementor-icon elementor-animation-\" >\n\t\t\t\t<i aria-hidden=\"true\" class=\"fas fa-map-marker-alt\"><\/i>\t\t\t\t<\/span>\n\t\t\t<\/div>\n\t\t\t\t\t\t<div class=\"elementor-icon-box-content\">\n\t\t\t\t<h6 class=\"elementor-icon-box-title\">\n\t\t\t\t\t<span  >\n\t\t\t\t\t\tLokalizacja\t\t\t\t\t<\/span>\n\t\t\t\t<\/h6>\n\t\t\t\t\t\t\t\t\t<p class=\"elementor-icon-box-description\">\n\t\t\t\t\t\tJezioro Gaudy, Mazury\t\t\t\t\t<\/p>\n\t\t\t\t\t\t\t<\/div>\n\t\t<\/div>\n\t\t\t\t<\/div>\n\t\t\t\t<\/div>\n\t\t\t\t\t<\/div>\n\t\t<\/div>\n\t\t\t\t\t\t\t<\/div>\n\t\t<\/section>\n\t\t\t\t<div class=\"elementor-element elementor-element-971f1ce elementor-widget elementor-widget-button\" data-id=\"971f1ce\" data-element_type=\"widget\" data-widget_type=\"button.default\">\n\t\t\t\t<div class=\"elementor-widget-container\">\n\t\t\t\t\t<div class=\"elementor-button-wrapper\">\n\t\t\t<a href=\"http:\/\/mazurskaoaza.com\/\" class=\"elementor-button-link elementor-button elementor-size-sm\" role=\"button\">\n\t\t\t\t\t\t<span class=\"elementor-button-content-wrapper\">\n\t\t\t\t\t\t\t<span class=\"elementor-button-icon elementor-align-icon-right\">\n\t\t\t\t<svg xmlns=\"http:\/\/www.w3.org\/2000\/svg\" viewBox=\"0 0 2048 2048\"><path d=\"M6.125 1088h1797.89l-402.976 403 89.994 90L2048 1024l-556.966-557-89.994 90 402.976 403H6.125v128z\"><\/path><\/svg>\t\t\t<\/span>\n\t\t\t\t\t\t<span class=\"elementor-button-text\">Przejd\u017a do strony inwestycji<\/span>\n\t\t<\/span>\n\t\t\t\t\t<\/a>\n\t\t<\/div>\n\t\t\t\t<\/div>\n\t\t\t\t<\/div>\n\t\t\t\t\t<\/div>\n\t\t<\/div>\n\t\t\t\t\t\t\t<\/div>\n\t\t<\/section>\n\t\t\t\t<section class=\"elementor-section elementor-top-section elementor-element elementor-element-5b2e181 elementor-section-content-middle elementor-reverse-tablet elementor-reverse-mobile elementor-hidden-mobile elementor-hidden-tablet elementor-section-boxed elementor-section-height-default elementor-section-height-default\" data-id=\"5b2e181\" data-element_type=\"section\" data-settings=\"{&quot;background_background&quot;:&quot;classic&quot;}\">\n\t\t\t\t\t\t<div class=\"elementor-container elementor-column-gap-no\">\n\t\t\t\t\t<div class=\"elementor-column elementor-col-50 elementor-top-column elementor-element elementor-element-1c43276\" data-id=\"1c43276\" data-element_type=\"column\">\n\t\t\t<div class=\"elementor-widget-wrap elementor-element-populated\">\n\t\t\t\t\t\t\t\t<div class=\"elementor-element elementor-element-89eb3d9 elementor-widget__width-initial elementor-widget elementor-widget-image\" data-id=\"89eb3d9\" data-element_type=\"widget\" data-widget_type=\"image.default\">\n\t\t\t\t<div class=\"elementor-widget-container\">\n\t\t\t\t\t\t\t\t\t\t\t\t\t\t\t<img decoding=\"async\" width=\"805\" height=\"600\" src=\"https:\/\/landeskrone.eu\/wp-content\/uploads\/2023\/05\/do-strony-2.jpg\" class=\"attachment-full size-full wp-image-1327\" alt=\"\" loading=\"lazy\" srcset=\"https:\/\/landeskrone.eu\/wp-content\/uploads\/2023\/05\/do-strony-2.jpg 805w, https:\/\/landeskrone.eu\/wp-content\/uploads\/2023\/05\/do-strony-2-300x224.jpg 300w, https:\/\/landeskrone.eu\/wp-content\/uploads\/2023\/05\/do-strony-2-768x572.jpg 768w\" sizes=\"(max-width: 805px) 100vw, 805px\" \/>\t\t\t\t\t\t\t\t\t\t\t\t\t\t\t<\/div>\n\t\t\t\t<\/div>\n\t\t\t\t<div class=\"elementor-element elementor-element-9b001e1 elementor-widget elementor-widget-image\" data-id=\"9b001e1\" data-element_type=\"widget\" data-widget_type=\"image.default\">\n\t\t\t\t<div class=\"elementor-widget-container\">\n\t\t\t\t\t\t\t\t\t\t\t\t\t\t\t<img decoding=\"async\" width=\"928\" height=\"600\" src=\"https:\/\/landeskrone.eu\/wp-content\/uploads\/2023\/05\/mazurska.jpg\" class=\"attachment-large size-large wp-image-1328\" alt=\"\" loading=\"lazy\" srcset=\"https:\/\/landeskrone.eu\/wp-content\/uploads\/2023\/05\/mazurska.jpg 928w, https:\/\/landeskrone.eu\/wp-content\/uploads\/2023\/05\/mazurska-300x194.jpg 300w, https:\/\/landeskrone.eu\/wp-content\/uploads\/2023\/05\/mazurska-768x497.jpg 768w\" sizes=\"(max-width: 928px) 100vw, 928px\" \/>\t\t\t\t\t\t\t\t\t\t\t\t\t\t\t<\/div>\n\t\t\t\t<\/div>\n\t\t\t\t\t<\/div>\n\t\t<\/div>\n\t\t\t\t<div class=\"elementor-column elementor-col-50 elementor-top-column elementor-element elementor-element-5d7ab29\" data-id=\"5d7ab29\" data-element_type=\"column\">\n\t\t\t<div class=\"elementor-widget-wrap elementor-element-populated\">\n\t\t\t\t\t\t\t\t<div class=\"elementor-element elementor-element-1aeca5b elementor-widget__width-inherit elementor-widget elementor-widget-heading\" data-id=\"1aeca5b\" data-element_type=\"widget\" data-widget_type=\"heading.default\">\n\t\t\t\t<div class=\"elementor-widget-container\">\n\t\t\t<h6 class=\"elementor-heading-title elementor-size-default\">Inwestycja w przygotowaniu<\/h6>\t\t<\/div>\n\t\t\t\t<\/div>\n\t\t\t\t<div class=\"elementor-element elementor-element-32a2e8e elementor-widget__width-initial elementor-widget elementor-widget-heading\" data-id=\"32a2e8e\" data-element_type=\"widget\" data-widget_type=\"heading.default\">\n\t\t\t\t<div class=\"elementor-widget-container\">\n\t\t\t<h2 class=\"elementor-heading-title elementor-size-default\">Mazurska Oaza<\/h2>\t\t<\/div>\n\t\t\t\t<\/div>\n\t\t\t\t<div class=\"elementor-element elementor-element-0af5ac4 elementor-widget elementor-widget-text-editor\" data-id=\"0af5ac4\" data-element_type=\"widget\" data-widget_type=\"text-editor.default\">\n\t\t\t\t<div class=\"elementor-widget-container\">\n\t\t\t\t\t\t\t<p>Mazurska Oaza to kompleks dzia\u0142ek po\u0142o\u017cony przy Jeziorze Gaudy w okolicy I\u0142awy na terenie Mazur Zachodnich. Miejsce to, znajduj\u0105ce si\u0119 w sercu Mazur, idealnie nadaje si\u0119 na wypoczynek na \u0142onie natury. S\u0105siaduj\u0105ce jezioro Gaudy wchodzi w sk\u0142ad za\u0142o\u017conego w 1957 roku rezerwatu przyrody o powierzchni 520,56 ha.<\/p>\t\t\t\t\t\t<\/div>\n\t\t\t\t<\/div>\n\t\t\t\t<section class=\"elementor-section elementor-inner-section elementor-element elementor-element-e0d025b elementor-section-full_width elementor-section-height-default elementor-section-height-default\" data-id=\"e0d025b\" data-element_type=\"section\">\n\t\t\t\t\t\t<div class=\"elementor-container elementor-column-gap-no\">\n\t\t\t\t\t<div class=\"elementor-column elementor-col-100 elementor-inner-column elementor-element elementor-element-0d59c7c\" data-id=\"0d59c7c\" data-element_type=\"column\">\n\t\t\t<div class=\"elementor-widget-wrap elementor-element-populated\">\n\t\t\t\t\t\t\t\t<div class=\"elementor-element elementor-element-d3a2047 elementor-widget elementor-widget-image\" data-id=\"d3a2047\" data-element_type=\"widget\" data-widget_type=\"image.default\">\n\t\t\t\t<div class=\"elementor-widget-container\">\n\t\t\t\t\t\t\t\t\t\t\t\t\t\t\t<img decoding=\"async\" width=\"216\" height=\"179\" src=\"https:\/\/landeskrone.eu\/wp-content\/uploads\/2023\/04\/mazurska_oaza1.jpg\" class=\"attachment-full size-full wp-image-981\" alt=\"\" loading=\"lazy\" \/>\t\t\t\t\t\t\t\t\t\t\t\t\t\t\t<\/div>\n\t\t\t\t<\/div>\n\t\t\t\t<div class=\"elementor-element elementor-element-7cf8394 elementor-position-left elementor-widget__width-initial elementor-view-default elementor-mobile-position-top elementor-vertical-align-top elementor-widget elementor-widget-icon-box\" data-id=\"7cf8394\" data-element_type=\"widget\" data-widget_type=\"icon-box.default\">\n\t\t\t\t<div class=\"elementor-widget-container\">\n\t\t\t\t\t<div class=\"elementor-icon-box-wrapper\">\n\t\t\t\t\t\t<div class=\"elementor-icon-box-icon\">\n\t\t\t\t<span class=\"elementor-icon elementor-animation-\" >\n\t\t\t\t<i aria-hidden=\"true\" class=\"fas fa-map-marker-alt\"><\/i>\t\t\t\t<\/span>\n\t\t\t<\/div>\n\t\t\t\t\t\t<div class=\"elementor-icon-box-content\">\n\t\t\t\t<h6 class=\"elementor-icon-box-title\">\n\t\t\t\t\t<span  >\n\t\t\t\t\t\tLokalizacja\t\t\t\t\t<\/span>\n\t\t\t\t<\/h6>\n\t\t\t\t\t\t\t\t\t<p class=\"elementor-icon-box-description\">\n\t\t\t\t\t\tJezioro Gaudy, Mazury\t\t\t\t\t<\/p>\n\t\t\t\t\t\t\t<\/div>\n\t\t<\/div>\n\t\t\t\t<\/div>\n\t\t\t\t<\/div>\n\t\t\t\t\t<\/div>\n\t\t<\/div>\n\t\t\t\t\t\t\t<\/div>\n\t\t<\/section>\n\t\t\t\t<div class=\"elementor-element elementor-element-888a0a4 elementor-widget elementor-widget-button\" data-id=\"888a0a4\" data-element_type=\"widget\" data-widget_type=\"button.default\">\n\t\t\t\t<div class=\"elementor-widget-container\">\n\t\t\t\t\t<div class=\"elementor-button-wrapper\">\n\t\t\t<a href=\"http:\/\/mazurskaoaza.com\/\" class=\"elementor-button-link elementor-button elementor-size-sm\" role=\"button\">\n\t\t\t\t\t\t<span class=\"elementor-button-content-wrapper\">\n\t\t\t\t\t\t\t<span class=\"elementor-button-icon elementor-align-icon-right\">\n\t\t\t\t<svg xmlns=\"http:\/\/www.w3.org\/2000\/svg\" viewBox=\"0 0 2048 2048\"><path d=\"M6.125 1088h1797.89l-402.976 403 89.994 90L2048 1024l-556.966-557-89.994 90 402.976 403H6.125v128z\"><\/path><\/svg>\t\t\t<\/span>\n\t\t\t\t\t\t<span class=\"elementor-button-text\">Przejd\u017a do strony inwestycji<\/span>\n\t\t<\/span>\n\t\t\t\t\t<\/a>\n\t\t<\/div>\n\t\t\t\t<\/div>\n\t\t\t\t<\/div>\n\t\t\t\t\t<\/div>\n\t\t<\/div>\n\t\t\t\t\t\t\t<\/div>\n\t\t<\/section>\n\t\t\t\t<section class=\"elementor-section elementor-top-section elementor-element elementor-element-e41bccb elementor-section-content-middle elementor-reverse-tablet elementor-reverse-mobile elementor-hidden-desktop elementor-section-boxed elementor-section-height-default elementor-section-height-default\" data-id=\"e41bccb\" data-element_type=\"section\" data-settings=\"{&quot;background_background&quot;:&quot;classic&quot;}\">\n\t\t\t\t\t\t<div class=\"elementor-container elementor-column-gap-no\">\n\t\t\t\t\t<div class=\"elementor-column elementor-col-50 elementor-top-column elementor-element elementor-element-7a2cda9\" data-id=\"7a2cda9\" data-element_type=\"column\">\n\t\t\t<div class=\"elementor-widget-wrap elementor-element-populated\">\n\t\t\t\t\t\t\t\t<div class=\"elementor-element elementor-element-6ab291e elementor-widget__width-inherit elementor-widget elementor-widget-heading\" data-id=\"6ab291e\" data-element_type=\"widget\" data-widget_type=\"heading.default\">\n\t\t\t\t<div class=\"elementor-widget-container\">\n\t\t\t<h6 class=\"elementor-heading-title elementor-size-default\">Inwestycja w przygotowaniu<\/h6>\t\t<\/div>\n\t\t\t\t<\/div>\n\t\t\t\t<div class=\"elementor-element elementor-element-967b850 elementor-widget__width-initial elementor-widget elementor-widget-heading\" data-id=\"967b850\" data-element_type=\"widget\" data-widget_type=\"heading.default\">\n\t\t\t\t<div class=\"elementor-widget-container\">\n\t\t\t<h2 class=\"elementor-heading-title elementor-size-default\">Pa\u0142ac Ksi\u0105\u017c\u0105t Lubomirskich<\/h2>\t\t<\/div>\n\t\t\t\t<\/div>\n\t\t\t\t<div class=\"elementor-element elementor-element-33923d9 elementor-widget__width-initial elementor-widget elementor-widget-text-editor\" data-id=\"33923d9\" data-element_type=\"widget\" data-widget_type=\"text-editor.default\">\n\t\t\t\t<div class=\"elementor-widget-container\">\n\t\t\t\t\t\t\t<p>Doskona\u0142a lokalizacja na inwestycj\u0119 przy samym brzegu jeziora Lubi\u0105\u017c w kompleksie zamkowo-pa\u0142acowym. Koncepcja rewitalizacji Pa\u0142acu uwzgl\u0119dnia dwa warianty jego zagospodarowania. Na cele hotelowe z Wellness i SPA lub dom spokojnej staro\u015bci. Lubniewice to miejscowo\u015b\u0107 turystyczna z licznymi pla\u017cami, atrakcjami, otoczona lasami i parkami. Idealne miejsce do realizacji wy\u017cej wymienionych inwestycji.<\/p>\t\t\t\t\t\t<\/div>\n\t\t\t\t<\/div>\n\t\t\t\t<section class=\"elementor-section elementor-inner-section elementor-element elementor-element-0bd6852 elementor-section-boxed elementor-section-height-default elementor-section-height-default\" data-id=\"0bd6852\" data-element_type=\"section\">\n\t\t\t\t\t\t<div class=\"elementor-container elementor-column-gap-no\">\n\t\t\t\t\t<div class=\"elementor-column elementor-col-50 elementor-inner-column elementor-element elementor-element-f240479\" data-id=\"f240479\" data-element_type=\"column\">\n\t\t\t<div class=\"elementor-widget-wrap elementor-element-populated\">\n\t\t\t\t\t\t\t\t<div class=\"elementor-element elementor-element-abab261 elementor-widget-tablet__width-initial elementor-widget elementor-widget-image\" data-id=\"abab261\" data-element_type=\"widget\" data-widget_type=\"image.default\">\n\t\t\t\t<div class=\"elementor-widget-container\">\n\t\t\t\t\t\t\t\t\t\t\t\t\t\t\t<img decoding=\"async\" width=\"216\" height=\"179\" src=\"https:\/\/landeskrone.eu\/wp-content\/uploads\/2023\/05\/do-strony-3.jpg\" class=\"attachment-large size-large wp-image-1334\" alt=\"\" loading=\"lazy\" \/>\t\t\t\t\t\t\t\t\t\t\t\t\t\t\t<\/div>\n\t\t\t\t<\/div>\n\t\t\t\t\t<\/div>\n\t\t<\/div>\n\t\t\t\t<div class=\"elementor-column elementor-col-50 elementor-inner-column elementor-element elementor-element-e94abc9\" data-id=\"e94abc9\" data-element_type=\"column\">\n\t\t\t<div class=\"elementor-widget-wrap elementor-element-populated\">\n\t\t\t\t\t\t\t\t<div class=\"elementor-element elementor-element-f0ed722 elementor-position-left elementor-widget__width-initial elementor-view-default elementor-mobile-position-top elementor-vertical-align-top elementor-widget elementor-widget-icon-box\" data-id=\"f0ed722\" data-element_type=\"widget\" data-widget_type=\"icon-box.default\">\n\t\t\t\t<div class=\"elementor-widget-container\">\n\t\t\t\t\t<div class=\"elementor-icon-box-wrapper\">\n\t\t\t\t\t\t<div class=\"elementor-icon-box-icon\">\n\t\t\t\t<span class=\"elementor-icon elementor-animation-\" >\n\t\t\t\t<i aria-hidden=\"true\" class=\"fas fa-map-marker-alt\"><\/i>\t\t\t\t<\/span>\n\t\t\t<\/div>\n\t\t\t\t\t\t<div class=\"elementor-icon-box-content\">\n\t\t\t\t<h6 class=\"elementor-icon-box-title\">\n\t\t\t\t\t<span  >\n\t\t\t\t\t\tLokalizacja\t\t\t\t\t<\/span>\n\t\t\t\t<\/h6>\n\t\t\t\t\t\t\t\t\t<p class=\"elementor-icon-box-description\">\n\t\t\t\t\t\tul . Zamkowa 3,  Lubniewice\t\t\t\t\t<\/p>\n\t\t\t\t\t\t\t<\/div>\n\t\t<\/div>\n\t\t\t\t<\/div>\n\t\t\t\t<\/div>\n\t\t\t\t\t<\/div>\n\t\t<\/div>\n\t\t\t\t\t\t\t<\/div>\n\t\t<\/section>\n\t\t\t\t<div class=\"elementor-element elementor-element-859f4f3 elementor-align-right elementor-tablet-align-center elementor-widget elementor-widget-button\" data-id=\"859f4f3\" data-element_type=\"widget\" data-widget_type=\"button.default\">\n\t\t\t\t<div class=\"elementor-widget-container\">\n\t\t\t\t\t<div class=\"elementor-button-wrapper\">\n\t\t\t<a href=\"#\" class=\"elementor-button-link elementor-button elementor-size-sm\" role=\"button\">\n\t\t\t\t\t\t<span class=\"elementor-button-content-wrapper\">\n\t\t\t\t\t\t\t<span class=\"elementor-button-icon elementor-align-icon-right\">\n\t\t\t\t<svg xmlns=\"http:\/\/www.w3.org\/2000\/svg\" viewBox=\"0 0 2048 2048\"><path d=\"M6.125 1088h1797.89l-402.976 403 89.994 90L2048 1024l-556.966-557-89.994 90 402.976 403H6.125v128z\"><\/path><\/svg>\t\t\t<\/span>\n\t\t\t\t\t\t<span class=\"elementor-button-text\">Przejd\u017a do strony Zamku<\/span>\n\t\t<\/span>\n\t\t\t\t\t<\/a>\n\t\t<\/div>\n\t\t\t\t<\/div>\n\t\t\t\t<\/div>\n\t\t\t\t\t<\/div>\n\t\t<\/div>\n\t\t\t\t<div class=\"elementor-column elementor-col-50 elementor-top-column elementor-element elementor-element-186078d\" data-id=\"186078d\" data-element_type=\"column\">\n\t\t\t<div class=\"elementor-widget-wrap elementor-element-populated\">\n\t\t\t\t\t\t\t\t<div class=\"elementor-element elementor-element-fc7142c elementor-widget__width-initial elementor-widget elementor-widget-image\" data-id=\"fc7142c\" data-element_type=\"widget\" data-widget_type=\"image.default\">\n\t\t\t\t<div class=\"elementor-widget-container\">\n\t\t\t\t\t\t\t\t\t\t\t\t\t\t\t<img decoding=\"async\" width=\"805\" height=\"600\" src=\"https:\/\/landeskrone.eu\/wp-content\/uploads\/2023\/06\/do-strony.jpg\" class=\"attachment-full size-full wp-image-1356\" alt=\"\" loading=\"lazy\" srcset=\"https:\/\/landeskrone.eu\/wp-content\/uploads\/2023\/06\/do-strony.jpg 805w, https:\/\/landeskrone.eu\/wp-content\/uploads\/2023\/06\/do-strony-300x224.jpg 300w, https:\/\/landeskrone.eu\/wp-content\/uploads\/2023\/06\/do-strony-768x572.jpg 768w\" sizes=\"(max-width: 805px) 100vw, 805px\" \/>\t\t\t\t\t\t\t\t\t\t\t\t\t\t\t<\/div>\n\t\t\t\t<\/div>\n\t\t\t\t<div class=\"elementor-element elementor-element-4c666f5 elementor-widget elementor-widget-image\" data-id=\"4c666f5\" data-element_type=\"widget\" data-widget_type=\"image.default\">\n\t\t\t\t<div class=\"elementor-widget-container\">\n\t\t\t\t\t\t\t\t\t\t\t\t\t\t\t<img decoding=\"async\" width=\"928\" height=\"600\" src=\"https:\/\/landeskrone.eu\/wp-content\/uploads\/2023\/06\/asd.jpg\" class=\"attachment-large size-large wp-image-1359\" alt=\"\" loading=\"lazy\" srcset=\"https:\/\/landeskrone.eu\/wp-content\/uploads\/2023\/06\/asd.jpg 928w, https:\/\/landeskrone.eu\/wp-content\/uploads\/2023\/06\/asd-300x194.jpg 300w, https:\/\/landeskrone.eu\/wp-content\/uploads\/2023\/06\/asd-768x497.jpg 768w\" sizes=\"(max-width: 928px) 100vw, 928px\" \/>\t\t\t\t\t\t\t\t\t\t\t\t\t\t\t<\/div>\n\t\t\t\t<\/div>\n\t\t\t\t\t<\/div>\n\t\t<\/div>\n\t\t\t\t\t\t\t<\/div>\n\t\t<\/section>\n\t\t\t\t<section class=\"elementor-section elementor-top-section elementor-element elementor-element-3157d07 elementor-section-content-middle elementor-reverse-tablet elementor-reverse-mobile elementor-hidden-tablet elementor-hidden-mobile elementor-section-boxed elementor-section-height-default elementor-section-height-default\" data-id=\"3157d07\" data-element_type=\"section\" data-settings=\"{&quot;background_background&quot;:&quot;classic&quot;}\">\n\t\t\t\t\t\t<div class=\"elementor-container elementor-column-gap-no\">\n\t\t\t\t\t<div class=\"elementor-column elementor-col-50 elementor-top-column elementor-element elementor-element-3912b17\" data-id=\"3912b17\" data-element_type=\"column\">\n\t\t\t<div class=\"elementor-widget-wrap elementor-element-populated\">\n\t\t\t\t\t\t\t\t<div class=\"elementor-element elementor-element-7f1784e elementor-widget__width-inherit elementor-widget elementor-widget-heading\" data-id=\"7f1784e\" data-element_type=\"widget\" data-widget_type=\"heading.default\">\n\t\t\t\t<div class=\"elementor-widget-container\">\n\t\t\t<h6 class=\"elementor-heading-title elementor-size-default\">Inwestycja w przygotowaniu<\/h6>\t\t<\/div>\n\t\t\t\t<\/div>\n\t\t\t\t<div class=\"elementor-element elementor-element-484fa21 elementor-widget__width-initial elementor-widget elementor-widget-heading\" data-id=\"484fa21\" data-element_type=\"widget\" data-widget_type=\"heading.default\">\n\t\t\t\t<div class=\"elementor-widget-container\">\n\t\t\t<h2 class=\"elementor-heading-title elementor-size-default\">Pa\u0142ac Ksi\u0105\u017c\u0105t Lubomirskich<\/h2>\t\t<\/div>\n\t\t\t\t<\/div>\n\t\t\t\t<div class=\"elementor-element elementor-element-9f8b0f5 elementor-widget__width-initial elementor-widget elementor-widget-text-editor\" data-id=\"9f8b0f5\" data-element_type=\"widget\" data-widget_type=\"text-editor.default\">\n\t\t\t\t<div class=\"elementor-widget-container\">\n\t\t\t\t\t\t\t<p>Doskona\u0142a lokalizacja na inwestycj\u0119 przy samym brzegu jeziora Lubi\u0105\u017c w kompleksie zamkowo-pa\u0142acowym. Koncepcja rewitalizacji Pa\u0142acu uwzgl\u0119dnia dwa warianty jego zagospodarowania. Na cele hotelowe z Wellness i SPA lub dom spokojnej staro\u015bci. Lubniewice to miejscowo\u015b\u0107 turystyczna z licznymi pla\u017cami, atrakcjami, otoczona lasami i parkami. Idealne miejsce do realizacji wy\u017cej wymienionych inwestycji.<\/p>\t\t\t\t\t\t<\/div>\n\t\t\t\t<\/div>\n\t\t\t\t<div class=\"elementor-element elementor-element-36dc43c elementor-widget elementor-widget-image\" data-id=\"36dc43c\" data-element_type=\"widget\" data-widget_type=\"image.default\">\n\t\t\t\t<div class=\"elementor-widget-container\">\n\t\t\t\t\t\t\t\t\t\t\t\t\t\t\t<img decoding=\"async\" width=\"216\" height=\"179\" src=\"https:\/\/landeskrone.eu\/wp-content\/uploads\/2023\/05\/do-strony-3.jpg\" class=\"attachment-large size-large wp-image-1334\" alt=\"\" loading=\"lazy\" \/>\t\t\t\t\t\t\t\t\t\t\t\t\t\t\t<\/div>\n\t\t\t\t<\/div>\n\t\t\t\t<section class=\"elementor-section elementor-inner-section elementor-element elementor-element-91a2aa7 elementor-section-boxed elementor-section-height-default elementor-section-height-default\" data-id=\"91a2aa7\" data-element_type=\"section\">\n\t\t\t\t\t\t<div class=\"elementor-container elementor-column-gap-no\">\n\t\t\t\t\t<div class=\"elementor-column elementor-col-100 elementor-inner-column elementor-element elementor-element-8e8f925\" data-id=\"8e8f925\" data-element_type=\"column\">\n\t\t\t<div class=\"elementor-widget-wrap elementor-element-populated\">\n\t\t\t\t\t\t\t\t<div class=\"elementor-element elementor-element-080dba2 elementor-position-left elementor-widget__width-initial elementor-view-default elementor-mobile-position-top elementor-vertical-align-top elementor-widget elementor-widget-icon-box\" data-id=\"080dba2\" data-element_type=\"widget\" data-widget_type=\"icon-box.default\">\n\t\t\t\t<div class=\"elementor-widget-container\">\n\t\t\t\t\t<div class=\"elementor-icon-box-wrapper\">\n\t\t\t\t\t\t<div class=\"elementor-icon-box-icon\">\n\t\t\t\t<span class=\"elementor-icon elementor-animation-\" >\n\t\t\t\t<i aria-hidden=\"true\" class=\"fas fa-map-marker-alt\"><\/i>\t\t\t\t<\/span>\n\t\t\t<\/div>\n\t\t\t\t\t\t<div class=\"elementor-icon-box-content\">\n\t\t\t\t<h6 class=\"elementor-icon-box-title\">\n\t\t\t\t\t<span  >\n\t\t\t\t\t\tLokalizacja\t\t\t\t\t<\/span>\n\t\t\t\t<\/h6>\n\t\t\t\t\t\t\t\t\t<p class=\"elementor-icon-box-description\">\n\t\t\t\t\t\tul . Zamkowa 3,  Lubniewice\t\t\t\t\t<\/p>\n\t\t\t\t\t\t\t<\/div>\n\t\t<\/div>\n\t\t\t\t<\/div>\n\t\t\t\t<\/div>\n\t\t\t\t\t<\/div>\n\t\t<\/div>\n\t\t\t\t\t\t\t<\/div>\n\t\t<\/section>\n\t\t\t\t<div class=\"elementor-element elementor-element-88a5361 elementor-align-right elementor-widget elementor-widget-button\" data-id=\"88a5361\" data-element_type=\"widget\" data-widget_type=\"button.default\">\n\t\t\t\t<div class=\"elementor-widget-container\">\n\t\t\t\t\t<div class=\"elementor-button-wrapper\">\n\t\t\t<a href=\"#\" class=\"elementor-button-link elementor-button elementor-size-sm\" role=\"button\">\n\t\t\t\t\t\t<span class=\"elementor-button-content-wrapper\">\n\t\t\t\t\t\t\t<span class=\"elementor-button-icon elementor-align-icon-right\">\n\t\t\t\t<svg xmlns=\"http:\/\/www.w3.org\/2000\/svg\" viewBox=\"0 0 2048 2048\"><path d=\"M6.125 1088h1797.89l-402.976 403 89.994 90L2048 1024l-556.966-557-89.994 90 402.976 403H6.125v128z\"><\/path><\/svg>\t\t\t<\/span>\n\t\t\t\t\t\t<span class=\"elementor-button-text\">Przejd\u017a do strony Zamku<\/span>\n\t\t<\/span>\n\t\t\t\t\t<\/a>\n\t\t<\/div>\n\t\t\t\t<\/div>\n\t\t\t\t<\/div>\n\t\t\t\t\t<\/div>\n\t\t<\/div>\n\t\t\t\t<div class=\"elementor-column elementor-col-50 elementor-top-column elementor-element elementor-element-06802b0\" data-id=\"06802b0\" data-element_type=\"column\">\n\t\t\t<div class=\"elementor-widget-wrap elementor-element-populated\">\n\t\t\t\t\t\t\t\t<div class=\"elementor-element elementor-element-6843a5c elementor-widget__width-initial elementor-widget elementor-widget-image\" data-id=\"6843a5c\" data-element_type=\"widget\" data-widget_type=\"image.default\">\n\t\t\t\t<div class=\"elementor-widget-container\">\n\t\t\t\t\t\t\t\t\t\t\t\t\t\t\t<img decoding=\"async\" width=\"805\" height=\"600\" src=\"https:\/\/landeskrone.eu\/wp-content\/uploads\/2023\/06\/do-strony.jpg\" class=\"attachment-full size-full wp-image-1356\" alt=\"\" loading=\"lazy\" srcset=\"https:\/\/landeskrone.eu\/wp-content\/uploads\/2023\/06\/do-strony.jpg 805w, https:\/\/landeskrone.eu\/wp-content\/uploads\/2023\/06\/do-strony-300x224.jpg 300w, https:\/\/landeskrone.eu\/wp-content\/uploads\/2023\/06\/do-strony-768x572.jpg 768w\" sizes=\"(max-width: 805px) 100vw, 805px\" \/>\t\t\t\t\t\t\t\t\t\t\t\t\t\t\t<\/div>\n\t\t\t\t<\/div>\n\t\t\t\t<div class=\"elementor-element elementor-element-c640bb5 elementor-widget elementor-widget-image\" data-id=\"c640bb5\" data-element_type=\"widget\" data-widget_type=\"image.default\">\n\t\t\t\t<div class=\"elementor-widget-container\">\n\t\t\t\t\t\t\t\t\t\t\t\t\t\t\t<img decoding=\"async\" width=\"928\" height=\"600\" src=\"https:\/\/landeskrone.eu\/wp-content\/uploads\/2023\/06\/asd.jpg\" class=\"attachment-large size-large wp-image-1359\" alt=\"\" loading=\"lazy\" srcset=\"https:\/\/landeskrone.eu\/wp-content\/uploads\/2023\/06\/asd.jpg 928w, https:\/\/landeskrone.eu\/wp-content\/uploads\/2023\/06\/asd-300x194.jpg 300w, https:\/\/landeskrone.eu\/wp-content\/uploads\/2023\/06\/asd-768x497.jpg 768w\" sizes=\"(max-width: 928px) 100vw, 928px\" \/>\t\t\t\t\t\t\t\t\t\t\t\t\t\t\t<\/div>\n\t\t\t\t<\/div>\n\t\t\t\t\t<\/div>\n\t\t<\/div>\n\t\t\t\t\t\t\t<\/div>\n\t\t<\/section>\n\t\t\t\t<section class=\"elementor-section elementor-top-section elementor-element elementor-element-a60f7dc elementor-section-content-middle elementor-reverse-tablet elementor-hidden-desktop elementor-section-boxed elementor-section-height-default elementor-section-height-default\" data-id=\"a60f7dc\" data-element_type=\"section\" data-settings=\"{&quot;background_background&quot;:&quot;classic&quot;}\">\n\t\t\t\t\t\t<div class=\"elementor-container elementor-column-gap-no\">\n\t\t\t\t\t<div class=\"elementor-column elementor-col-50 elementor-top-column elementor-element elementor-element-cd51457\" data-id=\"cd51457\" data-element_type=\"column\">\n\t\t\t<div class=\"elementor-widget-wrap elementor-element-populated\">\n\t\t\t\t\t\t\t\t<div class=\"elementor-element elementor-element-ec09410 elementor-widget__width-initial elementor-widget elementor-widget-image\" data-id=\"ec09410\" data-element_type=\"widget\" data-widget_type=\"image.default\">\n\t\t\t\t<div class=\"elementor-widget-container\">\n\t\t\t\t\t\t\t\t\t\t\t\t\t\t\t<img decoding=\"async\" width=\"564\" height=\"624\" src=\"https:\/\/landeskrone.eu\/wp-content\/uploads\/2023\/10\/marks.jpg\" class=\"attachment-full size-full wp-image-1630\" alt=\"\" loading=\"lazy\" srcset=\"https:\/\/landeskrone.eu\/wp-content\/uploads\/2023\/10\/marks.jpg 564w, https:\/\/landeskrone.eu\/wp-content\/uploads\/2023\/10\/marks-271x300.jpg 271w\" sizes=\"(max-width: 564px) 100vw, 564px\" \/>\t\t\t\t\t\t\t\t\t\t\t\t\t\t\t<\/div>\n\t\t\t\t<\/div>\n\t\t\t\t\t<\/div>\n\t\t<\/div>\n\t\t\t\t<div class=\"elementor-column elementor-col-50 elementor-top-column elementor-element elementor-element-807d21a\" data-id=\"807d21a\" data-element_type=\"column\">\n\t\t\t<div class=\"elementor-widget-wrap elementor-element-populated\">\n\t\t\t\t\t\t\t\t<div class=\"elementor-element elementor-element-e9dfd1a elementor-widget__width-inherit elementor-widget elementor-widget-heading\" data-id=\"e9dfd1a\" data-element_type=\"widget\" data-widget_type=\"heading.default\">\n\t\t\t\t<div class=\"elementor-widget-container\">\n\t\t\t<h6 class=\"elementor-heading-title elementor-size-default\">Inwestycja w przygotowaniu\u200b<\/h6>\t\t<\/div>\n\t\t\t\t<\/div>\n\t\t\t\t<div class=\"elementor-element elementor-element-58ee206 elementor-widget__width-initial elementor-widget elementor-widget-heading\" data-id=\"58ee206\" data-element_type=\"widget\" data-widget_type=\"heading.default\">\n\t\t\t\t<div class=\"elementor-widget-container\">\n\t\t\t<h2 class=\"elementor-heading-title elementor-size-default\">\u015awi\u0119tego Marka 7\/9, Krak\u00f3w<\/h2>\t\t<\/div>\n\t\t\t\t<\/div>\n\t\t\t\t<div class=\"elementor-element elementor-element-24389b2 elementor-widget elementor-widget-text-editor\" data-id=\"24389b2\" data-element_type=\"widget\" data-widget_type=\"text-editor.default\">\n\t\t\t\t<div class=\"elementor-widget-container\">\n\t\t\t\t\t\t\t<p>Inwestycja o bardzo r\u00f3\u017cnorodnym charakterze, bowiem budynek ma pe\u0142ni\u0107 zar\u00f3wno funkcj\u0119 hotelow\u0105, jak i us\u0142ugowo-komercyjn\u0105. Szczeg\u00f3lnym atutem jest lokalizacja obiektu: w najbli\u017cszym otoczeniu znajduj\u0105 si\u0119 tereny parkowe, punkty kulturalne, obiekty zabytkowe i edukacyjne, takie jak Uniwersytet Jagiello\u0144ski, Bazylika Mariacka, Zamek Kr\u00f3lewski na Wawelu i wiele innych. To idealne miejsce dla turyst\u00f3w, ch\u0119tnych skorzysta\u0107 z najbardziej popularnych atrakcji w Krakowie. Powierzchnia zabudowy wynosi a\u017c 1400 m\u00b2, ca\u0142kowita natomiast 7000 m\u00b2. W planach przewidziany jest remont, w tym dobudowa wind i zmiana sposobu u\u017cytkowania budynk\u00f3w ju\u017c istniej\u0105cych.<\/p>\t\t\t\t\t\t<\/div>\n\t\t\t\t<\/div>\n\t\t\t\t<section class=\"elementor-section elementor-inner-section elementor-element elementor-element-70a58a1 elementor-section-full_width elementor-section-height-default elementor-section-height-default\" data-id=\"70a58a1\" data-element_type=\"section\">\n\t\t\t\t\t\t<div class=\"elementor-container elementor-column-gap-no\">\n\t\t\t\t\t<div class=\"elementor-column elementor-col-100 elementor-inner-column elementor-element elementor-element-62bd33e\" data-id=\"62bd33e\" data-element_type=\"column\">\n\t\t\t<div class=\"elementor-widget-wrap elementor-element-populated\">\n\t\t\t\t\t\t\t\t<div class=\"elementor-element elementor-element-073f4d0 elementor-position-left elementor-widget__width-initial elementor-widget-tablet__width-initial elementor-view-default elementor-mobile-position-top elementor-vertical-align-top elementor-widget elementor-widget-icon-box\" data-id=\"073f4d0\" data-element_type=\"widget\" data-widget_type=\"icon-box.default\">\n\t\t\t\t<div class=\"elementor-widget-container\">\n\t\t\t\t\t<div class=\"elementor-icon-box-wrapper\">\n\t\t\t\t\t\t<div class=\"elementor-icon-box-icon\">\n\t\t\t\t<span class=\"elementor-icon elementor-animation-\" >\n\t\t\t\t<i aria-hidden=\"true\" class=\"fas fa-map-marker-alt\"><\/i>\t\t\t\t<\/span>\n\t\t\t<\/div>\n\t\t\t\t\t\t<div class=\"elementor-icon-box-content\">\n\t\t\t\t<h6 class=\"elementor-icon-box-title\">\n\t\t\t\t\t<span  >\n\t\t\t\t\t\tLokalizacja\t\t\t\t\t<\/span>\n\t\t\t\t<\/h6>\n\t\t\t\t\t\t\t\t\t<p class=\"elementor-icon-box-description\">\n\t\t\t\t\t\t<span style=\"color: rgb(65, 62, 58);\">Ul. \u015bwi\u0119tego Marka 7\/9, Krak\u00f3w<\/span><span style=\"color: rgb(65, 62, 58);\"><\/span>\t\t\t\t\t<\/p>\n\t\t\t\t\t\t\t<\/div>\n\t\t<\/div>\n\t\t\t\t<\/div>\n\t\t\t\t<\/div>\n\t\t\t\t\t<\/div>\n\t\t<\/div>\n\t\t\t\t\t\t\t<\/div>\n\t\t<\/section>\n\t\t\t\t\t<\/div>\n\t\t<\/div>\n\t\t\t\t\t\t\t<\/div>\n\t\t<\/section>\n\t\t\t\t<section class=\"elementor-section elementor-top-section elementor-element elementor-element-60b06b9 elementor-section-content-middle elementor-reverse-tablet elementor-reverse-mobile elementor-hidden-mobile elementor-hidden-tablet elementor-section-boxed elementor-section-height-default elementor-section-height-default\" data-id=\"60b06b9\" data-element_type=\"section\" data-settings=\"{&quot;background_background&quot;:&quot;classic&quot;}\">\n\t\t\t\t\t\t<div class=\"elementor-container elementor-column-gap-no\">\n\t\t\t\t\t<div class=\"elementor-column elementor-col-50 elementor-top-column elementor-element elementor-element-773a225\" data-id=\"773a225\" data-element_type=\"column\">\n\t\t\t<div class=\"elementor-widget-wrap elementor-element-populated\">\n\t\t\t\t\t\t\t\t<div class=\"elementor-element elementor-element-412658a elementor-widget__width-initial elementor-widget elementor-widget-image\" data-id=\"412658a\" data-element_type=\"widget\" data-widget_type=\"image.default\">\n\t\t\t\t<div class=\"elementor-widget-container\">\n\t\t\t\t\t\t\t\t\t\t\t\t\t\t\t<img decoding=\"async\" width=\"564\" height=\"624\" src=\"https:\/\/landeskrone.eu\/wp-content\/uploads\/2023\/10\/marks.jpg\" class=\"attachment-full size-full wp-image-1630\" alt=\"\" loading=\"lazy\" srcset=\"https:\/\/landeskrone.eu\/wp-content\/uploads\/2023\/10\/marks.jpg 564w, https:\/\/landeskrone.eu\/wp-content\/uploads\/2023\/10\/marks-271x300.jpg 271w\" sizes=\"(max-width: 564px) 100vw, 564px\" \/>\t\t\t\t\t\t\t\t\t\t\t\t\t\t\t<\/div>\n\t\t\t\t<\/div>\n\t\t\t\t\t<\/div>\n\t\t<\/div>\n\t\t\t\t<div class=\"elementor-column elementor-col-50 elementor-top-column elementor-element elementor-element-027f92b\" data-id=\"027f92b\" data-element_type=\"column\">\n\t\t\t<div class=\"elementor-widget-wrap elementor-element-populated\">\n\t\t\t\t\t\t\t\t<div class=\"elementor-element elementor-element-116cd21 elementor-widget__width-inherit elementor-widget elementor-widget-heading\" data-id=\"116cd21\" data-element_type=\"widget\" data-widget_type=\"heading.default\">\n\t\t\t\t<div class=\"elementor-widget-container\">\n\t\t\t<h6 class=\"elementor-heading-title elementor-size-default\">Inwestycja w przygotowaniu<\/h6>\t\t<\/div>\n\t\t\t\t<\/div>\n\t\t\t\t<div class=\"elementor-element elementor-element-853cb32 elementor-widget__width-initial elementor-widget elementor-widget-heading\" data-id=\"853cb32\" data-element_type=\"widget\" data-widget_type=\"heading.default\">\n\t\t\t\t<div class=\"elementor-widget-container\">\n\t\t\t<h2 class=\"elementor-heading-title elementor-size-default\">\u015awi\u0119tego Marka 7\/9, Krak\u00f3w<\/h2>\t\t<\/div>\n\t\t\t\t<\/div>\n\t\t\t\t<div class=\"elementor-element elementor-element-ba1b8e5 elementor-widget elementor-widget-text-editor\" data-id=\"ba1b8e5\" data-element_type=\"widget\" data-widget_type=\"text-editor.default\">\n\t\t\t\t<div class=\"elementor-widget-container\">\n\t\t\t\t\t\t\t<p>Inwestycja o bardzo r\u00f3\u017cnorodnym charakterze, bowiem budynek ma pe\u0142ni\u0107 zar\u00f3wno funkcj\u0119 hotelow\u0105, jak i us\u0142ugowo-komercyjn\u0105. Szczeg\u00f3lnym atutem jest lokalizacja obiektu: w najbli\u017cszym otoczeniu znajduj\u0105 si\u0119 tereny parkowe, punkty kulturalne, obiekty zabytkowe i edukacyjne, takie jak Uniwersytet Jagiello\u0144ski, Bazylika Mariacka, Zamek Kr\u00f3lewski na Wawelu i wiele innych. To idealne miejsce dla turyst\u00f3w, ch\u0119tnych skorzysta\u0107 z najbardziej popularnych atrakcji w Krakowie. Powierzchnia zabudowy wynosi a\u017c 1400 m\u00b2, ca\u0142kowita natomiast 7000 m\u00b2.\u200b W planach przewidziany jest remont, w tym dobudowa wind i zmiana sposobu u\u017cytkowania budynk\u00f3w ju\u017c istniej\u0105cych.<\/p>\t\t\t\t\t\t<\/div>\n\t\t\t\t<\/div>\n\t\t\t\t<section class=\"elementor-section elementor-inner-section elementor-element elementor-element-b48a7f1 elementor-section-full_width elementor-section-height-default elementor-section-height-default\" data-id=\"b48a7f1\" data-element_type=\"section\">\n\t\t\t\t\t\t<div class=\"elementor-container elementor-column-gap-no\">\n\t\t\t\t\t<div class=\"elementor-column elementor-col-100 elementor-inner-column elementor-element elementor-element-74d5caf\" data-id=\"74d5caf\" data-element_type=\"column\">\n\t\t\t<div class=\"elementor-widget-wrap elementor-element-populated\">\n\t\t\t\t\t\t\t\t<div class=\"elementor-element elementor-element-263639c elementor-position-left elementor-widget__width-initial elementor-view-default elementor-mobile-position-top elementor-vertical-align-top elementor-widget elementor-widget-icon-box\" data-id=\"263639c\" data-element_type=\"widget\" data-widget_type=\"icon-box.default\">\n\t\t\t\t<div class=\"elementor-widget-container\">\n\t\t\t\t\t<div class=\"elementor-icon-box-wrapper\">\n\t\t\t\t\t\t<div class=\"elementor-icon-box-icon\">\n\t\t\t\t<span class=\"elementor-icon elementor-animation-\" >\n\t\t\t\t<i aria-hidden=\"true\" class=\"fas fa-map-marker-alt\"><\/i>\t\t\t\t<\/span>\n\t\t\t<\/div>\n\t\t\t\t\t\t<div class=\"elementor-icon-box-content\">\n\t\t\t\t<h6 class=\"elementor-icon-box-title\">\n\t\t\t\t\t<span  >\n\t\t\t\t\t\tLokalizacja\t\t\t\t\t<\/span>\n\t\t\t\t<\/h6>\n\t\t\t\t\t\t\t\t\t<p class=\"elementor-icon-box-description\">\n\t\t\t\t\t\tUl. \u015bwi\u0119tego Marka 7\/9, Krak\u00f3w\t\t\t\t\t<\/p>\n\t\t\t\t\t\t\t<\/div>\n\t\t<\/div>\n\t\t\t\t<\/div>\n\t\t\t\t<\/div>\n\t\t\t\t\t<\/div>\n\t\t<\/div>\n\t\t\t\t\t\t\t<\/div>\n\t\t<\/section>\n\t\t\t\t\t<\/div>\n\t\t<\/div>\n\t\t\t\t\t\t\t<\/div>\n\t\t<\/section>\n\t\t\t\t<section class=\"elementor-section elementor-top-section elementor-element elementor-element-a747c29 elementor-section-content-middle elementor-reverse-tablet elementor-reverse-mobile elementor-hidden-desktop elementor-section-boxed elementor-section-height-default elementor-section-height-default\" data-id=\"a747c29\" data-element_type=\"section\" data-settings=\"{&quot;background_background&quot;:&quot;classic&quot;}\">\n\t\t\t\t\t\t<div class=\"elementor-container elementor-column-gap-no\">\n\t\t\t\t\t<div class=\"elementor-column elementor-col-50 elementor-top-column elementor-element elementor-element-65dbfb0\" data-id=\"65dbfb0\" data-element_type=\"column\">\n\t\t\t<div class=\"elementor-widget-wrap elementor-element-populated\">\n\t\t\t\t\t\t\t\t<div class=\"elementor-element elementor-element-44a85f0 elementor-widget__width-inherit elementor-widget elementor-widget-heading\" data-id=\"44a85f0\" data-element_type=\"widget\" data-widget_type=\"heading.default\">\n\t\t\t\t<div class=\"elementor-widget-container\">\n\t\t\t<h6 class=\"elementor-heading-title elementor-size-default\">Inwestycja w przygotowaniu\u200b<\/h6>\t\t<\/div>\n\t\t\t\t<\/div>\n\t\t\t\t<div class=\"elementor-element elementor-element-b4f3072 elementor-widget__width-initial elementor-widget elementor-widget-heading\" data-id=\"b4f3072\" data-element_type=\"widget\" data-widget_type=\"heading.default\">\n\t\t\t\t<div class=\"elementor-widget-container\">\n\t\t\t<h2 class=\"elementor-heading-title elementor-size-default\">Rybna 1, \u0141\u00f3d\u017a\u200b<\/h2>\t\t<\/div>\n\t\t\t\t<\/div>\n\t\t\t\t<div class=\"elementor-element elementor-element-4caebd7 elementor-widget elementor-widget-text-editor\" data-id=\"4caebd7\" data-element_type=\"widget\" data-widget_type=\"text-editor.default\">\n\t\t\t\t<div class=\"elementor-widget-container\">\n\t\t\t\t\t\t\t<p><span style=\"color: #a1a1a1;\">Wspania\u0142a lokalizacja w sercu \u0141odzi, w bliskiej odleg\u0142o\u015bci od Manufaktury i Placu Piastowskiego. Cho\u0107 spacer do \u015bcis\u0142ego centrum trwa tylko kilka minut, oferujemy r\u00f3wnie\u017c prywatny gara\u017c podziemny dla mieszka\u0144c\u00f3w budynku. W obiekcie znajduje si\u0119 oko\u0142o 60 apartament\u00f3w, a parter ma mie\u0107 charakter us\u0142ugowy.<\/span><\/p>\t\t\t\t\t\t<\/div>\n\t\t\t\t<\/div>\n\t\t\t\t<section class=\"elementor-section elementor-inner-section elementor-element elementor-element-95d9a4d elementor-section-boxed elementor-section-height-default elementor-section-height-default\" data-id=\"95d9a4d\" data-element_type=\"section\">\n\t\t\t\t\t\t<div class=\"elementor-container elementor-column-gap-no\">\n\t\t\t\t\t<div class=\"elementor-column elementor-col-100 elementor-inner-column elementor-element elementor-element-28d1ada\" data-id=\"28d1ada\" data-element_type=\"column\">\n\t\t\t<div class=\"elementor-widget-wrap elementor-element-populated\">\n\t\t\t\t\t\t\t\t<div class=\"elementor-element elementor-element-4fd2a2b elementor-position-left elementor-widget__width-initial elementor-view-default elementor-mobile-position-top elementor-vertical-align-top elementor-widget elementor-widget-icon-box\" data-id=\"4fd2a2b\" data-element_type=\"widget\" data-widget_type=\"icon-box.default\">\n\t\t\t\t<div class=\"elementor-widget-container\">\n\t\t\t\t\t<div class=\"elementor-icon-box-wrapper\">\n\t\t\t\t\t\t<div class=\"elementor-icon-box-icon\">\n\t\t\t\t<span class=\"elementor-icon elementor-animation-\" >\n\t\t\t\t<i aria-hidden=\"true\" class=\"fas fa-map-marker-alt\"><\/i>\t\t\t\t<\/span>\n\t\t\t<\/div>\n\t\t\t\t\t\t<div class=\"elementor-icon-box-content\">\n\t\t\t\t<h6 class=\"elementor-icon-box-title\">\n\t\t\t\t\t<span  >\n\t\t\t\t\t\tLokalizacja\t\t\t\t\t<\/span>\n\t\t\t\t<\/h6>\n\t\t\t\t\t\t\t\t\t<p class=\"elementor-icon-box-description\">\n\t\t\t\t\t\t<span style=\"color: rgb(65, 62, 58); font-family: Raleway, sans-serif; font-size: 16px; font-style: normal; font-variant-ligatures: normal; font-variant-caps: normal; font-weight: 400; letter-spacing: normal; orphans: 2; text-align: left; text-indent: 0px; text-transform: none; widows: 2; word-spacing: 0px; -webkit-text-stroke-width: 0px; white-space: pre-wrap; background-color: rgb(255, 255, 255); text-decoration-thickness: initial; text-decoration-style: initial; text-decoration-color: initial; display: inline !important; float: none;\">Ul. Rybna 1, \u0141\u00f3d\u017a<\/span><span style=\"color: rgb(65, 62, 58); font-family: Raleway, sans-serif; font-size: 16px; font-style: normal; font-variant-ligatures: normal; font-variant-caps: normal; font-weight: 400; letter-spacing: normal; orphans: 2; text-align: left; text-indent: 0px; text-transform: none; widows: 2; word-spacing: 0px; -webkit-text-stroke-width: 0px; white-space: pre-wrap; background-color: rgb(255, 255, 255); text-decoration-thickness: initial; text-decoration-style: initial; text-decoration-color: initial; display: inline !important; float: none;\"><\/span>\t\t\t\t\t<\/p>\n\t\t\t\t\t\t\t<\/div>\n\t\t<\/div>\n\t\t\t\t<\/div>\n\t\t\t\t<\/div>\n\t\t\t\t\t<\/div>\n\t\t<\/div>\n\t\t\t\t\t\t\t<\/div>\n\t\t<\/section>\n\t\t\t\t\t<\/div>\n\t\t<\/div>\n\t\t\t\t<div class=\"elementor-column elementor-col-50 elementor-top-column elementor-element elementor-element-982d397\" data-id=\"982d397\" data-element_type=\"column\">\n\t\t\t<div class=\"elementor-widget-wrap elementor-element-populated\">\n\t\t\t\t\t\t\t\t<div class=\"elementor-element elementor-element-1ae1d5d elementor-widget__width-initial elementor-widget elementor-widget-image\" data-id=\"1ae1d5d\" data-element_type=\"widget\" data-widget_type=\"image.default\">\n\t\t\t\t<div class=\"elementor-widget-container\">\n\t\t\t\t\t\t\t\t\t\t\t\t\t\t\t<img decoding=\"async\" width=\"805\" height=\"600\" src=\"https:\/\/landeskrone.eu\/wp-content\/uploads\/2023\/10\/rybna.jpg\" class=\"attachment-full size-full wp-image-1620\" alt=\"\" loading=\"lazy\" srcset=\"https:\/\/landeskrone.eu\/wp-content\/uploads\/2023\/10\/rybna.jpg 805w, https:\/\/landeskrone.eu\/wp-content\/uploads\/2023\/10\/rybna-300x224.jpg 300w, https:\/\/landeskrone.eu\/wp-content\/uploads\/2023\/10\/rybna-768x572.jpg 768w\" sizes=\"(max-width: 805px) 100vw, 805px\" \/>\t\t\t\t\t\t\t\t\t\t\t\t\t\t\t<\/div>\n\t\t\t\t<\/div>\n\t\t\t\t<div class=\"elementor-element elementor-element-3e96b97 elementor-widget elementor-widget-image\" data-id=\"3e96b97\" data-element_type=\"widget\" data-widget_type=\"image.default\">\n\t\t\t\t<div class=\"elementor-widget-container\">\n\t\t\t\t\t\t\t\t\t\t\t\t\t\t\t\t<a href=\"https:\/\/landeskrone.eu\/wp-content\/uploads\/2023\/10\/rybna2.jpg\" data-elementor-open-lightbox=\"yes\" data-elementor-lightbox-title=\"rybna2\" data-e-action-hash=\"#elementor-action%3Aaction%3Dlightbox%26settings%3DeyJpZCI6MTYyMSwidXJsIjoiaHR0cHM6XC9cL2xhbmRlc2tyb25lLmV1XC93cC1jb250ZW50XC91cGxvYWRzXC8yMDIzXC8xMFwvcnlibmEyLmpwZyJ9\">\n\t\t\t\t\t\t\t<img decoding=\"async\" width=\"928\" height=\"600\" src=\"https:\/\/landeskrone.eu\/wp-content\/uploads\/2023\/10\/rybna2.jpg\" class=\"attachment-large size-large wp-image-1621\" alt=\"\" loading=\"lazy\" srcset=\"https:\/\/landeskrone.eu\/wp-content\/uploads\/2023\/10\/rybna2.jpg 928w, https:\/\/landeskrone.eu\/wp-content\/uploads\/2023\/10\/rybna2-300x194.jpg 300w, https:\/\/landeskrone.eu\/wp-content\/uploads\/2023\/10\/rybna2-768x497.jpg 768w\" sizes=\"(max-width: 928px) 100vw, 928px\" \/>\t\t\t\t\t\t\t\t<\/a>\n\t\t\t\t\t\t\t\t\t\t\t\t\t\t\t<\/div>\n\t\t\t\t<\/div>\n\t\t\t\t\t<\/div>\n\t\t<\/div>\n\t\t\t\t\t\t\t<\/div>\n\t\t<\/section>\n\t\t\t\t<section class=\"elementor-section elementor-top-section elementor-element elementor-element-92d70b9 elementor-section-content-middle elementor-reverse-tablet elementor-reverse-mobile elementor-hidden-tablet elementor-hidden-mobile elementor-section-boxed elementor-section-height-default elementor-section-height-default\" data-id=\"92d70b9\" data-element_type=\"section\" data-settings=\"{&quot;background_background&quot;:&quot;classic&quot;}\">\n\t\t\t\t\t\t<div class=\"elementor-container elementor-column-gap-no\">\n\t\t\t\t\t<div class=\"elementor-column elementor-col-50 elementor-top-column elementor-element elementor-element-807d5d7\" data-id=\"807d5d7\" data-element_type=\"column\">\n\t\t\t<div class=\"elementor-widget-wrap elementor-element-populated\">\n\t\t\t\t\t\t\t\t<div class=\"elementor-element elementor-element-6e0514f elementor-widget__width-inherit elementor-widget elementor-widget-heading\" data-id=\"6e0514f\" data-element_type=\"widget\" data-widget_type=\"heading.default\">\n\t\t\t\t<div class=\"elementor-widget-container\">\n\t\t\t<h6 class=\"elementor-heading-title elementor-size-default\">Inwestycja w przygotowaniu<\/h6>\t\t<\/div>\n\t\t\t\t<\/div>\n\t\t\t\t<div class=\"elementor-element elementor-element-a93af48 elementor-widget__width-initial elementor-widget elementor-widget-heading\" data-id=\"a93af48\" data-element_type=\"widget\" data-widget_type=\"heading.default\">\n\t\t\t\t<div class=\"elementor-widget-container\">\n\t\t\t<h2 class=\"elementor-heading-title elementor-size-default\">Rybna 1, \u0141\u00f3d\u017a<\/h2>\t\t<\/div>\n\t\t\t\t<\/div>\n\t\t\t\t<div class=\"elementor-element elementor-element-86ebac8 elementor-widget__width-initial elementor-widget elementor-widget-text-editor\" data-id=\"86ebac8\" data-element_type=\"widget\" data-widget_type=\"text-editor.default\">\n\t\t\t\t<div class=\"elementor-widget-container\">\n\t\t\t\t\t\t\t<p>Wspania\u0142a lokalizacja w sercu \u0141odzi, w bliskiej odleg\u0142o\u015bci od Manufaktury i Placu Piastowskiego. Cho\u0107 spacer do \u015bcis\u0142ego centrum trwa tylko kilka minut, oferujemy r\u00f3wnie\u017c prywatny gara\u017c podziemny dla mieszka\u0144c\u00f3w budynku. W obiekcie znajduje si\u0119 oko\u0142o 60 apartament\u00f3w, a parter ma mie\u0107 charakter us\u0142ugowy.<\/p>\t\t\t\t\t\t<\/div>\n\t\t\t\t<\/div>\n\t\t\t\t<section class=\"elementor-section elementor-inner-section elementor-element elementor-element-9c7c485 elementor-section-boxed elementor-section-height-default elementor-section-height-default\" data-id=\"9c7c485\" data-element_type=\"section\">\n\t\t\t\t\t\t<div class=\"elementor-container elementor-column-gap-no\">\n\t\t\t\t\t<div class=\"elementor-column elementor-col-100 elementor-inner-column elementor-element elementor-element-880bc64\" data-id=\"880bc64\" data-element_type=\"column\">\n\t\t\t<div class=\"elementor-widget-wrap elementor-element-populated\">\n\t\t\t\t\t\t\t\t<div class=\"elementor-element elementor-element-25b51a6 elementor-position-left elementor-widget__width-initial elementor-view-default elementor-mobile-position-top elementor-vertical-align-top elementor-widget elementor-widget-icon-box\" data-id=\"25b51a6\" data-element_type=\"widget\" data-widget_type=\"icon-box.default\">\n\t\t\t\t<div class=\"elementor-widget-container\">\n\t\t\t\t\t<div class=\"elementor-icon-box-wrapper\">\n\t\t\t\t\t\t<div class=\"elementor-icon-box-icon\">\n\t\t\t\t<span class=\"elementor-icon elementor-animation-\" >\n\t\t\t\t<i aria-hidden=\"true\" class=\"fas fa-map-marker-alt\"><\/i>\t\t\t\t<\/span>\n\t\t\t<\/div>\n\t\t\t\t\t\t<div class=\"elementor-icon-box-content\">\n\t\t\t\t<h6 class=\"elementor-icon-box-title\">\n\t\t\t\t\t<span  >\n\t\t\t\t\t\tLokalizacja\t\t\t\t\t<\/span>\n\t\t\t\t<\/h6>\n\t\t\t\t\t\t\t\t\t<p class=\"elementor-icon-box-description\">\n\t\t\t\t\t\tUl. Rybna 1, \u0141\u00f3d\u017a\t\t\t\t\t<\/p>\n\t\t\t\t\t\t\t<\/div>\n\t\t<\/div>\n\t\t\t\t<\/div>\n\t\t\t\t<\/div>\n\t\t\t\t\t<\/div>\n\t\t<\/div>\n\t\t\t\t\t\t\t<\/div>\n\t\t<\/section>\n\t\t\t\t\t<\/div>\n\t\t<\/div>\n\t\t\t\t<div class=\"elementor-column elementor-col-50 elementor-top-column elementor-element elementor-element-4fc1953\" data-id=\"4fc1953\" data-element_type=\"column\">\n\t\t\t<div class=\"elementor-widget-wrap elementor-element-populated\">\n\t\t\t\t\t\t\t\t<div class=\"elementor-element elementor-element-49d1d7e elementor-widget__width-initial elementor-widget elementor-widget-image\" data-id=\"49d1d7e\" data-element_type=\"widget\" data-widget_type=\"image.default\">\n\t\t\t\t<div class=\"elementor-widget-container\">\n\t\t\t\t\t\t\t\t\t\t\t\t\t\t\t<img decoding=\"async\" width=\"805\" height=\"600\" src=\"https:\/\/landeskrone.eu\/wp-content\/uploads\/2023\/10\/rybna.jpg\" class=\"attachment-full size-full wp-image-1620\" alt=\"\" loading=\"lazy\" srcset=\"https:\/\/landeskrone.eu\/wp-content\/uploads\/2023\/10\/rybna.jpg 805w, https:\/\/landeskrone.eu\/wp-content\/uploads\/2023\/10\/rybna-300x224.jpg 300w, https:\/\/landeskrone.eu\/wp-content\/uploads\/2023\/10\/rybna-768x572.jpg 768w\" sizes=\"(max-width: 805px) 100vw, 805px\" \/>\t\t\t\t\t\t\t\t\t\t\t\t\t\t\t<\/div>\n\t\t\t\t<\/div>\n\t\t\t\t<div class=\"elementor-element elementor-element-843eb30 elementor-widget elementor-widget-image\" data-id=\"843eb30\" data-element_type=\"widget\" data-widget_type=\"image.default\">\n\t\t\t\t<div class=\"elementor-widget-container\">\n\t\t\t\t\t\t\t\t\t\t\t\t\t\t\t\t<a href=\"https:\/\/landeskrone.eu\/wp-content\/uploads\/2023\/10\/rybna2.jpg\" data-elementor-open-lightbox=\"yes\" data-elementor-lightbox-title=\"rybna2\" data-e-action-hash=\"#elementor-action%3Aaction%3Dlightbox%26settings%3DeyJpZCI6MTYyMSwidXJsIjoiaHR0cHM6XC9cL2xhbmRlc2tyb25lLmV1XC93cC1jb250ZW50XC91cGxvYWRzXC8yMDIzXC8xMFwvcnlibmEyLmpwZyJ9\">\n\t\t\t\t\t\t\t<img decoding=\"async\" width=\"928\" height=\"600\" src=\"https:\/\/landeskrone.eu\/wp-content\/uploads\/2023\/10\/rybna2.jpg\" class=\"attachment-large size-large wp-image-1621\" alt=\"\" loading=\"lazy\" srcset=\"https:\/\/landeskrone.eu\/wp-content\/uploads\/2023\/10\/rybna2.jpg 928w, https:\/\/landeskrone.eu\/wp-content\/uploads\/2023\/10\/rybna2-300x194.jpg 300w, https:\/\/landeskrone.eu\/wp-content\/uploads\/2023\/10\/rybna2-768x497.jpg 768w\" sizes=\"(max-width: 928px) 100vw, 928px\" \/>\t\t\t\t\t\t\t\t<\/a>\n\t\t\t\t\t\t\t\t\t\t\t\t\t\t\t<\/div>\n\t\t\t\t<\/div>\n\t\t\t\t\t<\/div>\n\t\t<\/div>\n\t\t\t\t\t\t\t<\/div>\n\t\t<\/section>\n\t\t\t\t<section class=\"elementor-section elementor-top-section elementor-element elementor-element-a5a3018 elementor-section-content-middle elementor-reverse-tablet elementor-hidden-desktop elementor-section-boxed elementor-section-height-default elementor-section-height-default\" data-id=\"a5a3018\" data-element_type=\"section\" data-settings=\"{&quot;background_background&quot;:&quot;classic&quot;}\">\n\t\t\t\t\t\t<div class=\"elementor-container elementor-column-gap-no\">\n\t\t\t\t\t<div class=\"elementor-column elementor-col-50 elementor-top-column elementor-element elementor-element-143df08\" data-id=\"143df08\" data-element_type=\"column\">\n\t\t\t<div class=\"elementor-widget-wrap elementor-element-populated\">\n\t\t\t\t\t\t\t\t<div class=\"elementor-element elementor-element-75b58ab elementor-widget__width-initial elementor-widget elementor-widget-image\" data-id=\"75b58ab\" data-element_type=\"widget\" data-widget_type=\"image.default\">\n\t\t\t\t<div class=\"elementor-widget-container\">\n\t\t\t\t\t\t\t\t\t\t\t\t\t\t\t<img decoding=\"async\" width=\"805\" height=\"600\" src=\"https:\/\/landeskrone.eu\/wp-content\/uploads\/2023\/10\/zerom.jpg\" class=\"attachment-full size-full wp-image-1625\" alt=\"\" loading=\"lazy\" srcset=\"https:\/\/landeskrone.eu\/wp-content\/uploads\/2023\/10\/zerom.jpg 805w, https:\/\/landeskrone.eu\/wp-content\/uploads\/2023\/10\/zerom-300x224.jpg 300w, https:\/\/landeskrone.eu\/wp-content\/uploads\/2023\/10\/zerom-768x572.jpg 768w\" sizes=\"(max-width: 805px) 100vw, 805px\" \/>\t\t\t\t\t\t\t\t\t\t\t\t\t\t\t<\/div>\n\t\t\t\t<\/div>\n\t\t\t\t<div class=\"elementor-element elementor-element-18b574c elementor-widget elementor-widget-image\" data-id=\"18b574c\" data-element_type=\"widget\" data-widget_type=\"image.default\">\n\t\t\t\t<div class=\"elementor-widget-container\">\n\t\t\t\t\t\t\t\t\t\t\t\t\t\t\t\t<a href=\"https:\/\/landeskrone.eu\/wp-content\/uploads\/2023\/10\/zerr.jpg\" data-elementor-open-lightbox=\"yes\" data-elementor-lightbox-title=\"zerr\" data-e-action-hash=\"#elementor-action%3Aaction%3Dlightbox%26settings%3DeyJpZCI6MTYyNiwidXJsIjoiaHR0cHM6XC9cL2xhbmRlc2tyb25lLmV1XC93cC1jb250ZW50XC91cGxvYWRzXC8yMDIzXC8xMFwvemVyci5qcGcifQ%3D%3D\">\n\t\t\t\t\t\t\t<img decoding=\"async\" width=\"1024\" height=\"662\" src=\"https:\/\/landeskrone.eu\/wp-content\/uploads\/2023\/10\/zerr-1024x662.jpg\" class=\"attachment-large size-large wp-image-1626\" alt=\"\" loading=\"lazy\" srcset=\"https:\/\/landeskrone.eu\/wp-content\/uploads\/2023\/10\/zerr-1024x662.jpg 1024w, https:\/\/landeskrone.eu\/wp-content\/uploads\/2023\/10\/zerr-300x194.jpg 300w, https:\/\/landeskrone.eu\/wp-content\/uploads\/2023\/10\/zerr-768x497.jpg 768w, https:\/\/landeskrone.eu\/wp-content\/uploads\/2023\/10\/zerr-1536x993.jpg 1536w, https:\/\/landeskrone.eu\/wp-content\/uploads\/2023\/10\/zerr.jpg 1856w\" sizes=\"(max-width: 1024px) 100vw, 1024px\" \/>\t\t\t\t\t\t\t\t<\/a>\n\t\t\t\t\t\t\t\t\t\t\t\t\t\t\t<\/div>\n\t\t\t\t<\/div>\n\t\t\t\t\t<\/div>\n\t\t<\/div>\n\t\t\t\t<div class=\"elementor-column elementor-col-50 elementor-top-column elementor-element elementor-element-e18a702\" data-id=\"e18a702\" data-element_type=\"column\">\n\t\t\t<div class=\"elementor-widget-wrap elementor-element-populated\">\n\t\t\t\t\t\t\t\t<div class=\"elementor-element elementor-element-db729f3 elementor-widget__width-inherit elementor-widget elementor-widget-heading\" data-id=\"db729f3\" data-element_type=\"widget\" data-widget_type=\"heading.default\">\n\t\t\t\t<div class=\"elementor-widget-container\">\n\t\t\t<h6 class=\"elementor-heading-title elementor-size-default\">Inwestycja w przygotowaniu\u200b<\/h6>\t\t<\/div>\n\t\t\t\t<\/div>\n\t\t\t\t<div class=\"elementor-element elementor-element-7321569 elementor-widget__width-initial elementor-widget elementor-widget-heading\" data-id=\"7321569\" data-element_type=\"widget\" data-widget_type=\"heading.default\">\n\t\t\t\t<div class=\"elementor-widget-container\">\n\t\t\t<h2 class=\"elementor-heading-title elementor-size-default\">Stefana \u017beromskiego 67, \u0141\u00f3d\u017a\u200b<\/h2>\t\t<\/div>\n\t\t\t\t<\/div>\n\t\t\t\t<div class=\"elementor-element elementor-element-3077f93 elementor-widget elementor-widget-text-editor\" data-id=\"3077f93\" data-element_type=\"widget\" data-widget_type=\"text-editor.default\">\n\t\t\t\t<div class=\"elementor-widget-container\">\n\t\t\t\t\t\t\t<p>\u015awietna inwestycja dla zainteresowanych lokalizacj\u0105 w okolicy siedmiu uczelni wy\u017cszych. Obiekt b\u0119dzie mia\u0142 charakter nowoczesny i innowacyjny, z mo\u017cliwo\u015bci\u0105 zdalnego zarz\u0105dzania. Grup\u0105 docelow\u0105 s\u0105 studenci i klienci mniej zamo\u017cni, dlatego budynek sk\u0142ada si\u0119 z a\u017c 140 apartament\u00f3w o ma\u0142ej powierzchni przeznaczonych na wynajem d\u0142ugoterminowy. Na parterze przewidywane s\u0105 lokale us\u0142ugowe.<\/p>\t\t\t\t\t\t<\/div>\n\t\t\t\t<\/div>\n\t\t\t\t<section class=\"elementor-section elementor-inner-section elementor-element elementor-element-74b0706 elementor-section-full_width elementor-section-height-default elementor-section-height-default\" data-id=\"74b0706\" data-element_type=\"section\">\n\t\t\t\t\t\t<div class=\"elementor-container elementor-column-gap-no\">\n\t\t\t\t\t<div class=\"elementor-column elementor-col-100 elementor-inner-column elementor-element elementor-element-cce5f83\" data-id=\"cce5f83\" data-element_type=\"column\">\n\t\t\t<div class=\"elementor-widget-wrap elementor-element-populated\">\n\t\t\t\t\t\t\t\t<div class=\"elementor-element elementor-element-6f99a3e elementor-position-left elementor-widget__width-initial elementor-widget-tablet__width-initial elementor-view-default elementor-mobile-position-top elementor-vertical-align-top elementor-widget elementor-widget-icon-box\" data-id=\"6f99a3e\" data-element_type=\"widget\" data-widget_type=\"icon-box.default\">\n\t\t\t\t<div class=\"elementor-widget-container\">\n\t\t\t\t\t<div class=\"elementor-icon-box-wrapper\">\n\t\t\t\t\t\t<div class=\"elementor-icon-box-icon\">\n\t\t\t\t<span class=\"elementor-icon elementor-animation-\" >\n\t\t\t\t<i aria-hidden=\"true\" class=\"fas fa-map-marker-alt\"><\/i>\t\t\t\t<\/span>\n\t\t\t<\/div>\n\t\t\t\t\t\t<div class=\"elementor-icon-box-content\">\n\t\t\t\t<h6 class=\"elementor-icon-box-title\">\n\t\t\t\t\t<span  >\n\t\t\t\t\t\tLokalizacja\t\t\t\t\t<\/span>\n\t\t\t\t<\/h6>\n\t\t\t\t\t\t\t\t\t<p class=\"elementor-icon-box-description\">\n\t\t\t\t\t\t<span style=\"color: rgb(65, 62, 58);\">Ul. Stefana \u017beromskiego 67, \u0141\u00f3d\u017a<\/span><span style=\"color: rgb(65, 62, 58);\"><\/span>\t\t\t\t\t<\/p>\n\t\t\t\t\t\t\t<\/div>\n\t\t<\/div>\n\t\t\t\t<\/div>\n\t\t\t\t<\/div>\n\t\t\t\t\t<\/div>\n\t\t<\/div>\n\t\t\t\t\t\t\t<\/div>\n\t\t<\/section>\n\t\t\t\t\t<\/div>\n\t\t<\/div>\n\t\t\t\t\t\t\t<\/div>\n\t\t<\/section>\n\t\t\t\t<section class=\"elementor-section elementor-top-section elementor-element elementor-element-2d1086c elementor-section-content-middle elementor-reverse-tablet elementor-reverse-mobile elementor-hidden-mobile elementor-hidden-tablet elementor-section-boxed elementor-section-height-default elementor-section-height-default\" data-id=\"2d1086c\" data-element_type=\"section\" data-settings=\"{&quot;background_background&quot;:&quot;classic&quot;}\">\n\t\t\t\t\t\t<div class=\"elementor-container elementor-column-gap-no\">\n\t\t\t\t\t<div class=\"elementor-column elementor-col-50 elementor-top-column elementor-element elementor-element-1ba6583\" data-id=\"1ba6583\" data-element_type=\"column\">\n\t\t\t<div class=\"elementor-widget-wrap elementor-element-populated\">\n\t\t\t\t\t\t\t\t<div class=\"elementor-element elementor-element-c46ed9e elementor-widget__width-initial elementor-widget elementor-widget-image\" data-id=\"c46ed9e\" data-element_type=\"widget\" data-widget_type=\"image.default\">\n\t\t\t\t<div class=\"elementor-widget-container\">\n\t\t\t\t\t\t\t\t\t\t\t\t\t\t\t<img decoding=\"async\" width=\"805\" height=\"600\" src=\"https:\/\/landeskrone.eu\/wp-content\/uploads\/2023\/10\/zerom.jpg\" class=\"attachment-full size-full wp-image-1625\" alt=\"\" loading=\"lazy\" srcset=\"https:\/\/landeskrone.eu\/wp-content\/uploads\/2023\/10\/zerom.jpg 805w, https:\/\/landeskrone.eu\/wp-content\/uploads\/2023\/10\/zerom-300x224.jpg 300w, https:\/\/landeskrone.eu\/wp-content\/uploads\/2023\/10\/zerom-768x572.jpg 768w\" sizes=\"(max-width: 805px) 100vw, 805px\" \/>\t\t\t\t\t\t\t\t\t\t\t\t\t\t\t<\/div>\n\t\t\t\t<\/div>\n\t\t\t\t<div class=\"elementor-element elementor-element-d733b81 elementor-widget elementor-widget-image\" data-id=\"d733b81\" data-element_type=\"widget\" data-widget_type=\"image.default\">\n\t\t\t\t<div class=\"elementor-widget-container\">\n\t\t\t\t\t\t\t\t\t\t\t\t\t\t\t\t<a href=\"https:\/\/landeskrone.eu\/wp-content\/uploads\/2023\/10\/zerr.jpg\" data-elementor-open-lightbox=\"yes\" data-elementor-lightbox-title=\"zerr\" data-e-action-hash=\"#elementor-action%3Aaction%3Dlightbox%26settings%3DeyJpZCI6MTYyNiwidXJsIjoiaHR0cHM6XC9cL2xhbmRlc2tyb25lLmV1XC93cC1jb250ZW50XC91cGxvYWRzXC8yMDIzXC8xMFwvemVyci5qcGcifQ%3D%3D\">\n\t\t\t\t\t\t\t<img decoding=\"async\" width=\"1024\" height=\"662\" src=\"https:\/\/landeskrone.eu\/wp-content\/uploads\/2023\/10\/zerr-1024x662.jpg\" class=\"attachment-large size-large wp-image-1626\" alt=\"\" loading=\"lazy\" srcset=\"https:\/\/landeskrone.eu\/wp-content\/uploads\/2023\/10\/zerr-1024x662.jpg 1024w, https:\/\/landeskrone.eu\/wp-content\/uploads\/2023\/10\/zerr-300x194.jpg 300w, https:\/\/landeskrone.eu\/wp-content\/uploads\/2023\/10\/zerr-768x497.jpg 768w, https:\/\/landeskrone.eu\/wp-content\/uploads\/2023\/10\/zerr-1536x993.jpg 1536w, https:\/\/landeskrone.eu\/wp-content\/uploads\/2023\/10\/zerr.jpg 1856w\" sizes=\"(max-width: 1024px) 100vw, 1024px\" \/>\t\t\t\t\t\t\t\t<\/a>\n\t\t\t\t\t\t\t\t\t\t\t\t\t\t\t<\/div>\n\t\t\t\t<\/div>\n\t\t\t\t\t<\/div>\n\t\t<\/div>\n\t\t\t\t<div class=\"elementor-column elementor-col-50 elementor-top-column elementor-element elementor-element-695e8ef\" data-id=\"695e8ef\" data-element_type=\"column\">\n\t\t\t<div class=\"elementor-widget-wrap elementor-element-populated\">\n\t\t\t\t\t\t\t\t<div class=\"elementor-element elementor-element-d56ffad elementor-widget__width-inherit elementor-widget elementor-widget-heading\" data-id=\"d56ffad\" data-element_type=\"widget\" data-widget_type=\"heading.default\">\n\t\t\t\t<div class=\"elementor-widget-container\">\n\t\t\t<h6 class=\"elementor-heading-title elementor-size-default\">Inwestycja w przygotowaniu<\/h6>\t\t<\/div>\n\t\t\t\t<\/div>\n\t\t\t\t<div class=\"elementor-element elementor-element-2d22632 elementor-widget__width-initial elementor-widget elementor-widget-heading\" data-id=\"2d22632\" data-element_type=\"widget\" data-widget_type=\"heading.default\">\n\t\t\t\t<div class=\"elementor-widget-container\">\n\t\t\t<h2 class=\"elementor-heading-title elementor-size-default\">Stefana \u017beromskiego 67, \u0141\u00f3d\u017a<\/h2>\t\t<\/div>\n\t\t\t\t<\/div>\n\t\t\t\t<div class=\"elementor-element elementor-element-0ce585e elementor-widget elementor-widget-text-editor\" data-id=\"0ce585e\" data-element_type=\"widget\" data-widget_type=\"text-editor.default\">\n\t\t\t\t<div class=\"elementor-widget-container\">\n\t\t\t\t\t\t\t<p>\u015awietna inwestycja dla zainteresowanych lokalizacj\u0105 w okolicy siedmiu uczelni wy\u017cszych. Obiekt b\u0119dzie mia\u0142 charakter nowoczesny i innowacyjny, z mo\u017cliwo\u015bci\u0105 zdalnego zarz\u0105dzania. Grup\u0105 docelow\u0105 s\u0105 studenci i klienci mniej zamo\u017cni, dlatego budynek sk\u0142ada si\u0119 z a\u017c 140 apartament\u00f3w o ma\u0142ej powierzchni przeznaczonych na wynajem d\u0142ugoterminowy. Na parterze przewidywane s\u0105 lokale us\u0142ugowe.<\/p>\t\t\t\t\t\t<\/div>\n\t\t\t\t<\/div>\n\t\t\t\t<section class=\"elementor-section elementor-inner-section elementor-element elementor-element-929de56 elementor-section-full_width elementor-section-height-default elementor-section-height-default\" data-id=\"929de56\" data-element_type=\"section\">\n\t\t\t\t\t\t<div class=\"elementor-container elementor-column-gap-no\">\n\t\t\t\t\t<div class=\"elementor-column elementor-col-100 elementor-inner-column elementor-element elementor-element-57d7459\" data-id=\"57d7459\" data-element_type=\"column\">\n\t\t\t<div class=\"elementor-widget-wrap elementor-element-populated\">\n\t\t\t\t\t\t\t\t<div class=\"elementor-element elementor-element-3ee6af0 elementor-position-left elementor-widget__width-initial elementor-view-default elementor-mobile-position-top elementor-vertical-align-top elementor-widget elementor-widget-icon-box\" data-id=\"3ee6af0\" data-element_type=\"widget\" data-widget_type=\"icon-box.default\">\n\t\t\t\t<div class=\"elementor-widget-container\">\n\t\t\t\t\t<div class=\"elementor-icon-box-wrapper\">\n\t\t\t\t\t\t<div class=\"elementor-icon-box-icon\">\n\t\t\t\t<span class=\"elementor-icon elementor-animation-\" >\n\t\t\t\t<i aria-hidden=\"true\" class=\"fas fa-map-marker-alt\"><\/i>\t\t\t\t<\/span>\n\t\t\t<\/div>\n\t\t\t\t\t\t<div class=\"elementor-icon-box-content\">\n\t\t\t\t<h6 class=\"elementor-icon-box-title\">\n\t\t\t\t\t<span  >\n\t\t\t\t\t\tLokalizacja\t\t\t\t\t<\/span>\n\t\t\t\t<\/h6>\n\t\t\t\t\t\t\t\t\t<p class=\"elementor-icon-box-description\">\n\t\t\t\t\t\tUl. Stefana \u017beromskiego 67, \u0141\u00f3d\u017a\t\t\t\t\t<\/p>\n\t\t\t\t\t\t\t<\/div>\n\t\t<\/div>\n\t\t\t\t<\/div>\n\t\t\t\t<\/div>\n\t\t\t\t\t<\/div>\n\t\t<\/div>\n\t\t\t\t\t\t\t<\/div>\n\t\t<\/section>\n\t\t\t\t\t<\/div>\n\t\t<\/div>\n\t\t\t\t\t\t\t<\/div>\n\t\t<\/section>\n\t\t\t\t<section class=\"elementor-section elementor-top-section elementor-element elementor-element-888bfda elementor-hidden-tablet elementor-hidden-desktop elementor-section-boxed elementor-section-height-default elementor-section-height-default\" data-id=\"888bfda\" data-element_type=\"section\" data-settings=\"{&quot;background_background&quot;:&quot;classic&quot;}\">\n\t\t\t\t\t\t\t<div class=\"elementor-background-overlay\"><\/div>\n\t\t\t\t\t\t\t<div class=\"elementor-container elementor-column-gap-no\">\n\t\t\t\t\t<div class=\"elementor-column elementor-col-50 elementor-top-column elementor-element elementor-element-1ba4cb6\" data-id=\"1ba4cb6\" data-element_type=\"column\">\n\t\t\t<div class=\"elementor-widget-wrap elementor-element-populated\">\n\t\t\t\t\t\t\t\t<div class=\"elementor-element elementor-element-11e5190 elementor-widget__width-auto elementor-widget elementor-widget-image\" data-id=\"11e5190\" data-element_type=\"widget\" data-widget_type=\"image.default\">\n\t\t\t\t<div class=\"elementor-widget-container\">\n\t\t\t\t\t\t\t\t\t\t\t\t\t\t\t<img decoding=\"async\" width=\"357\" height=\"229\" src=\"https:\/\/landeskrone.eu\/wp-content\/uploads\/2023\/04\/fundacja2.png\" class=\"attachment-full size-full wp-image-1007\" alt=\"\" loading=\"lazy\" srcset=\"https:\/\/landeskrone.eu\/wp-content\/uploads\/2023\/04\/fundacja2.png 357w, https:\/\/landeskrone.eu\/wp-content\/uploads\/2023\/04\/fundacja2-300x192.png 300w\" sizes=\"(max-width: 357px) 100vw, 357px\" \/>\t\t\t\t\t\t\t\t\t\t\t\t\t\t\t<\/div>\n\t\t\t\t<\/div>\n\t\t\t\t<div class=\"elementor-element elementor-element-ffee630 elementor-widget elementor-widget-menu-anchor\" data-id=\"ffee630\" data-element_type=\"widget\" data-widget_type=\"menu-anchor.default\">\n\t\t\t\t<div class=\"elementor-widget-container\">\n\t\t\t\t\t<div id=\"geneza\" class=\"elementor-menu-anchor\"><\/div>\n\t\t\t\t<\/div>\n\t\t\t\t<\/div>\n\t\t\t\t\t<\/div>\n\t\t<\/div>\n\t\t\t\t<div class=\"elementor-column elementor-col-50 elementor-top-column elementor-element elementor-element-11e7904\" data-id=\"11e7904\" data-element_type=\"column\">\n\t\t\t<div class=\"elementor-widget-wrap elementor-element-populated\">\n\t\t\t\t\t\t\t\t<div class=\"elementor-element elementor-element-f6d25c6 elementor-widget elementor-widget-heading\" data-id=\"f6d25c6\" data-element_type=\"widget\" data-widget_type=\"heading.default\">\n\t\t\t\t<div class=\"elementor-widget-container\">\n\t\t\t<h3 class=\"elementor-heading-title elementor-size-default\">Wspieramy dziedzictwo narodowe<\/h3>\t\t<\/div>\n\t\t\t\t<\/div>\n\t\t\t\t<div class=\"elementor-element elementor-element-19845f7 elementor-widget elementor-widget-text-editor\" data-id=\"19845f7\" data-element_type=\"widget\" data-widget_type=\"text-editor.default\">\n\t\t\t\t<div class=\"elementor-widget-container\">\n\t\t\t\t\t\t\t<p>Fundacja zajmuje si\u0119 finansowaniem oraz organizowaniem projekt\u00f3w na rzecz rozwoju polskiej kultury, sztuki, o\u015bwiaty oraz wychowania i ochrony dziedzictwa narodowego. Powsta\u0142a jako kontynuacja dzia\u0142a\u0144 spo\u0142ecznych i charytatywnych prowadzonych przez ostatnie pi\u0119\u0107 wiek\u00f3w przez r\u00f3d ksi\u0105\u017c\u0105t Lubomirskich.<\/p>\t\t\t\t\t\t<\/div>\n\t\t\t\t<\/div>\n\t\t\t\t<div class=\"elementor-element elementor-element-b1784d7 elementor-widget elementor-widget-button\" data-id=\"b1784d7\" data-element_type=\"widget\" data-widget_type=\"button.default\">\n\t\t\t\t<div class=\"elementor-widget-container\">\n\t\t\t\t\t<div class=\"elementor-button-wrapper\">\n\t\t\t<a href=\"#\" class=\"elementor-button-link elementor-button elementor-size-sm\" role=\"button\">\n\t\t\t\t\t\t<span class=\"elementor-button-content-wrapper\">\n\t\t\t\t\t\t<span class=\"elementor-button-text\">przejd\u017a do strony Fundacji<\/span>\n\t\t<\/span>\n\t\t\t\t\t<\/a>\n\t\t<\/div>\n\t\t\t\t<\/div>\n\t\t\t\t<\/div>\n\t\t\t\t\t<\/div>\n\t\t<\/div>\n\t\t\t\t\t\t\t<\/div>\n\t\t<\/section>\n\t\t\t\t<section class=\"elementor-section elementor-top-section elementor-element elementor-element-519422a elementor-hidden-mobile elementor-section-boxed elementor-section-height-default elementor-section-height-default\" data-id=\"519422a\" data-element_type=\"section\" data-settings=\"{&quot;background_background&quot;:&quot;classic&quot;}\">\n\t\t\t\t\t\t\t<div class=\"elementor-background-overlay\"><\/div>\n\t\t\t\t\t\t\t<div class=\"elementor-container elementor-column-gap-no\">\n\t\t\t\t\t<div class=\"elementor-column elementor-col-50 elementor-top-column elementor-element elementor-element-d1849d3\" data-id=\"d1849d3\" data-element_type=\"column\">\n\t\t\t<div class=\"elementor-widget-wrap elementor-element-populated\">\n\t\t\t\t\t\t\t\t<div class=\"elementor-element elementor-element-b1beee6 elementor-widget elementor-widget-heading\" data-id=\"b1beee6\" data-element_type=\"widget\" data-widget_type=\"heading.default\">\n\t\t\t\t<div class=\"elementor-widget-container\">\n\t\t\t<h3 class=\"elementor-heading-title elementor-size-default\">Wspieramy dziedzictwo narodowe<\/h3>\t\t<\/div>\n\t\t\t\t<\/div>\n\t\t\t\t<div class=\"elementor-element elementor-element-73dec42 elementor-widget elementor-widget-text-editor\" data-id=\"73dec42\" data-element_type=\"widget\" data-widget_type=\"text-editor.default\">\n\t\t\t\t<div class=\"elementor-widget-container\">\n\t\t\t\t\t\t\t<p>Fundacja zajmuje si\u0119 finansowaniem oraz organizowaniem projekt\u00f3w na rzecz rozwoju polskiej kultury, sztuki, o\u015bwiaty oraz wychowania i ochrony dziedzictwa narodowego. Powsta\u0142a jako kontynuacja dzia\u0142a\u0144 spo\u0142ecznych i charytatywnych prowadzonych przez ostatnie pi\u0119\u0107 wiek\u00f3w przez r\u00f3d ksi\u0105\u017c\u0105t Lubomirskich.<\/p>\t\t\t\t\t\t<\/div>\n\t\t\t\t<\/div>\n\t\t\t\t<div class=\"elementor-element elementor-element-7ee91f7 elementor-widget elementor-widget-button\" data-id=\"7ee91f7\" data-element_type=\"widget\" data-widget_type=\"button.default\">\n\t\t\t\t<div class=\"elementor-widget-container\">\n\t\t\t\t\t<div class=\"elementor-button-wrapper\">\n\t\t\t<a href=\"#\" class=\"elementor-button-link elementor-button elementor-size-sm\" role=\"button\">\n\t\t\t\t\t\t<span class=\"elementor-button-content-wrapper\">\n\t\t\t\t\t\t<span class=\"elementor-button-text\">przejd\u017a do strony Fundacji<\/span>\n\t\t<\/span>\n\t\t\t\t\t<\/a>\n\t\t<\/div>\n\t\t\t\t<\/div>\n\t\t\t\t<\/div>\n\t\t\t\t\t<\/div>\n\t\t<\/div>\n\t\t\t\t<div class=\"elementor-column elementor-col-50 elementor-top-column elementor-element elementor-element-ea039bc\" data-id=\"ea039bc\" data-element_type=\"column\">\n\t\t\t<div class=\"elementor-widget-wrap elementor-element-populated\">\n\t\t\t\t\t\t\t\t<div class=\"elementor-element elementor-element-452c51a elementor-widget__width-auto elementor-widget elementor-widget-image\" data-id=\"452c51a\" data-element_type=\"widget\" data-widget_type=\"image.default\">\n\t\t\t\t<div class=\"elementor-widget-container\">\n\t\t\t\t\t\t\t\t\t\t\t\t\t\t\t<img decoding=\"async\" width=\"357\" height=\"229\" src=\"https:\/\/landeskrone.eu\/wp-content\/uploads\/2023\/04\/fundacja2.png\" class=\"attachment-full size-full wp-image-1007\" alt=\"\" loading=\"lazy\" srcset=\"https:\/\/landeskrone.eu\/wp-content\/uploads\/2023\/04\/fundacja2.png 357w, https:\/\/landeskrone.eu\/wp-content\/uploads\/2023\/04\/fundacja2-300x192.png 300w\" sizes=\"(max-width: 357px) 100vw, 357px\" \/>\t\t\t\t\t\t\t\t\t\t\t\t\t\t\t<\/div>\n\t\t\t\t<\/div>\n\t\t\t\t<div class=\"elementor-element elementor-element-b39266d elementor-widget elementor-widget-menu-anchor\" data-id=\"b39266d\" data-element_type=\"widget\" data-widget_type=\"menu-anchor.default\">\n\t\t\t\t<div class=\"elementor-widget-container\">\n\t\t\t\t\t<div id=\"genez\" class=\"elementor-menu-anchor\"><\/div>\n\t\t\t\t<\/div>\n\t\t\t\t<\/div>\n\t\t\t\t\t<\/div>\n\t\t<\/div>\n\t\t\t\t\t\t\t<\/div>\n\t\t<\/section>\n\t\t\t\t<section class=\"elementor-section elementor-top-section elementor-element elementor-element-04fb75b elementor-hidden-desktop elementor-section-boxed elementor-section-height-default elementor-section-height-default\" data-id=\"04fb75b\" data-element_type=\"section\" data-settings=\"{&quot;background_background&quot;:&quot;classic&quot;}\">\n\t\t\t\t\t\t<div class=\"elementor-container elementor-column-gap-no\">\n\t\t\t\t\t<div class=\"elementor-column elementor-col-100 elementor-top-column elementor-element elementor-element-a52a9cf\" data-id=\"a52a9cf\" data-element_type=\"column\" data-settings=\"{&quot;background_background&quot;:&quot;classic&quot;}\">\n\t\t\t<div class=\"elementor-widget-wrap elementor-element-populated\">\n\t\t\t\t\t\t\t\t<div class=\"elementor-element elementor-element-c307020 elementor-widget__width-auto elementor-widget elementor-widget-heading\" data-id=\"c307020\" data-element_type=\"widget\" data-widget_type=\"heading.default\">\n\t\t\t\t<div class=\"elementor-widget-container\">\n\t\t\t<h6 class=\"elementor-heading-title elementor-size-default\">Geneza Firmy<\/h6>\t\t<\/div>\n\t\t\t\t<\/div>\n\t\t\t\t<div class=\"elementor-element elementor-element-70be739 elementor-widget elementor-widget-heading\" data-id=\"70be739\" data-element_type=\"widget\" data-widget_type=\"heading.default\">\n\t\t\t\t<div class=\"elementor-widget-container\">\n\t\t\t<h2 class=\"elementor-heading-title elementor-size-default\">Z mi\u0142o\u015bci do stylu<\/h2>\t\t<\/div>\n\t\t\t\t<\/div>\n\t\t\t\t<div class=\"elementor-element elementor-element-fbd1890 elementor-widget elementor-widget-text-editor\" data-id=\"fbd1890\" data-element_type=\"widget\" data-widget_type=\"text-editor.default\">\n\t\t\t\t<div class=\"elementor-widget-container\">\n\t\t\t\t\t\t\t<p>Na ostateczny kszta\u0142t i form\u0119 ka\u017cdej inwestycji niepodwa\u017calny wp\u0142yw ma w\u0142a\u015bciciel powi\u0105zanych podmiot\u00f3w Landeskrone Jan Lubomirski-Lanckoro\u0144ski, pe\u0142ni\u0105cy jednocze\u015bnie funkcj\u0119 Prezesa Fundacji Ksi\u0105\u017c\u0105t Lubomirskich.\u00a0<\/p>\t\t\t\t\t\t<\/div>\n\t\t\t\t<\/div>\n\t\t\t\t<div class=\"elementor-element elementor-element-35ae5dc elementor-widget elementor-widget-text-editor\" data-id=\"35ae5dc\" data-element_type=\"widget\" data-widget_type=\"text-editor.default\">\n\t\t\t\t<div class=\"elementor-widget-container\">\n\t\t\t\t\t\t\t<p>Efektem prac zespo\u0142u Landeskrone jest przebudowa i rewitalizacja wielu zabytkowych obiekt\u00f3w na nowoczesne i stylowe nieruchomo\u015bci. Obiekty tworzone przez Landeskrone cechuj\u0105 si\u0119 zar\u00f3wno innowacyjn\u0105 form\u0105, jak r\u00f3wnie\u017c szacunkiem do historii, dzi\u0119ki czemu wn\u0119trza realizowanych budynk\u00f3w tworz\u0105 niepowtarzalny klimat, zyskuj\u0105c cz\u0119sto nowe oblicza, staj\u0105c si\u0119 w pe\u0142ni funkcjonalnymi centrami biurowymi b\u0105d\u017a obiektami mieszkalnymi.<\/p>\t\t\t\t\t\t<\/div>\n\t\t\t\t<\/div>\n\t\t\t\t\t<\/div>\n\t\t<\/div>\n\t\t\t\t\t\t\t<\/div>\n\t\t<\/section>\n\t\t\t\t<section class=\"elementor-section elementor-top-section elementor-element elementor-element-a1fe589 elementor-hidden-mobile elementor-hidden-tablet elementor-section-boxed elementor-section-height-default elementor-section-height-default\" data-id=\"a1fe589\" data-element_type=\"section\" data-settings=\"{&quot;background_background&quot;:&quot;classic&quot;}\">\n\t\t\t\t\t\t<div class=\"elementor-container elementor-column-gap-no\">\n\t\t\t\t\t<div class=\"elementor-column elementor-col-100 elementor-top-column elementor-element elementor-element-c94a137\" data-id=\"c94a137\" data-element_type=\"column\" data-settings=\"{&quot;background_background&quot;:&quot;classic&quot;}\">\n\t\t\t<div class=\"elementor-widget-wrap elementor-element-populated\">\n\t\t\t\t\t\t\t\t<div class=\"elementor-element elementor-element-89645fc elementor-widget__width-auto elementor-widget elementor-widget-heading\" data-id=\"89645fc\" data-element_type=\"widget\" data-widget_type=\"heading.default\">\n\t\t\t\t<div class=\"elementor-widget-container\">\n\t\t\t<h6 class=\"elementor-heading-title elementor-size-default\">Geneza Firmy<\/h6>\t\t<\/div>\n\t\t\t\t<\/div>\n\t\t\t\t<div class=\"elementor-element elementor-element-ff92a77 elementor-widget elementor-widget-heading\" data-id=\"ff92a77\" data-element_type=\"widget\" data-widget_type=\"heading.default\">\n\t\t\t\t<div class=\"elementor-widget-container\">\n\t\t\t<h2 class=\"elementor-heading-title elementor-size-default\">Z mi\u0142o\u015bci do stylu<\/h2>\t\t<\/div>\n\t\t\t\t<\/div>\n\t\t\t\t<div class=\"elementor-element elementor-element-65a2f2f elementor-widget elementor-widget-text-editor\" data-id=\"65a2f2f\" data-element_type=\"widget\" data-widget_type=\"text-editor.default\">\n\t\t\t\t<div class=\"elementor-widget-container\">\n\t\t\t\t\t\t\t<p>Na ostateczny kszta\u0142t i form\u0119 ka\u017cdej inwestycji niepodwa\u017calny wp\u0142yw ma w\u0142a\u015bciciel powi\u0105zanych podmiot\u00f3w Landeskrone Jan Lubomirski-Lanckoro\u0144ski, pe\u0142ni\u0105cy jednocze\u015bnie funkcj\u0119 Prezesa Fundacji Ksi\u0105\u017c\u0105t Lubomirskich.\u00a0<\/p>\t\t\t\t\t\t<\/div>\n\t\t\t\t<\/div>\n\t\t\t\t<div class=\"elementor-element elementor-element-a081374 elementor-widget elementor-widget-text-editor\" data-id=\"a081374\" data-element_type=\"widget\" data-widget_type=\"text-editor.default\">\n\t\t\t\t<div class=\"elementor-widget-container\">\n\t\t\t\t\t\t\t<p>Efektem prac zespo\u0142u Landeskrone jest przebudowa i rewitalizacja wielu zabytkowych obiekt\u00f3w na nowoczesne i stylowe nieruchomo\u015bci. Obiekty tworzone przez Landeskrone cechuj\u0105 si\u0119 zar\u00f3wno innowacyjn\u0105 form\u0105, jak r\u00f3wnie\u017c szacunkiem do historii, dzi\u0119ki czemu wn\u0119trza realizowanych budynk\u00f3w tworz\u0105 niepowtarzalny klimat, zyskuj\u0105c cz\u0119sto nowe oblicza, staj\u0105c si\u0119 w pe\u0142ni funkcjonalnymi centrami biurowymi b\u0105d\u017a obiektami mieszkalnymi.<\/p>\t\t\t\t\t\t<\/div>\n\t\t\t\t<\/div>\n\t\t\t\t\t<\/div>\n\t\t<\/div>\n\t\t\t\t\t\t\t<\/div>\n\t\t<\/section>\n\t\t\t\t<section class=\"elementor-section elementor-top-section elementor-element elementor-element-8484fbc elementor-hidden-desktop elementor-section-boxed elementor-section-height-default elementor-section-height-default\" data-id=\"8484fbc\" data-element_type=\"section\" data-settings=\"{&quot;background_background&quot;:&quot;classic&quot;}\">\n\t\t\t\t\t\t<div class=\"elementor-container elementor-column-gap-no\">\n\t\t\t\t\t<div class=\"elementor-column elementor-col-50 elementor-top-column elementor-element elementor-element-caf4f25\" data-id=\"caf4f25\" data-element_type=\"column\">\n\t\t\t<div class=\"elementor-widget-wrap elementor-element-populated\">\n\t\t\t\t\t\t\t\t<div class=\"elementor-element elementor-element-4c680a7 elementor-widget elementor-widget-image\" data-id=\"4c680a7\" data-element_type=\"widget\" data-widget_type=\"image.default\">\n\t\t\t\t<div class=\"elementor-widget-container\">\n\t\t\t\t\t\t\t\t\t\t\t\t\t\t\t<img decoding=\"async\" width=\"300\" height=\"396\" src=\"https:\/\/landeskrone.eu\/wp-content\/uploads\/2023\/09\/7.jpg\" class=\"attachment-large size-large wp-image-1595\" alt=\"\" loading=\"lazy\" srcset=\"https:\/\/landeskrone.eu\/wp-content\/uploads\/2023\/09\/7.jpg 300w, https:\/\/landeskrone.eu\/wp-content\/uploads\/2023\/09\/7-227x300.jpg 227w\" sizes=\"(max-width: 300px) 100vw, 300px\" \/>\t\t\t\t\t\t\t\t\t\t\t\t\t\t\t<\/div>\n\t\t\t\t<\/div>\n\t\t\t\t<div class=\"elementor-element elementor-element-c9c3258 elementor-widget elementor-widget-heading\" data-id=\"c9c3258\" data-element_type=\"widget\" data-widget_type=\"heading.default\">\n\t\t\t\t<div class=\"elementor-widget-container\">\n\t\t\t<h4 class=\"elementor-heading-title elementor-size-default\">Jan Lubomirski-Lanckoro\u0144ski<\/h4>\t\t<\/div>\n\t\t\t\t<\/div>\n\t\t\t\t<div class=\"elementor-element elementor-element-cf915c3 elementor-widget elementor-widget-text-editor\" data-id=\"cf915c3\" data-element_type=\"widget\" data-widget_type=\"text-editor.default\">\n\t\t\t\t<div class=\"elementor-widget-container\">\n\t\t\t\t\t\t\t<p>Prezes Zarz\u0105du<\/p>\t\t\t\t\t\t<\/div>\n\t\t\t\t<\/div>\n\t\t\t\t\t<\/div>\n\t\t<\/div>\n\t\t\t\t<div class=\"elementor-column elementor-col-50 elementor-top-column elementor-element elementor-element-da82af8\" data-id=\"da82af8\" data-element_type=\"column\">\n\t\t\t<div class=\"elementor-widget-wrap elementor-element-populated\">\n\t\t\t\t\t\t\t\t<div class=\"elementor-element elementor-element-4509bd2 elementor-widget elementor-widget-text-editor\" data-id=\"4509bd2\" data-element_type=\"widget\" data-widget_type=\"text-editor.default\">\n\t\t\t\t<div class=\"elementor-widget-container\">\n\t\t\t\t\t\t\t<p>Jan Lubomirski-Lanckoro\u0144ski\u00a0<\/p><p>Prezes Grupy Landeskrone i Fundacji Ksi\u0105\u017c\u0105t Lubomirskich.<\/p><p>Urodzony 22 marca 1978 roku w Krakowie. Uko\u0144czy\u0142 studia prawnicze na<\/p><p>Uniwersytecie Jagiello\u0144skim. Po aplikacji zosta\u0142 radc\u0105 prawnym.<\/p><p>Nauk\u0119 kontynuowa\u0142 za granic\u0105, w London School of Economics oraz University of Navarra w Barcelonie we wsp\u00f3\u0142pracy z Uniwersytetem Harvarda, gdzie uko\u0144czy\u0142 Advanced Management Program (AMP).<\/p><p>Kszta\u0142ci\u0142 si\u0119 r\u00f3wnie\u017c w zawodzie doradcy i maklera gie\u0142dowego oraz zarz\u0105dcy nieruchomo\u015bci. P\u0142ynnie zna j\u0119zyki niemiecki, angielski, w\u0142oski, francuski i rosyjski.<\/p><p>Pierwsze, wieloaspektowe do\u015bwiadczenia w pracy zdobywa\u0142 zarz\u0105dzaj\u0105c kompleksem nieruchomo\u015bci miejskich w Krakowie, nast\u0119pnie przy projektowaniu osiedli mieszkaniowych w Poznaniu.<\/p><p>Nast\u0119pnie pracowa\u0142 w kancelariach Dewey &amp; Ballantine, w City w Londynie oraz kancelariach Wierci\u0144ski, Kwieci\u0144ski, Baehr, i Wardy\u0144ski i Wsp\u00f3lnicy.<\/p>\t\t\t\t\t\t<\/div>\n\t\t\t\t<\/div>\n\t\t\t\t\t<\/div>\n\t\t<\/div>\n\t\t\t\t\t\t\t<\/div>\n\t\t<\/section>\n\t\t\t\t<section class=\"elementor-section elementor-top-section elementor-element elementor-element-6376af1 elementor-hidden-tablet elementor-hidden-mobile elementor-section-boxed elementor-section-height-default elementor-section-height-default\" data-id=\"6376af1\" data-element_type=\"section\" data-settings=\"{&quot;background_background&quot;:&quot;classic&quot;}\">\n\t\t\t\t\t\t<div class=\"elementor-container elementor-column-gap-no\">\n\t\t\t\t\t<div class=\"elementor-column elementor-col-100 elementor-top-column elementor-element elementor-element-d30d54c\" data-id=\"d30d54c\" data-element_type=\"column\">\n\t\t\t<div class=\"elementor-widget-wrap elementor-element-populated\">\n\t\t\t\t\t\t\t\t<section class=\"elementor-section elementor-inner-section elementor-element elementor-element-c1ea40e elementor-section-content-bottom elementor-section-boxed elementor-section-height-default elementor-section-height-default\" data-id=\"c1ea40e\" data-element_type=\"section\">\n\t\t\t\t\t\t<div class=\"elementor-container elementor-column-gap-no\">\n\t\t\t\t\t<div class=\"elementor-column elementor-col-50 elementor-inner-column elementor-element elementor-element-74e06ec\" data-id=\"74e06ec\" data-element_type=\"column\">\n\t\t\t<div class=\"elementor-widget-wrap elementor-element-populated\">\n\t\t\t\t\t\t\t\t<div class=\"elementor-element elementor-element-ab04043 elementor-widget elementor-widget-image\" data-id=\"ab04043\" data-element_type=\"widget\" data-widget_type=\"image.default\">\n\t\t\t\t<div class=\"elementor-widget-container\">\n\t\t\t\t\t\t\t\t\t\t\t\t\t\t\t<img decoding=\"async\" width=\"300\" height=\"396\" src=\"https:\/\/landeskrone.eu\/wp-content\/uploads\/2023\/04\/7.jpg\" class=\"attachment-full size-full wp-image-918\" alt=\"\" loading=\"lazy\" srcset=\"https:\/\/landeskrone.eu\/wp-content\/uploads\/2023\/04\/7.jpg 300w, https:\/\/landeskrone.eu\/wp-content\/uploads\/2023\/04\/7-227x300.jpg 227w\" sizes=\"(max-width: 300px) 100vw, 300px\" \/>\t\t\t\t\t\t\t\t\t\t\t\t\t\t\t<\/div>\n\t\t\t\t<\/div>\n\t\t\t\t<div class=\"elementor-element elementor-element-86770cb elementor-widget elementor-widget-heading\" data-id=\"86770cb\" data-element_type=\"widget\" data-widget_type=\"heading.default\">\n\t\t\t\t<div class=\"elementor-widget-container\">\n\t\t\t<h4 class=\"elementor-heading-title elementor-size-default\">Jan Lubomirski-Lanckoro\u0144ski<\/h4>\t\t<\/div>\n\t\t\t\t<\/div>\n\t\t\t\t<div class=\"elementor-element elementor-element-80b0035 elementor-widget elementor-widget-text-editor\" data-id=\"80b0035\" data-element_type=\"widget\" data-widget_type=\"text-editor.default\">\n\t\t\t\t<div class=\"elementor-widget-container\">\n\t\t\t\t\t\t\t<p>Prezes Zarz\u0105du<\/p>\t\t\t\t\t\t<\/div>\n\t\t\t\t<\/div>\n\t\t\t\t\t<\/div>\n\t\t<\/div>\n\t\t\t\t<div class=\"elementor-column elementor-col-50 elementor-inner-column elementor-element elementor-element-6c1932d\" data-id=\"6c1932d\" data-element_type=\"column\">\n\t\t\t<div class=\"elementor-widget-wrap elementor-element-populated\">\n\t\t\t\t\t\t\t\t<div class=\"elementor-element elementor-element-8bcc32c elementor-widget elementor-widget-text-editor\" data-id=\"8bcc32c\" data-element_type=\"widget\" data-widget_type=\"text-editor.default\">\n\t\t\t\t<div class=\"elementor-widget-container\">\n\t\t\t\t\t\t\t<p>Jan Lubomirski-Lanckoro\u0144ski\u00a0<\/p><p>Prezes Grupy Landeskrone i Fundacji Ksi\u0105\u017c\u0105t Lubomirskich.<\/p><p>Urodzony 22 marca 1978 roku w Krakowie. Uko\u0144czy\u0142 studia prawnicze na<\/p><p>Uniwersytecie Jagiello\u0144skim. Po aplikacji zosta\u0142 radc\u0105 prawnym.<\/p><p>Nauk\u0119 kontynuowa\u0142 za granic\u0105, w London School of Economics oraz University of Navarra w Barcelonie we wsp\u00f3\u0142pracy z Uniwersytetem Harvarda, gdzie uko\u0144czy\u0142 Advanced Management Program (AMP).<\/p><p>Kszta\u0142ci\u0142 si\u0119 r\u00f3wnie\u017c w zawodzie doradcy i maklera gie\u0142dowego oraz zarz\u0105dcy nieruchomo\u015bci. P\u0142ynnie zna j\u0119zyki niemiecki, angielski, w\u0142oski, francuski i rosyjski.<\/p><p>Pierwsze, wieloaspektowe do\u015bwiadczenia w pracy zdobywa\u0142 zarz\u0105dzaj\u0105c kompleksem nieruchomo\u015bci miejskich w Krakowie, nast\u0119pnie przy projektowaniu osiedli mieszkaniowych w Poznaniu.<\/p><p>Nast\u0119pnie pracowa\u0142 w kancelariach Dewey &amp; Ballantine, w City w Londynie oraz kancelariach Wierci\u0144ski, Kwieci\u0144ski, Baehr, i Wardy\u0144ski i Wsp\u00f3lnicy.<\/p>\t\t\t\t\t\t<\/div>\n\t\t\t\t<\/div>\n\t\t\t\t\t<\/div>\n\t\t<\/div>\n\t\t\t\t\t\t\t<\/div>\n\t\t<\/section>\n\t\t\t\t\t<\/div>\n\t\t<\/div>\n\t\t\t\t\t\t\t<\/div>\n\t\t<\/section>\n\t\t<div class=\"elementor-element elementor-element-39256ab e-con-boxed e-con\" data-id=\"39256ab\" data-element_type=\"container\" data-settings=\"{&quot;background_background&quot;:&quot;classic&quot;,&quot;content_width&quot;:&quot;boxed&quot;}\">\n\t\t\t\t\t<div class=\"e-con-inner\">\n\t\t\t\t<div class=\"elementor-element elementor-element-14fcb9d elementor-widget elementor-widget-menu-anchor\" data-id=\"14fcb9d\" data-element_type=\"widget\" data-widget_type=\"menu-anchor.default\">\n\t\t\t\t<div class=\"elementor-widget-container\">\n\t\t\t\t\t<div id=\"kontakt\" class=\"elementor-menu-anchor\"><\/div>\n\t\t\t\t<\/div>\n\t\t\t\t<\/div>\n\t\t\t\t\t<\/div>\n\t\t\t\t<\/div>\n\t\t\t\t\t\t\t<\/div>\n\t\t","protected":false},"excerpt":{"rendered":"<p>WIARYGODNY PARTNER W INWESTYCJACH 0 lat do\u015bwiadczenia Ekskluzywne nieruchomo\u015bci oferta premium powierzchni mieszkalnych oraz biurowych,\u00a0na wynajem oraz sprzeda\u017c WIARYGODNY PARTNER W INWESTYCJACH 0 lat do\u015bwiadczenia Ekskluzywne nieruchomo\u015bci oferta premium powierzchni mieszkalnych oraz biurowych,\u00a0na wynajem oraz sprzeda\u017c Grupa LANDESKRONE Landeskrone stanowi grup\u0119 sp\u00f3\u0142ek odnosz\u0105cych sukcesy w bran\u017cy nieruchomo\u015bci, posiadaj\u0105cych bogate, wieloletnie do\u015bwiadczenie na rynku developerskim, czego &hellip;<\/p>\n<p class=\"read-more\"> <a class=\"\" href=\"https:\/\/landeskrone.eu\/\"> <span class=\"screen-reader-text\">Home<\/span> Read More \u00bb<\/a><\/p>\n","protected":false},"author":1,"featured_media":0,"parent":0,"menu_order":0,"comment_status":"closed","ping_status":"closed","template":"","meta":{"site-sidebar-layout":"no-sidebar","site-content-layout":"page-builder","ast-global-header-display":"","ast-main-header-display":"","ast-hfb-above-header-display":"","ast-hfb-below-header-display":"","ast-hfb-mobile-header-display":"","site-post-title":"disabled","ast-breadcrumbs-content":"","ast-featured-img":"disabled","footer-sml-layout":"","theme-transparent-header-meta":"enabled","adv-header-id-meta":"","stick-header-meta":"","header-above-stick-meta":"","header-main-stick-meta":"","header-below-stick-meta":""},"_links":{"self":[{"href":"https:\/\/landeskrone.eu\/index.php?rest_route=\/wp\/v2\/pages\/616"}],"collection":[{"href":"https:\/\/landeskrone.eu\/index.php?rest_route=\/wp\/v2\/pages"}],"about":[{"href":"https:\/\/landeskrone.eu\/index.php?rest_route=\/wp\/v2\/types\/page"}],"author":[{"embeddable":true,"href":"https:\/\/landeskrone.eu\/index.php?rest_route=\/wp\/v2\/users\/1"}],"replies":[{"embeddable":true,"href":"https:\/\/landeskrone.eu\/index.php?rest_route=%2Fwp%2Fv2%2Fcomments&post=616"}],"version-history":[{"count":412,"href":"https:\/\/landeskrone.eu\/index.php?rest_route=\/wp\/v2\/pages\/616\/revisions"}],"predecessor-version":[{"id":1667,"href":"https:\/\/landeskrone.eu\/index.php?rest_route=\/wp\/v2\/pages\/616\/revisions\/1667"}],"wp:attachment":[{"href":"https:\/\/landeskrone.eu\/index.php?rest_route=%2Fwp%2Fv2%2Fmedia&parent=616"}],"curies":[{"name":"wp","href":"https:\/\/api.w.org\/{rel}","templated":true}]}}